{"id":1644,"date":"2009-11-16T23:46:01","date_gmt":"2009-11-17T04:46:01","guid":{"rendered":"http:\/\/www.artzoom.org\/members\/wordpress\/?page_id=33"},"modified":"2025-06-12T23:50:04","modified_gmt":"2025-06-12T22:50:04","slug":"expositions","status":"publish","type":"page","link":"https:\/\/artzoomconnection.com\/chantaleguy\/expositions\/","title":{"rendered":"EXPOSITIONS"},"content":{"rendered":"<div class=\"fusion-fullwidth fullwidth-box fusion-builder-row-1 nonhundred-percent-fullwidth non-hundred-percent-height-scrolling\"  style='background-color: rgba(255,255,255,0);background-position: center center;background-repeat: no-repeat;padding-top:0px;padding-right:0px;padding-bottom:0px;padding-left:0px;'><div class=\"fusion-builder-row fusion-row \"><div  class=\"fusion-layout-column fusion_builder_column fusion_builder_column_1_3 fusion-builder-column-1 fusion-one-third fusion-column-first 1_3\"  style='margin-top:0px;margin-bottom:0px;width:30.6666%; margin-right: 4%;'>\n\t\t\t\t\t<div class=\"fusion-column-wrapper\" style=\"padding: 0px 0px 0px 0px;background-position:left top;background-repeat:no-repeat;-webkit-background-size:cover;-moz-background-size:cover;-o-background-size:cover;background-size:cover;\"   data-bg-url=\"\">\n\t\t\t\t\t\t<style type=\"text\/css\"><\/style><div class=\"fusion-title title fusion-title-1 fusion-title-text fusion-title-size-one\" style=\"margin-top:0px;margin-bottom:31px;\"><h1 class=\"title-heading-left\" style=\"margin:0;\"><h3>EN PERMANENCE<\/h3><\/h1><div class=\"title-sep-container\"><div class=\"title-sep sep-double sep-solid\" style=\"border-color:#e0dede;\"><\/div><\/div><\/div><div class=\"fusion-text\"><p><em>liste non exhaustive<\/em><\/p>\n<p><strong>Ch\u00e2teau Roberval<\/strong><br \/>\n225, boul. Marcotte<br \/>\nRoberval (Qu\u00e9bec)<br \/>\nG8H 2P1 Canada<\/p>\n<p><strong>Mus\u00e9e du Cheddar<\/strong><br \/>\n148, avenue Albert-Perron<br \/>\nSaint-Prime (Qu\u00e9bec)<br \/>\nG8J 1L4 Canada<\/p>\n<p><strong>Pourvoirie des Laurentides<\/strong><br \/>\nC.P. 50, La Dor\u00e9<br \/>\nLac-St-Jean (Qu\u00e9bec)<br \/>\nG8J 1Y4 Canada<\/p>\n<p><strong>Atelier de Chantale Guy<\/strong><br \/>\n809, rue Principale<br \/>\nSaint-Prime (Qu\u00e9bec)<br \/>\nG8J 1V1 Canada<\/p>\n<p><strong>Gite-Restaurant Le Banville<\/strong> (depuis avril 2023)<br \/>\n1086 Bd du Sacr\u00e9 Coeur<br \/>\nSaint-F\u00e9licien (Qu\u00e9bec)<br \/>\nG8K 2X5 Canada<\/p>\n<p><strong>Mus\u00e9e d\u2019art contemporain VR 3D<\/strong><br \/>\nPlace Darche<br \/>\n54400 Longwy (France)<br \/>\n<a href=\"http:\/\/www.macvr3d.com\" target=\"_blank\" rel=\"noopener noreferrer\">www.macvr3d.com<\/a><\/p>\n<p><strong>Art Total Multim\u00e9dia<\/strong><br \/>\nC.P. 75161 Succursale Cap-Rouge<br \/>\nQu\u00e9bec (Qu\u00e9bec)<br \/>\nG1Y 3C7 Canada<br \/>\n<a title=\"info@arttotalmultimedia.com\" href=\"mailto:info@arttotalmultimedia.com\" target=\"_blank\" rel=\"noopener noreferrer\">info@arttotalmultimedia.co<\/a><\/p>\n<p><span style=\"border-radius: 2px; text-indent: 20px; width: auto; padding: 0px 4px 0px 0px; text-align: center; font: bold 11px\/20px 'Helvetica Neue',Helvetica,sans-serif; color: #ffffff; background: #bd081c no-repeat scroll 3px 50% \/ 14px 14px; position: absolute; opacity: 1; z-index: 8675309; display: none; cursor: pointer;\">Enregistrer<\/span><\/p>\n<p><span style=\"border-radius: 2px; text-indent: 20px; width: auto; padding: 0px 4px 0px 0px; text-align: center; font: bold 11px\/20px 'Helvetica Neue',Helvetica,sans-serif; color: #ffffff; background: #bd081c no-repeat scroll 3px 50% \/ 14px 14px; position: absolute; opacity: 1; z-index: 8675309; display: none; cursor: pointer;\">Enregistrer<\/span><\/p>\n<p><span style=\"border-radius: 2px; text-indent: 20px; width: auto; padding: 0px 4px 0px 0px; text-align: center; font: bold 11px\/20px 'Helvetica Neue',Helvetica,sans-serif; color: #ffffff; background: #bd081c no-repeat scroll 3px 50% \/ 14px 14px; position: absolute; opacity: 1; z-index: 8675309; display: none; cursor: pointer;\">Enregistrer<\/span><\/p>\n<\/div><div class=\"fusion-clearfix\"><\/div>\n\n\t\t\t\t\t<\/div>\n\t\t\t\t<\/div><div  class=\"fusion-layout-column fusion_builder_column fusion_builder_column_2_3 fusion-builder-column-2 fusion-two-third fusion-column-last 2_3\"  style='margin-top:0px;margin-bottom:0px;width:65.3333%'>\n\t\t\t\t\t<div class=\"fusion-column-wrapper\" style=\"padding: 0px 0px 0px 0px;background-position:left top;background-repeat:no-repeat;-webkit-background-size:cover;-moz-background-size:cover;-o-background-size:cover;background-size:cover;\"   data-bg-url=\"\">\n\t\t\t\t\t\t<style type=\"text\/css\"><\/style><div class=\"fusion-title title fusion-title-2 fusion-title-text fusion-title-size-one\" style=\"margin-top:0px;margin-bottom:31px;\"><h1 class=\"title-heading-left\" style=\"margin:0;\"><h3>EXPOSITIONS EN COURS ET \u00c0 VENIR<\/h3><\/h1><div class=\"title-sep-container\"><div class=\"title-sep sep-double sep-solid\" style=\"border-color:#e0dede;\"><\/div><\/div><\/div><div class=\"fusion-text\"><h3><strong>2025<\/strong><\/h3>\n<p><strong>En mai et juin 2025:<\/strong> Peintre des nouveaux murs int\u00e9rieurs du Plan\u00e9tarium de St-F\u00e9licien (fresques murales), Saint-F\u00e9licien (Qu\u00e9bec)<\/p>\n<p><strong>Du 4 au 30 juillet 2025:<\/strong> Avec Chantale Guy et R\u00e9jane Tremblay, exposition collective du RAAR, Restaurant Emporte-Moi, 815 boul. Saint-Joseph, Roberval (Qu\u00e9bec-Canada) &#8211; <strong>vernissage: le vendredi 4 juillet 2025 \u00e0 17h30<\/strong><\/p>\n<p><strong>Les 19 et 20 juillet 2025:<\/strong> Symposium de Roberval (dans le cadre de la Travers\u00e9e du Lac Saint-Jean), Roberval (Qu\u00e9bec)<\/p>\n<h3><strong>2026<\/strong><\/h3>\n<p><strong>Du 1er mai au 31 octobre 2026:<\/strong> Salon D\u00e9couverte 2026 &#8211; Mus\u00e9e d&rsquo;art contemporain VR 3D (MACVR3D) &#8211; Place Darche 54400 Longwy <strong><span style=\"color: #ff9900;\">(France)<\/span><\/strong> &#8211; <strong>Commissaire: HeleneCaroline Fournier<\/strong><\/p>\n<hr \/>\n<h3><strong>EXPOSITIONS PASS\u00c9ES<\/strong><\/h3>\n<h5>Liste non exhaustive<\/h5>\n<h3><strong>PERSONNELLES<\/strong><\/h3>\n<p><strong>2024\/2025: <\/strong>Manoir Roberval, 19 boul. de l\u2019Anse, Roberval (Qu\u00e9bec-Canada)<br \/>\n<strong>2024\/2025: <\/strong>Emporte-moi, 815 boul. Saint-Joseph, Roberval (Qu\u00e9bec-Canada)<br \/>\n<strong>2024:<\/strong> Atelier de l\u2019artiste ouvert au public, Saint-Prime (Qu\u00e9bec-Canada)<strong><br \/>\n2024: <\/strong>Journ\u00e9e avec la population de St-Prime pour peindre sur 2 panneaux de 4 x 8 pieds (Qu\u00e9bec-Canada)<strong><br \/>\n<\/strong><strong>2023: <\/strong>Depuis avril (en permanence) &#8211; Expo solo &#8211; Gite-Restaurant Le Banville, 1086 Bd du Sacr\u00e9 Coeur, Saint-F\u00e9licien (Qu\u00e9bec-Canada)<br \/>\n<strong>2022: <\/strong>La nature et moi\u00a0&#8211; exposition personnelle de Chantale Guy (avec la Soci\u00e9t\u00e9 artistique de Charlesbourg \u00a0(SAC)) &#8211; Galerie d\u2019art Magella-Paradis, \u00a0Charlesbourg (Qu\u00e9bec-Canada)<br \/>\n<strong>2021: <\/strong>Pr\u00e9sences intimes &#8211; exposition personnelle de Chantale Guy &#8211; Maison O\u2019Neill, 3160 boul. Hamel, Qu\u00e9bec (Qu\u00e9bec-Canada)<br \/>\n<strong>2020: <\/strong>Chaguy. Distorsion&rsquo;ART 2020 &#8211; exposition personnelle &#8211; Mus\u00e9e d&rsquo;art contemporain VR 3D (MACVR3D) &#8211; Place Darche 54400 Longwy <strong><span style=\"color: #ff9900;\">(France)<br \/>\n<\/span>2020:<\/strong>Plan\u00e9tarium de Saint-F\u00e9licien (r\u00e9alisation de l\u2019entr\u00e9e principale une superficie de plus de 800 pieds 2) Qu\u00e9bec-Canada<strong><br \/>\n2019:<\/strong>Fresque de 8 x 10 pieds \u00e0 la Clinique des Myrtilles, Saint-Prime (Qu\u00e9bec-Canada)<strong><br \/>\n2018:<\/strong> Distorsion&rsquo;Art &#8211; exposition personnelle &#8211; exposition traditionnelle et multim\u00e9dia &#8211; Biblioth\u00e8que Georges-Henri-L\u00e9vesque, 829 boul. Saint-Joseph, Roberval (Qu\u00e9bec-Canada)<br \/>\n<strong>2018:<\/strong> Ch\u00e2teau Roberval, 225 boul. Marcotte, Roberval (Qu\u00e9bec-Canada)<br \/>\n<strong>2016:<\/strong> Auberge Ile du Repos, 105 route Ile du Repos, P\u00e9ribonka (Qu\u00e9bec-Canada)<br \/>\n<strong>2015:<\/strong> Ouverture de l&rsquo;Atelier\/Galerie d&rsquo;art ChaGuy, 809 rue Principale, Saint-Prime. Sur rendez-vous (Qu\u00e9bec-Canada)<br \/>\n<strong>2015: <\/strong>Hotel Ch\u00e2teau, Roberval<strong><br \/>\n2014: <\/strong>Hotel Ch\u00e2teau, Roberval<strong><br \/>\n2012:<\/strong> Biblioth\u00e8que Georges-Henri L\u00e9vesque, 829 boul. Saint-Joseph, Roberval (Qu\u00e9bec-Canada)<br \/>\n<strong>2011:<\/strong> Ch\u00e2teau Roberval, 1225 boul. Marcotte, Roberval (Qu\u00e9bec-Canada)<br \/>\n<strong>2011:<\/strong> Biblioth\u00e8que Georges-Henri L\u00e9vesque, 829 boul. Saint-Joseph, Roberval (Qu\u00e9bec-Canada)<br \/>\n<strong>2010:<\/strong> Ch\u00e2teau Roberval, 1225 boul. Marcotte, Roberval (Qu\u00e9bec-Canada)<br \/>\n<strong>de 1995 \u00e0 2009:<\/strong> Ch\u00e2teau Roberval, 1225 boul. Marcotte, Roberval (Qu\u00e9bec-Canada)<br \/>\n<strong>de 1995 \u00e0 2009: <\/strong>Biblioth\u00e8que Georges-Henri L\u00e9vesque, 829 boul. Saint-Joseph, Roberval (Qu\u00e9bec-Canada)<\/p>\n<h3><strong>DUOS ET TRIOS<\/strong><\/h3>\n<p><strong>2019:<\/strong> Exposition en trio (BEL, Guylaine Malo et Chaguy) \u00ab Du Qu\u00e9bec \u00e0 Longwy \u00bb, Puits de Si\u00e8ge, Place Darche, 54400 Longwy <span style=\"color: #ff9900;\"><strong>(France)<\/strong><\/span><\/p>\n<h3><strong>COLLECTIVES<\/strong><\/h3>\n<p><strong>2024:<\/strong> Exposition collective &#8211; Vieux Couvent de St-Prime, Saint-Prime (Qu\u00e9bec-Canada)<br \/>\n<strong>2024:<\/strong> Internation\u2019ART (14\u00e8me \u00e9dition) -Mus\u00e9e d&rsquo;art contemporain VR 3D (MACVR3D) &#8211; Place Darche 54400 Longwy <strong><span style=\"color: #ff9900;\">(France)<\/span><\/strong><br \/>\n<strong>2024:<\/strong> Les journ\u00e9es de la culture, Roberval (Qu\u00e9bec-Canada) &#8211; 2 panneaux de 6 x 8 pi repr\u00e9sentant des joueurs de baseball. Conception et r\u00e9alisation du projet.<br \/>\n<strong>2024:<\/strong> R\u00e9alisation de 5 but\u00e9s de 2 pi x 2 pi x 4 pi. Aux chutes \u00e0 Michel, St-F\u00e9licien (Qu\u00e9bec-Canada) &#8211; r\u00e9alisation personnelle<br \/>\n<strong>2024:<\/strong> R\u00e9alisation de 6 panneaux de 4 x 8 pieds pour la Municipalit\u00e9 de St-Prime (Qu\u00e9bec-Canada) &#8211; r\u00e9alisation collective<br \/>\n<strong>2024: <\/strong>Galerie d\u2019art Lion, Roberval (Qu\u00e9bec-Canada)<br \/>\n<strong>2024: <\/strong>Symposium L\u2019arc en ciel du Lac, Roberval (Qu\u00e9bec-Canada)<br \/>\n<strong>2024:<\/strong> Symposium Rivage aux mille couleurs, Jonqui\u00e8re (Qu\u00e9bec-Canada)<br \/>\n<strong>2024:<\/strong> Peinture d\u2019un Piano de rue, Roberval (Qu\u00e9bec-Canada)<br \/>\n<strong>2024:<\/strong> Membre du jury pour des jeunes artistes, innovation en art, au Vieux Couvent de St-Prime (Qu\u00e9bec-Canada)<br \/>\n<strong>2023:<\/strong> exposition de 10 artistes-peintres au Vieux Couvent de St-Prime (Qu\u00e9bec-Canada)<br \/>\n<strong>2023:<\/strong> d\u00e9monstration de la technique du pouring a des adultes et des enfants lors du festival de La lune des Moissons, St-Prime (Qu\u00e9bec-Canada)<br \/>\n<strong>2023: <\/strong>responsable de la salle d&rsquo;exposition au Vieux Couvent dans le cadre du festival La lune des Moissons\u200b, St-Prime (Qu\u00e9bec-Canada)<br \/>\n<strong>2023:<\/strong> Salon D\u00e9couverte Printemps\/\u00c9t\u00e9 2023 &#8211; Mus\u00e9e d\u2019art contemporain VR 3D (MACVR3D), Place Darche, 54400 Longwy <span style=\"color: #ff6600;\">\u00a0<strong>(France)<\/strong><\/span><br \/>\n<strong>2023:<\/strong> Parc de la Chute-\u00e0-Michel, Ville de St-F\u00e9licien (Qu\u00e9bec-Canada)<br \/>\n<strong>2023:<\/strong> Galerie d\u2019art Lion, La Travers\u00e9e du Lac St-Jean, Roberval (Qu\u00e9bec-Canada)<br \/>\n<strong>2023:<\/strong> Symposium l\u2019arc en ciel du Lac, Roberval (Qu\u00e9bec-Canada)<br \/>\n<strong>2023:<\/strong> Aux Chutes \u00e0 Michel St-F\u00e9licien, 3 but\u00e9s de ciment a peindre repr\u00e9sentant les 4 saisons, La drave et la p\u00eache &#8211; r\u00e9alisation personnelle<br \/>\n<strong>2023:<\/strong> Cours priv\u00e9s pendant 8 semaines, Atelier de l\u2019artiste, Saint-Prime (Qu\u00e9bec-Canada) &#8211; r\u00e9alisation personnelle<br \/>\n<strong>2022: <\/strong>Internation\u2019ART 2022 \u2013 exposition internationale annuelle \u2013 Mus\u00e9e d\u2019art contemporain VR 3D (MACVR3D), Place Darche, 54400 Longwy<strong>\u00a0<span style=\"color: #ff9900;\">(France)<\/span><br \/>\n2022: <\/strong>Jardin de Joie \/ Garden of Joy, Mus\u00e9e d\u2019art contemporain VR 3D (MACVR3D), Place Darche, 54400 Longwy <span style=\"color: #ff9900;\"><strong>(France)<br \/>\n<\/strong><\/span><strong>2022:<\/strong> Le pouvoir des couleurs \u2013 exposition collective \u2013 Maison O\u2019Neill, 3160 boul. W-Hamel, Qu\u00e9bec (Qu\u00e9bec-Canada)<br \/>\n<strong>2021:\u00a0<\/strong>Internation\u2019art 2021 \u2013 exposition internationale \u2013 Mus\u00e9e d&rsquo;art contemporain VR 3D (MACVR3D), Place Darche, 54400 Longwy <strong><span style=\"color: #ff9900;\">(France)<\/span> \u2013 <\/strong>Commissaire: HeleneCaroline Fournier<br \/>\n<b>2020\/2021: <\/b>Colores &#8211; exposition collective d\u2019artistes s\u00e9lectionn\u00e9s au Mus\u00e9e d\u2019art contemporain VR 3D, 54400 Longwy<strong> <span style=\"color: #ff9900;\">(France)<\/span><br \/>\n2020\/2021: <\/strong>Amor &#8211; exposition collective d\u2019artistes s\u00e9lectionn\u00e9s au Mus\u00e9e d\u2019art contemporain VR 3D, 54400 Longwy <span style=\"color: #ff9900;\"><strong>(France)<\/strong><\/span><br \/>\n<strong>2020:<\/strong> Internation\u2019art 2020 \u2013 exposition internationale \u2013 Mus\u00e9e d&rsquo;art contemporain VR 3D (MACVR3D), Place Darche, 54400 Longwy <span style=\"color: #ff9900;\"><strong>(France)<\/strong><\/span> \u2013 Commissaire: HeleneCaroline Fournier<strong><br \/>\n2019\/2020:<\/strong> \u201cVibration\u201d exposition collective d\u2019artistes s\u00e9lectionn\u00e9s au Mus\u00e9e d\u2019art contemporain VR 3D, 54400 Longwy <span style=\"color: #ff9900;\"><strong>(France)<\/strong><\/span><br \/>\n<strong>2019\/2020:<\/strong> \u201cInstinct\u201d exposition collective d\u2019artistes s\u00e9lectionn\u00e9s au Mus\u00e9e d\u2019art contemporain VR 3D, 54400 Longwy<span style=\"color: #ff9900;\"><strong> (France)<\/strong><\/span><br \/>\n<strong>2019:<\/strong> avec 3 autres peintres, cr\u00e9ation de 9 panneaux (dont 3 ont \u00e9t\u00e9 faits par Chaguy), Jardin des Ursulines, Roberval (Qu\u00e9bec-Canada) &#8211; <span style=\"color: #ff9900;\"><strong> responsable du projet <\/strong><\/span><br \/>\n<strong>2019:<\/strong> Miniatures &#8211; L\u2019Espace contemporain galerie d\u2019art, 313 rue Saint-Jean, Qu\u00e9bec (Qu\u00e9bec-Canada)<br \/>\n<strong>2019: <\/strong>\u201cAu-del\u00e0 des mots \/ Beyond words\u201d exposition collective d\u2019artistes s\u00e9lectionn\u00e9s au Mus\u00e9e d\u2019art contemporain VR 3D, 54400 Longwy<span style=\"color: #ff9900;\"><strong> (France)<\/strong><\/span><br \/>\n<strong>2019:<\/strong> Personnages &#8211; Galerie d\u2019art Alfred-Pellan, 581, 3e Avenue, Qu\u00e9bec (Qu\u00e9bec-Canada)<br \/>\n<strong>2019:<\/strong> Abstraction &#8211; Galerie d\u2019art Alfred-Pellan, 581, 3e Avenue, Qu\u00e9bec (Qu\u00e9bec-Canada)<br \/>\n<strong>2019:<\/strong> Dualit\u00e9 &#8211; Galerie 5, 2365 rue St-Dominique, Jonqui\u00e8re (Qu\u00e9bec-Canada)<br \/>\n<strong>2019:<\/strong> \u201cAmes d&rsquo;artistes \/ Artists&rsquo; souls\u201d exposition internationale au Mus\u00e9e d\u2019art contemporain VR 3D, 54400 Longwy <span style=\"color: #ff9900;\"><strong>(France)<\/strong><\/span><br \/>\n<strong>2019:<\/strong> Symposium de Roberval (Qu\u00e9bec-Canada)<br \/>\n<strong>2019:<\/strong> Symposium de Val-Jalbert (Qu\u00e9bec-Canada)<br \/>\n<strong>2019:<\/strong> 27e \u00e9dition du symposium Arts et Reflets, Ch\u00e2teau-Richer (Qu\u00e9bec-Canada)<br \/>\n<strong>2019:<\/strong> Salon de peinture sculpture, H\u00f4tel de Ville, \u00c9tain (France) avec le Groupement artistique de la Wo\u00ebvre &#8211; H\u00f4tel de ville, Place Rouillon, 55400 \u00c9tain <span style=\"color: #ff9900;\"><strong>(France)<\/strong><\/span><br \/>\n<strong>2019:<\/strong> Salon International de Peinture et de Sculpture \u00e0 Audun-le-Tiche (France), Complexe Jean Moulin, Avenue Salvador Allende, 57390 Audun-le-Tiche <span style=\"color: #ff9900;\"><strong>(France)<\/strong><\/span><br \/>\n<strong>2019:<\/strong> Internation\u2019art 9e \u00e9dition \u2013 exposition internationale \u2013 Biblioth\u00e8que Georges-Henri-L\u00e9vesque, 829 boul. St-Joseph, Roberval (Qu\u00e9bec-Canada)<br \/>\n<strong>2018\/2019:<\/strong> \u00ab\u00a0ArtZoom\u00a0\u00bb exposition collective d&rsquo;artistes s\u00e9lectionn\u00e9s au Mus\u00e9e d&rsquo;art contemporain VR 3D, 54400 Longwy <span style=\"color: #ff9900;\"><strong>(France)<\/strong><\/span><br \/>\n<strong>2018:<\/strong> Pr\u00e9sences, L\u2019Espace contemporain, 313 rue St-Jean, Qu\u00e9bec (Qu\u00e9bec-Canada)<br \/>\n<strong>2018:<\/strong> Symposium Multi&rsquo;Art, Roberval (Qu\u00e9bec-Canada) &#8211; <span style=\"color: #ff9900;\"><strong>pr\u00e9sidente d&rsquo;honneur<\/strong><\/span><br \/>\n<strong>2018:<\/strong> Clin d\u2019oeil artistique 3e \u00e9dition, Vieux-Couvent de Saint-Prime (Qu\u00e9bec) &#8211; fresque collective de 12 m\u00e8tres<br \/>\n<strong>2018:<\/strong> Bestiaire, L\u2019Espace contemporain, 313 rue St-Jean, Qu\u00e9bec (Qu\u00e9bec-Canada)<br \/>\n<strong>2018:<\/strong> Variations sur le rouge, L\u2019Espace contemporain, 313 rue St-Jean, Qu\u00e9bec (Qu\u00e9bec-Canada)<br \/>\n<strong>2017:<\/strong> Symposium d&rsquo;H\u00e9berville, H\u00e9bertville (Qu\u00e9bec-Canada)<br \/>\n<strong>2017:<\/strong> Galerie Lions, dans le cadre de la Travers\u00e9e Internationale du Lac-St-Jean, Roberval (Qu\u00e9bec-Canada)<br \/>\n<strong>2017:<\/strong> Chantale Guy (dans un groupe d&rsquo;enseignants) \u00e0 l&rsquo;Ile du Repos, Ste-Monique, Lac St-Jean (Canada)<br \/>\n<strong>2017:<\/strong> 10e \u00e9dition annuelle de La Grande Exposition Internationale d\u2019ArtZoom, L\u2019espace contemporain galerie d\u2019art, 313 rue Saint-Jean, Qu\u00e9bec (Qu\u00e9bec-Canada)<br \/>\n<strong>2017:<\/strong> Touches aquatiques &#8211; L\u2019espace contemporain galerie d\u2019art, 313 rue Saint-Jean, Qu\u00e9bec (Qu\u00e9bec-Canada)<br \/>\n<strong>2016:<\/strong> Maximum 100, exposition th\u00e9matique &#8211; L&rsquo;Espace contemporain galerie d&rsquo;art, 313 rue Saint-Jean, Qu\u00e9bec (Qu\u00e9bec-Canada)<br \/>\n<strong>2016:<\/strong> Mur du CIAAZ, Galerie Zen, 1025 boul. du Lac, Lac-Beauport (Qu\u00e9bec-Canada)<br \/>\n<strong>2016:<\/strong> Symposium de Roberval, Roberval (Qu\u00e9bec-Canada)<br \/>\n<strong>2016:<\/strong> Symposium de peinture Rivage aux mille couleurs, Ville de Saguenay (Qu\u00e9bec-Canada)<br \/>\n<strong>2016:<\/strong> Jumelage artiste peintre\/musicien, Vieux-Couvent, Saint-Prime (Qu\u00e9bec-Canada)<br \/>\n<strong>2015:<\/strong> En exposition sur le mur du CIAAZ, Galerie Zen, Plaza la Halte, 1025 boul. du Lac, Lac-Beauport (Qu\u00e9bec-Canada)<br \/>\n<strong>2015:<\/strong> Miniatures &#8211; Galerie d&rsquo;art contemporain, 313 rue Saint-Jean, Qu\u00e9bec (Qu\u00e9bec-Canada)<br \/>\n<strong>2015:<\/strong> Finaliste du concours l&rsquo;art au parfum, mus\u00e9e de la civilisation, (Qu\u00e9bec-Canada)<br \/>\n<strong>2015:<\/strong> MRC du domaine du roi, Roberval, R.A.A.R<br \/>\n<strong>2015: <\/strong>Le nu &#8211; exposition collective, L&rsquo;espace contemporain, 313 rue Saint-Jean, Qu\u00e9bec (Qu\u00e9bec-Canada)<br \/>\n<strong>2015: S<\/strong>ymposium arc en ciel du Lac, Roberval (Qu\u00e9bec-Canada)<br \/>\n<strong>2015: <\/strong>Symposium Rivage aux milles couleurs, Jonqui\u00e8re (Qu\u00e9bec-Canada)<br \/>\n<strong>2015: <\/strong>Internation\u2019ART 5\u00e8me \u00e9dition, Biblioth\u00e8que Georges-Henri-L\u00e9vesque, 829 boul. Saint-Joseph, Roberval (Qu\u00e9bec-Canada)<br \/>\n<strong>2014:<\/strong> Avec le <em>Collectif avec Regroupement des Artistes et Artisans de Roberval<\/em>, Centre d&rsquo;achats Le Jeannois de Roberval, boul. Marcotte, Roberval (Qu\u00e9bec-Canada)<br \/>\n<strong>2014:<\/strong> Artiste invit\u00e9e pour le Festival \u00e9questre de La Dor\u00e9, Lac St-Jean (Qu\u00e9bec-Canada)<br \/>\n<strong>2014:<\/strong> Participation \u00e0 la fondation de l&rsquo;H\u00f4pital de La Baie des Ha Ha (don d&rsquo;une toile) lors d&rsquo;un hommage \u00e0 la communaut\u00e9 militaire.<br \/>\n<strong>2014:<\/strong> Internation&rsquo;Art, \u00e9v\u00e8nement international, Biblioth\u00e8que Georges-Henri-L\u00e9vesque, 829 boul. Saint-Joseph, Roberval, Qu\u00e9bec (Canada)<br \/>\n<strong>2014:<\/strong> La Grande Exposition Internationale d&rsquo;Art Zoom &#8211; 7e \u00e9dition &#8211; L&rsquo;Espace contemporain galerie d&rsquo;art, 313 rue Saint-Jean, Qu\u00e9bec (Qu\u00e9bec-Canada)<br \/>\n<strong>2014:<\/strong> Les corps parlent &#8211; exposition collective &#8211; L&rsquo;Espace contemporain, 313 rue Saint-Jean, Qu\u00e9bec (Qu\u00e9bec-Canada)<br \/>\n<strong>2014<\/strong> Symposium \u00c9co-salon, Trois-Rivi\u00e8re (Qu\u00e9bec-Canada)<br \/>\n<strong>2014:<\/strong> Exposition collective avec le Regroupement des Artistes et Artisans de Roberval, Ch\u00e2teau Roberval, boul. Marcotte, Roberval (Qu\u00e9bec-Canada)<br \/>\n<strong>2013:<\/strong> LIBRART &#8211; Salon international d&rsquo;art contemporain de Libramont, Halle aux foires, Place Communale 5-7, Libramont <span style=\"color: #ff9900;\"><strong>(Belgique)<\/strong><\/span><br \/>\n<strong>2013:<\/strong> Symposium de Val Jalbert (Canada)<br \/>\n<strong>2013:<\/strong> Symposium les couleurs du Lac St-Jean<br \/>\n<strong>2013:<\/strong> Internation&rsquo;ART &#8211; 3e \u00e9dition &#8211; \u00e9v\u00e9nement international &#8211; Biblioth\u00e8que Georges-Henri-L\u00e9vesque, 829 boul. Saint-Joseph, Roberval (Qu\u00e9bec-Canada)<br \/>\n<strong>2013:<\/strong> Centre d&rsquo;affaires Maizerets, au 2064 18eRue \u00e0 Qu\u00e9bec (Qu\u00e9bec-Canada)<br \/>\n<strong>2013:<\/strong> Biblioth\u00e8que de Saint-F\u00e9licien, 209, boul. Sacr\u00e9-Coeur, 2e \u00e9tage. Saint-F\u00e9licien, Qu\u00e9bec (Canada)<br \/>\n<strong>2012:<\/strong> Galerie d\u2019art L\u2019Art \u00e0 l\u2019affiche, Alma (Qu\u00e9bec-Canada)<br \/>\n<strong>2012:<\/strong> Galerie d\u2019art L\u2019Espace contemporain, 313 rue Saint-Jean, Qu\u00e9bec (Canada)<br \/>\n<strong>2012:<\/strong> Symposium La Tuque (Qu\u00e9bec-Canada)<br \/>\n<strong>2012:<\/strong> Symposium 15ieme \u00e9dition de Val-Jalbert (Qu\u00e9bec-Canada)<br \/>\n<strong>2012:<\/strong> Symposium rivage aux mille couleurs, Jonqui\u00e8re (Qu\u00e9bec-Canada)<br \/>\n<strong>2012:<\/strong> Symposium \u00c9co-Salon de Trois-Rivi\u00e8res (Qu\u00e9bec-Canada)<br \/>\n<strong>2011:<\/strong> Symposium de peinture Les Arcs en ciel du Lac, Jardin des Ursulines, Roberval (Qu\u00e9bec-Canada)<br \/>\n<strong>2011:<\/strong> 14e \u00e9dition du Symposium de Peinture de Val-Jalbert (Qu\u00e9bec-Canada)<br \/>\n<strong>2011:<\/strong> Symposium Rivage aux mille couleurs, Saguenay (Qu\u00e9bec-Canada)<br \/>\n<strong>2010:<\/strong> Biblioth\u00e8que Georges-Henri L\u00e9vesque, 829 boul. Saint-Joseph, Roberval (Qu\u00e9bec-Canada) avec le RAAR<br \/>\n<strong>2010:<\/strong> 13e \u00e9dition du Symposium de Peinture de Val-Jalbert (Qu\u00e9bec-Canada)<br \/>\n<strong>2010:<\/strong> Symposium, L\u2019Ascension (Qu\u00e9bec-Canada)<br \/>\n<strong>2009:<\/strong> Ch\u00e2teau Roberval, 1225 boul. Marcotte, Roberval (Qu\u00e9bec-Canada) avec le RAAR<br \/>\n<strong>2009:<\/strong> Biblioth\u00e8que de Chicoutimi, 155 rue Racine Est, Chicoutimi (Saguenay) Qu\u00e9bec (Canada) avec le RAAR<br \/>\n<strong>2009:<\/strong> Biblioth\u00e8que Georges-Henri L\u00e9vesque, 829 boul. Saint-Joseph, Roberval (Qu\u00e9bec-Canada) avec le RAAR<br \/>\n<strong>2008:<\/strong> Ch\u00e2teau Roberval, 1225 boul. Marcotte, Roberval (Qu\u00e9bec-Canada) avec le RAAR<br \/>\n<strong>2008:<\/strong> Biblioth\u00e8que Georges-Henri L\u00e9vesque, 829 boul. Saint-Joseph, Roberval (Qu\u00e9bec-Canada) avec le RAAR<br \/>\n<strong>2008:<\/strong> Galerie Lions, Travers\u00e9e du Lac-St-Jean, Roberval (Qu\u00e9bec-Canada)<br \/>\n<strong>2007:<\/strong> Symposium du Mont-Lac-Vert, H\u00e9bertville (Qu\u00e9bec-Canada)<br \/>\n<strong>2007:<\/strong> Peinture en direct, Les journ\u00e9es de la Culture, Biblioth\u00e8que Georges-Henri L\u00e9vesque, 829 boul. Saint-Joseph, Roberval (Qu\u00e9bec-Canada)<br \/>\n<strong>2007:<\/strong> Biblioth\u00e8que Georges-Henri L\u00e9vesque, 829 boul. Saint-Joseph, Roberval (Qu\u00e9bec-Canada) avec le RAAR<br \/>\n<strong>2004:<\/strong> Symposium Animalier, Jardin Zoologique, St-F\u00e9licien (Qu\u00e9bec-Canada)<br \/>\n<strong>2002:<\/strong> Biblioth\u00e8que Georges-Henri L\u00e9vesque, 829 boul. Saint-Joseph, Roberval (Qu\u00e9bec-Canada) avec le RAAR<br \/>\n<strong>2002:<\/strong> Festival de St-Prime, St-Prime (Qu\u00e9bec-Canada)<br \/>\n<strong>1999:<\/strong> Festival d\u2019Alma, Alma (Qu\u00e9bec-Canada)<\/p>\n<p><span style=\"border-radius: 2px; text-indent: 20px; width: auto; padding: 0px 4px 0px 0px; text-align: center; font: bold 11px\/20px 'Helvetica Neue',Helvetica,sans-serif; color: #ffffff; background: #bd081c no-repeat scroll 3px 50% \/ 14px 14px; position: absolute; opacity: 1; z-index: 8675309; display: none; cursor: pointer;\">Enregistrer<\/span><\/p>\n<p><span style=\"border-radius: 2px; text-indent: 20px; width: auto; padding: 0px 4px 0px 0px; text-align: center; font: bold 11px\/20px 'Helvetica Neue',Helvetica,sans-serif; color: #ffffff; background: #bd081c no-repeat scroll 3px 50% \/ 14px 14px; position: absolute; opacity: 1; z-index: 8675309; display: none; cursor: pointer;\">Enregistrer<\/span><\/p>\n<p><span style=\"border-radius: 2px; text-indent: 20px; width: auto; padding: 0px 4px 0px 0px; text-align: center; font: bold 11px\/20px 'Helvetica Neue',Helvetica,sans-serif; color: #ffffff; background: #bd081c no-repeat scroll 3px 50% \/ 14px 14px; position: absolute; opacity: 1; z-index: 8675309; display: none; cursor: pointer;\">Enregistrer<\/span><\/p>\n<\/div><div class=\"fusion-clearfix\"><\/div>\n\n\t\t\t\t\t<\/div>\n\t\t\t\t<\/div><\/div><\/div>\n","protected":false},"excerpt":{"rendered":"","protected":false},"author":1,"featured_media":0,"parent":0,"menu_order":0,"comment_status":"open","ping_status":"open","template":"","meta":[],"_links":{"self":[{"href":"https:\/\/artzoomconnection.com\/chantaleguy\/wp-json\/wp\/v2\/pages\/1644"}],"collection":[{"href":"https:\/\/artzoomconnection.com\/chantaleguy\/wp-json\/wp\/v2\/pages"}],"about":[{"href":"https:\/\/artzoomconnection.com\/chantaleguy\/wp-json\/wp\/v2\/types\/page"}],"author":[{"embeddable":true,"href":"https:\/\/artzoomconnection.com\/chantaleguy\/wp-json\/wp\/v2\/users\/1"}],"replies":[{"embeddable":true,"href":"https:\/\/artzoomconnection.com\/chantaleguy\/wp-json\/wp\/v2\/comments?post=1644"}],"version-history":[{"count":195,"href":"https:\/\/artzoomconnection.com\/chantaleguy\/wp-json\/wp\/v2\/pages\/1644\/revisions"}],"predecessor-version":[{"id":3342,"href":"https:\/\/artzoomconnection.com\/chantaleguy\/wp-json\/wp\/v2\/pages\/1644\/revisions\/3342"}],"wp:attachment":[{"href":"https:\/\/artzoomconnection.com\/chantaleguy\/wp-json\/wp\/v2\/media?parent=1644"}],"curies":[{"name":"wp","href":"https:\/\/api.w.org\/{rel}","templated":true}]}}