{"id":40,"date":"2009-11-16T23:49:23","date_gmt":"2009-11-17T04:49:23","guid":{"rendered":"http:\/\/www.artzoom.org\/members\/wordpress\/?page_id=40"},"modified":"2024-08-13T15:38:02","modified_gmt":"2024-08-13T14:38:02","slug":"documents-de-presse","status":"publish","type":"page","link":"https:\/\/artzoomconnection.com\/chantaleguy\/presse\/documents-de-presse\/","title":{"rendered":"PRESSE"},"content":{"rendered":"<div class=\"fusion-fullwidth fullwidth-box fusion-builder-row-1 nonhundred-percent-fullwidth non-hundred-percent-height-scrolling\"  style='background-color: rgba(255,255,255,0);background-position: center center;background-repeat: no-repeat;padding-top:0px;padding-right:0px;padding-bottom:0px;padding-left:0px;'><div class=\"fusion-builder-row fusion-row \"><div  class=\"fusion-layout-column fusion_builder_column fusion_builder_column_1_2 fusion-builder-column-1 fusion-one-half fusion-column-first 1_2\"  style='margin-top:0px;margin-bottom:0px;width:48%; margin-right: 4%;'>\n\t\t\t\t\t<div class=\"fusion-column-wrapper\" style=\"padding: 0px 0px 0px 0px;background-position:left top;background-repeat:no-repeat;-webkit-background-size:cover;-moz-background-size:cover;-o-background-size:cover;background-size:cover;\"   data-bg-url=\"\">\n\t\t\t\t\t\t<style type=\"text\/css\"><\/style><div class=\"fusion-title title fusion-title-1 fusion-title-text fusion-title-size-one\" style=\"margin-top:0px;margin-bottom:31px;\"><h1 class=\"title-heading-left\" style=\"margin:0;\"><h3>DOSSIER DE PRESSE<\/h3><\/h1><div class=\"title-sep-container\"><div class=\"title-sep sep-double sep-solid\" style=\"border-color:#e0dede;\"><\/div><\/div><\/div><div class=\"fusion-text\"><h3>COUVERTURE M\u00c9DIATIQUE<\/h3>\n<p style=\"text-align: left;\"><em>Liste non exhaustive<\/em><\/p>\n<h3 style=\"text-align: justify;\"><strong>Presse<\/strong><\/h3>\n<p style=\"text-align: justify;\">L&rsquo;\u00e9toile du Lac, Le Progr\u00e8s-Dimanche, LeMonde.fr (blog), Le Progr\u00e8s, Le Nouvelles Hebdo, Le Lac St-Jean, etc.<\/p>\n<h3 style=\"text-align: justify;\"><strong>Cyberpresse<\/strong><\/h3>\n<p style=\"text-align: justify;\"><strong>L&rsquo;\u00c9toile du Lac<\/strong>: <a title=\"L'\u00c9toile du Lac\" href=\"http:\/\/www.letoiledulac.com\/Culture\/Activites-culturelles\/2010-09-16\/article-1759481\/Les-artistes-se-laissent-inspirer-par-Val-Jalbert\/1\" target=\"_blank\" rel=\"noopener noreferrer\">article 1<\/a> &#8211; <a title=\"L'\u00c9toile du Lac\" href=\"http:\/\/www.letoiledulac.com\/Culture\/Activites-culturelles\/2010-09-09\/article-1733532\/Symposium-de-Val-Jalbert-%3A-un-moment-ou-creation-et-convivialite-se-cotoient\/1\" target=\"_blank\" rel=\"noopener noreferrer\">article 2<\/a> &#8211; <a title=\"L'\u00c9toile du Lac\" href=\"http:\/\/www.letoiledulac.com\/Culture\/Arts-et-spectacles\/2012-09-30\/article-3086635\/Un-autre-franc-succes-pour-le-vernissage-de-la-Bibliotheque-Georges-Henri-Levesque-de-Roberval\/1\" target=\"_blank\" rel=\"noopener noreferrer\">article 3<\/a> &#8211;\u00a0<a title=\"L'\u00c9toile du Lac\" href=\"http:\/\/www.letoiledulac.com\/Culture\/Activites-culturelles\/2011-07-26\/article-2674584\/Une-belle-premiere-pour-le-Symposium-de-peinture-au-Jardin-des-Ursulines\/1\" target=\"_blank\" rel=\"noopener noreferrer\">\u00a0article 4<\/a> &#8211; <a title=\"L'\u00c9toile du Lac\" href=\"http:\/\/www.letoiledulac.com\/Culture\/Activites-culturelles\/2011-02-15\/article-2243023\/Des-artistes-peintres-locaux-en-exposition-a-Roberval\/1\" target=\"_blank\" rel=\"noopener noreferrer\">article 5<\/a> &#8211; <a title=\"L'\u00c9toile du Lac\" href=\"http:\/\/www.letoiledulac.com\/Arts-et-spectacles\/2006-11-17\/article-1617567\/Chantale-Guy-expose-au-Chateau-Roberval\/1\" target=\"_blank\" rel=\"noopener noreferrer\">article 6<\/a> &#8211; <a title=\"L'\u00c9toile du Lac\" href=\"http:\/\/www.letoiledulac.com\/Culture\/Arts-et-spectacles\/2008-06-14\/article-1617261\/Un-ete-ensoleille-a-la-Bibliotheque-Georges-Henri-Levesque\/1\" target=\"_blank\" rel=\"noopener noreferrer\">article 7<\/a> &#8211; <a title=\"L'\u00c9toile du Lac\" href=\"http:\/\/www.letoiledulac.com\/article-web\/3104\/exposition-de-toile\" target=\"_blank\" rel=\"noopener noreferrer\">article 8<\/a> &#8211; \u00a0<a title=\"L'\u00c9toile du Lac\" href=\"http:\/\/letoiledulac.newspaperdirect.com\/epaper\/fr\/viewer.aspx\" target=\"_blank\" rel=\"noopener noreferrer\">article 9<\/a>\u00a0&#8211; \u00a0<a href=\"https:\/\/www.letoiledulac.com\/archives\/mercredi-27-fevrier-2019\/\" target=\"_blank\" rel=\"noopener noreferrer\">article 10<\/a> &#8211;\u00a0<a href=\"https:\/\/www.letoiledulac.com\/actualites\/618135\/des-butees-de-beton-transformees-naturellement\" target=\"_blank\" rel=\"noopener\">article 11 (2024)<\/a> &#8211; etc.\u00a0 \/ <strong>MagZ:<\/strong>\u00a0 <a title=\"MagZ\" href=\"http:\/\/magzweb.info\/decouvrez\/?p=2317\" target=\"_blank\" rel=\"noopener noreferrer\">article 1<\/a>\u00a0 \/ <strong>HEART:<\/strong> <a title=\"HEART\" href=\"http:\/\/magazinedesarts.com\/?s=chantale+guy\" target=\"_blank\" rel=\"noopener noreferrer\">Voir l&rsquo;ensemble des articles<\/a> &#8211; <strong>HeleneCaroline Fournier (site de r\u00e9f\u00e9rence):<\/strong> <a title=\"helenecaroline.com\" href=\"http:\/\/helenecaroline.com\/?s=chantale+guy\" target=\"_blank\" rel=\"noopener noreferrer\">Voir l&rsquo;ensemble des articles et des critiques<\/a> &#8211; <a href=\"http:\/\/helenecaroline.com\/des-prix-et-des-distinctions-en-arts-visuels-decernes-a-des-artistes-du-canada-et-de-france\/\" target=\"_blank\" rel=\"noopener noreferrer\">article<\/a> &#8211; <strong> PatWhite (site de r\u00e9f\u00e9rence):<\/strong>\u00a0 <a title=\"PatWhite\" href=\"http:\/\/patwhite.com\/node\/16548\" target=\"_blank\" rel=\"noopener noreferrer\">article 1<\/a> &#8211; <a title=\"Pat White\" href=\"http:\/\/patwhite.com\/node\/17321\" target=\"_blank\" rel=\"noopener noreferrer\">article 2<\/a> &#8211; <a href=\"http:\/\/patwhite.com\/distorsionart-une-exposition-de-chaguy-chantale-guy\" target=\"_blank\" rel=\"noopener noreferrer\">article 3<\/a> \/\u00a0<strong>Info-Culture:<\/strong> <a title=\"Info-Culture\" href=\"http:\/\/info-culture.biz\/2013\/09\/17\/librart-2013\/\" target=\"_blank\" rel=\"noopener noreferrer\">article 1<\/a>\u00a0&#8211; <a title=\"Info-Culture\" href=\"http:\/\/info-culture.biz\/2014\/03\/19\/une-7e-edition-dune-grande-exposition-internationale-a-quebec\" target=\"_blank\" rel=\"noopener noreferrer\">article 2<\/a> &#8211; <a href=\"http:\/\/info-culture.biz\/2017\/05\/01\/des-prix-et-des-distinctions-en-arts-visuels-decernes-a-des-artistes-du-canada-et-de-france\" target=\"_blank\" rel=\"noopener noreferrer\">article 3<\/a> &#8211; <a href=\"https:\/\/info-culture.biz\/2018\/09\/04\/distorsionart\/\" target=\"_blank\" rel=\"noopener noreferrer\">article 4<\/a> &#8211;\u00a0 <strong>Voir:<\/strong> <a title=\"Voir\" href=\"http:\/\/me.voir.ca\/helenecaroline\/2013\/09\/17\/des-artistes-peintres-du-quebec-en-belgique\/\" target=\"_blank\" rel=\"noopener noreferrer\">article 1<\/a> &#8211; <a title=\"Voir.CA\" href=\"http:\/\/me.voir.ca\/helenecaroline\/2014\/03\/20\/une-7eme-edition-pour-la-grande-exposition-internationale-dartzoom-a-quebec\/\" target=\"_blank\" rel=\"noopener noreferrer\">article 2<\/a> &#8211; <strong>Arts&amp;Culture:<\/strong> <a href=\"https:\/\/www.artsetculture.ca\/distorsionart\/\" target=\"_blank\" rel=\"noopener noreferrer\">article 1<\/a> &#8211; <strong>Lemonde.fr (blog):<\/strong> <a href=\"http:\/\/artzoom.blog.lemonde.fr\/2018\/06\/05\/influences-des-saisons\/\" target=\"_blank\" rel=\"noopener noreferrer\">article 1<\/a> &#8211; <a href=\"http:\/\/artzoom.blog.lemonde.fr\/2018\/09\/04\/distorsionart-expo\/\" target=\"_blank\" rel=\"noopener noreferrer\">article 2<\/a> &#8211; etc.<\/p>\n<p style=\"text-align: justify;\"><strong>Couverture de la Grande Exposition Internationale d&rsquo;ArtZoom 2017:<\/strong><br \/>\n<a href=\"http:\/\/info-culture.biz\/2017\/03\/05\/une-10eme-edition-pour-la-grande-exposition-internationale-dartzoom-a-quebec\/\" target=\"_blank\" rel=\"noopener noreferrer\">Info-Culture1<\/a> &#8211; <a href=\"http:\/\/info-culture.biz\/2017\/03\/22\/la-grande-exposition-internationale-dartzoom-du-21-au-26-mars\/\" target=\"_blank\" rel=\"noopener noreferrer\">Info-Culture2<\/a> &#8211; <a href=\"http:\/\/helenecaroline.com\/une-10eme-edition-pour-la-grande-dartzoom\/\" target=\"_blank\" rel=\"noopener noreferrer\">HeleneCaroline.com1<\/a> &#8211; <a href=\"http:\/\/helenecaroline.com\/une-10eme-edition-sous-le-signe-de-la-couleur\/\" target=\"_blank\" rel=\"noopener noreferrer\">HeleneCaroline.com2<\/a> &#8211; <a href=\"http:\/\/patwhite.com\/10eme-edition-de-la-grande-exposition-internationale-dartzoom\" target=\"_blank\" rel=\"noopener noreferrer\">Patwhite.com<\/a> &#8211; <a href=\"https:\/\/lechodulac.ca\/un-peintre-denergie-brute%e2%80%89\/\" target=\"_blank\" rel=\"noopener noreferrer\">L&rsquo;\u00c9cho du Lac<\/a> &#8211; <a href=\"http:\/\/magazinedesarts.com\/une-10eme-edition-pour-la-grande-exposition-internationale-dartzoom\/\" target=\"_blank\" rel=\"noopener noreferrer\">HEART Magazine des arts<\/a> &#8211;\u00a0 <a href=\"http:\/\/www.charlesbourgexpress.com\/culture\/2017\/3\/14\/uga-a-la-grande-exposition-internationale-d-art-zoom.html\" target=\"_blank\" rel=\"noopener noreferrer\">Charlesbourg Express<\/a><\/p>\n<p><strong>liste non exhaustive de la couverture m\u00e9diatique de l\u2019Internation\u2019ART 9\u00e8me \u00e9dition (2019):<\/strong><br \/>\n<a href=\"http:\/\/info-culture.biz\/2019\/03\/10\/internationart-9e-edition\/\" target=\"_blank\" rel=\"noopener noreferrer\">Info-Culture<\/a> \/ <a href=\"https:\/\/magazinedesarts.com\/internationart-9e-edition\/\" target=\"_blank\" rel=\"noopener noreferrer\">HEART, magazine des arts<\/a> \/ <a href=\"http:\/\/artzoom.blog.lemonde.fr\/2019\/03\/04\/internationart-2019\/\" target=\"_blank\" rel=\"noopener noreferrer\">LeMonde (blog)<\/a> \/ <a href=\"https:\/\/patwhite.com\/internationart-9e-edition\" target=\"_blank\" rel=\"noopener noreferrer\">PatWhite<\/a> \/ <a href=\"https:\/\/helenecaroline.com\/la-9e-edition-de-linternationart-presentee-du-30-mars-au-30-mai-2019-a-roberval\/\" target=\"_blank\" rel=\"noopener noreferrer\">HeleneCaroline Fournier, experte en art<\/a> \/ Journal Le Progr\u00e8s (quotidien, presse \u00e9crite) \/ <a href=\"https:\/\/ici.radio-canada.ca\/tele\/le-tjextra-saguenay-lac-saint-jean\/site\/episodes\/431065\/episode-du-5-avril-2019\" target=\"_blank\" rel=\"noopener noreferrer\">Le TJ Extra Saguenay Lac-Saint-Jean ICI RADIO-CANADA \u2013 5 avril 2019<\/a> \/ <a href=\"https:\/\/matv.ca\/saguenay-lac-saint-jean\/mes-emissions\/la-vitrine-culturelle\" target=\"_blank\" rel=\"noopener noreferrer\">MA.TV (de Videotron) \u2013 \u00e9mission La vitrine culturelle, no 11<\/a> \/ Journal L\u2019\u00c9toile du Lac (hebdo, presse \u00e9crite) \/ Journal Le Nouvelles Hebdo (hebdo, presse \u00e9crite) \/ Journal Le Lac St-Jean (hebdo, presse \u00e9crite) \/ NOUSTV (de TVcogeco) \u2013 \u00e9mission Zoom ! \/ Etc.<\/p>\n<h3>RADIO ET T\u00c9L\u00c9VISION<\/h3>\n<p><em>Liste non exhaustive<\/em><br \/>\nICI Radio-Canada, 2019<br \/>\nMATV, 2019<br \/>\nNOUSTV, 2019<br \/>\n\u00c9mission Zoom ! &#8211; TVCOGECO Roberval (pendant plusieurs ann\u00e9es)<br \/>\nEtc.<\/p>\n<h3>MULTIM\u00c9DIA<\/h3>\n<p><em>Liste non exhaustive<\/em><br \/>\nPour une lecture \u00e9clair\u00e9e de l&rsquo;art contemporain, Les Mots pour lire (une oeuvre de Chantale Guy), 2018<br \/>\nPour une lecture \u00e9clair\u00e9e de l&rsquo;art contemporain, Dame Nature (une oeuvre de Chantale Guy), 2018<br \/>\nPour une lecture \u00e9clair\u00e9e de l&rsquo;art contemporain, Les Crayons jeunes (une oeuvre de Chantale Guy), 2017<br \/>\nPour une lecture \u00e9clair\u00e9e de l&rsquo;art contemporain, Emergence de la nature en couleur (une oeuvre de Chantale Guy), 2017<br \/>\nPour une lecture \u00e9clair\u00e9e de l&rsquo;art contemporain, Trio (une oeuvre de Chantale Guy), 2017<br \/>\nPodcast d&rsquo;ArtZoom depuis 2013<\/p>\n<h3>BIBLIOGRAPHIE<\/h3>\n<p><em>Liste non exhaustive<\/em><br \/>\n&#8211; <em>Catalogue d&rsquo;exposition du Mus\u00e9e d&rsquo;art contemporain VR 3D<\/em>, d\u00e9cembre 2018, mars 2019, juin 2019, septembre 2019, d\u00e9cembre 2019<br \/>\n&#8211; <em>CHAGUY (Chantale Guy) peintre \/ peintre<\/em>, monographie 62 pages, 2018<br \/>\n&#8211; <em>L&rsquo;ArtZoomeur<\/em>, revue d&rsquo;art, annuellement depuis 2016<br \/>\n&#8211; <em>Le Guide de Cotation des Artistes d&rsquo;ArtZoom<\/em>, de 2013 \u00e0 2015<br \/>\n&#8211; Etc.<\/p>\n<\/div><div class=\"fusion-clearfix\"><\/div>\n\n\t\t\t\t\t<\/div>\n\t\t\t\t<\/div><div  class=\"fusion-layout-column fusion_builder_column fusion_builder_column_1_2 fusion-builder-column-2 fusion-one-half fusion-column-last 1_2\"  style='margin-top:0px;margin-bottom:0px;width:48%'>\n\t\t\t\t\t<div class=\"fusion-column-wrapper\" style=\"padding: 0px 0px 0px 0px;background-position:left top;background-repeat:no-repeat;-webkit-background-size:cover;-moz-background-size:cover;-o-background-size:cover;background-size:cover;\"   data-bg-url=\"\">\n\t\t\t\t\t\t<style type=\"text\/css\"><\/style><div class=\"fusion-title title fusion-title-2 fusion-title-text fusion-title-size-one\" style=\"margin-top:0px;margin-bottom:31px;\"><h1 class=\"title-heading-left\" style=\"margin:0;\"><h3>CATALOGUES D&rsquo;EXPOSITION<\/h3><\/h1><div class=\"title-sep-container\"><div class=\"title-sep sep-double sep-solid\" style=\"border-color:#e0dede;\"><\/div><\/div><\/div><div class=\"fusion-text\"><p><a href=\"https:\/\/macvr3d.com\/pdf\/catalogue_expo_amor_macvr3d.pdf\" target=\"_blank\" rel=\"noopener noreferrer\"><img loading=\"lazy\" class=\"aligncenter size-medium wp-image-3192\" src=\"https:\/\/artzoomconnection.com\/chantaleguy\/wp-content\/uploads\/couv_amorp-231x300.jpg\" alt=\"\" width=\"231\" height=\"300\" srcset=\"https:\/\/artzoomconnection.com\/chantaleguy\/wp-content\/uploads\/couv_amorp-200x260.jpg 200w, https:\/\/artzoomconnection.com\/chantaleguy\/wp-content\/uploads\/couv_amorp-231x300.jpg 231w, https:\/\/artzoomconnection.com\/chantaleguy\/wp-content\/uploads\/couv_amorp-400x519.jpg 400w, https:\/\/artzoomconnection.com\/chantaleguy\/wp-content\/uploads\/couv_amorp-500x649.jpg 500w, https:\/\/artzoomconnection.com\/chantaleguy\/wp-content\/uploads\/couv_amorp-600x779.jpg 600w, https:\/\/artzoomconnection.com\/chantaleguy\/wp-content\/uploads\/couv_amorp-700x908.jpg 700w, https:\/\/artzoomconnection.com\/chantaleguy\/wp-content\/uploads\/couv_amorp-768x997.jpg 768w, https:\/\/artzoomconnection.com\/chantaleguy\/wp-content\/uploads\/couv_amorp.jpg 789w\" sizes=\"(max-width: 231px) 100vw, 231px\" \/><\/a><\/p>\n<p style=\"text-align: justify;\"><strong>Du 1er septembre 2020 au 28 f\u00e9vrier 2021<\/strong><br \/>\nCette exposition pr\u00e9sent\u00e9e dans la salle rouge met en lumi\u00e8re 60 oeuvres r\u00e9alis\u00e9es par 10 artistes originaires du Canada et de France. Les artistes de cette exposition sont des membres du CIAAZ, regroupement d\u2019artistes professionnels qui a \u00e9t\u00e9 fond\u00e9 en France, dans la r\u00e9gion de Longwy, en 1997. Ce regroupement d\u2019artistes, enti\u00e8rement g\u00e9r\u00e9 par Art Total Multimedia, a \u00e9volu\u00e9 avec les ann\u00e9es et fait le pont entre l\u2019Europe et l\u2019Am\u00e9rique du Nord afin de pr\u00e9senter des artistes d\u2019ici et d\u2019ailleurs.<\/p>\n<p><a href=\"https:\/\/macvr3d.com\/pdf\/catalogue_expo_internationart2020_macvr3d.pdf\" target=\"_blank\" rel=\"noopener noreferrer\"><img loading=\"lazy\" class=\"aligncenter size-medium wp-image-3193\" src=\"https:\/\/artzoomconnection.com\/chantaleguy\/wp-content\/uploads\/couverture_catalogue_internationart2020-232x300.jpg\" alt=\"\" width=\"232\" height=\"300\" srcset=\"https:\/\/artzoomconnection.com\/chantaleguy\/wp-content\/uploads\/couverture_catalogue_internationart2020-200x258.jpg 200w, https:\/\/artzoomconnection.com\/chantaleguy\/wp-content\/uploads\/couverture_catalogue_internationart2020-232x300.jpg 232w, https:\/\/artzoomconnection.com\/chantaleguy\/wp-content\/uploads\/couverture_catalogue_internationart2020-400x517.jpg 400w, https:\/\/artzoomconnection.com\/chantaleguy\/wp-content\/uploads\/couverture_catalogue_internationart2020-500x646.jpg 500w, https:\/\/artzoomconnection.com\/chantaleguy\/wp-content\/uploads\/couverture_catalogue_internationart2020-600x775.jpg 600w, https:\/\/artzoomconnection.com\/chantaleguy\/wp-content\/uploads\/couverture_catalogue_internationart2020.jpg 619w\" sizes=\"(max-width: 232px) 100vw, 232px\" \/><\/a><\/p>\n<p style=\"text-align: justify;\"><strong>Du 28 mars au 31 d\u00e9cembre 2020<\/strong><br \/>\nCette exposition pr\u00e9sent\u00e9e en salle 6 met en lumi\u00e8re 93 oeuvres r\u00e9alis\u00e9es par 18 artistes originaires d\u2019Alg\u00e9rie, de Belgique, du Canada et de France. La 10\u00e8me \u00e9dition annuelle de l\u2019Internation\u2019ART devait avoir lieu du 28 mars au 30 mai 2020 \u00e0 la Biblioth\u00e8que Georges-Henri-L\u00e9vesque \u00e0 Roberval (Qu\u00e9bec) au Canada. A cause de la pand\u00e9mie reli\u00e9e au COVID-19, l\u2019exposition a \u00e9t\u00e9 remplac\u00e9e par celle-ci, pr\u00e9sent\u00e9e dans le Mus\u00e9e d\u2019art contemporain VR3D (MACVR3D) jusqu\u2019au 31 d\u00e9cembre 2020.<\/p>\n<p><a href=\"https:\/\/macvr3d.com\/pdf\/catalogue_expo_vibration_macvr3dp.pdf\" target=\"_blank\" rel=\"noopener noreferrer\"><img loading=\"lazy\" class=\"aligncenter size-medium wp-image-3070\" src=\"https:\/\/artzoomconnection.com\/chantaleguy\/wp-content\/uploads\/catalogue_vibration-231x300.jpg\" alt=\"\" width=\"231\" height=\"300\" srcset=\"https:\/\/artzoomconnection.com\/chantaleguy\/wp-content\/uploads\/catalogue_vibration-200x259.jpg 200w, https:\/\/artzoomconnection.com\/chantaleguy\/wp-content\/uploads\/catalogue_vibration-231x300.jpg 231w, https:\/\/artzoomconnection.com\/chantaleguy\/wp-content\/uploads\/catalogue_vibration-400x519.jpg 400w, https:\/\/artzoomconnection.com\/chantaleguy\/wp-content\/uploads\/catalogue_vibration-500x648.jpg 500w, https:\/\/artzoomconnection.com\/chantaleguy\/wp-content\/uploads\/catalogue_vibration-600x778.jpg 600w, https:\/\/artzoomconnection.com\/chantaleguy\/wp-content\/uploads\/catalogue_vibration.jpg 617w\" sizes=\"(max-width: 231px) 100vw, 231px\" \/><\/a><\/p>\n<p style=\"text-align: justify;\"><strong>Du 1er d\u00e9cembre 2019 au 31 mai 2020<\/strong><br \/>\nCette exposition pr\u00e9sent\u00e9e en salle 4 met en lumi\u00e8re 39 oeuvres r\u00e9alis\u00e9es par 11 artistes d\u2019Alg\u00e9rie, du Canada et de France. Les artistes de cette exposition sont des membres du CIAAZ, regroupement d\u2019artistes professionnels qui a \u00e9t\u00e9 fond\u00e9 en France, dans la r\u00e9gion de Longwy, en 1997. Ce regroupement d\u2019artistes, enti\u00e8rement g\u00e9r\u00e9 par Art Total Multimedia, a \u00e9volu\u00e9 avec les ann\u00e9es et fait le pont entre l\u2019Europe et l\u2019Am\u00e9rique du Nord afin de pr\u00e9senter des artistes d\u2019ici et d\u2019ailleurs.<\/p>\n<p><a href=\"https:\/\/macvr3d.com\/pdf\/catalogue_expo_instinct_macvr3d.pdf\" target=\"_blank\" rel=\"noopener noreferrer\"><img loading=\"lazy\" class=\"aligncenter size-medium wp-image-3069\" src=\"https:\/\/artzoomconnection.com\/chantaleguy\/wp-content\/uploads\/catalogue_instinct-232x300.jpg\" alt=\"\" width=\"232\" height=\"300\" srcset=\"https:\/\/artzoomconnection.com\/chantaleguy\/wp-content\/uploads\/catalogue_instinct-200x259.jpg 200w, https:\/\/artzoomconnection.com\/chantaleguy\/wp-content\/uploads\/catalogue_instinct-232x300.jpg 232w, https:\/\/artzoomconnection.com\/chantaleguy\/wp-content\/uploads\/catalogue_instinct-400x518.jpg 400w, https:\/\/artzoomconnection.com\/chantaleguy\/wp-content\/uploads\/catalogue_instinct-500x648.jpg 500w, https:\/\/artzoomconnection.com\/chantaleguy\/wp-content\/uploads\/catalogue_instinct-600x777.jpg 600w, https:\/\/artzoomconnection.com\/chantaleguy\/wp-content\/uploads\/catalogue_instinct-700x907.jpg 700w, https:\/\/artzoomconnection.com\/chantaleguy\/wp-content\/uploads\/catalogue_instinct-768x995.jpg 768w, https:\/\/artzoomconnection.com\/chantaleguy\/wp-content\/uploads\/catalogue_instinct-791x1024.jpg 791w, https:\/\/artzoomconnection.com\/chantaleguy\/wp-content\/uploads\/catalogue_instinct-800x1036.jpg 800w, https:\/\/artzoomconnection.com\/chantaleguy\/wp-content\/uploads\/catalogue_instinct-1186x1536.jpg 1186w, https:\/\/artzoomconnection.com\/chantaleguy\/wp-content\/uploads\/catalogue_instinct-1200x1554.jpg 1200w, https:\/\/artzoomconnection.com\/chantaleguy\/wp-content\/uploads\/catalogue_instinct.jpg 1396w\" sizes=\"(max-width: 232px) 100vw, 232px\" \/><\/a><\/p>\n<p style=\"text-align: justify;\"><strong>Du 1er septembre 2019 au 28 f\u00e9vrier 2020<\/strong><br \/>\nCette exposition pr\u00e9sent\u00e9e en salle 3 met en lumi\u00e8re 35 oeuvres r\u00e9alis\u00e9es par 9 artistes d\u2019Alg\u00e9rie, de Belgique, de France et du Canada. Les artistes de cette exposition sont des membres du CIAAZ, regroupement d\u2019artistes professionnels qui a \u00e9t\u00e9 fond\u00e9 en France, dans la r\u00e9gion de Longwy, en 1997. Ce regroupement d\u2019artistes, enti\u00e8rement g\u00e9r\u00e9 par Art Total Multimedia, a \u00e9volu\u00e9 avec les ann\u00e9es et fait le pont entre l\u2019Europe et l\u2019Am\u00e9rique du Nord afin de pr\u00e9senter des artistes d\u2019ici et d\u2019ailleurs.<\/p>\n<p><a href=\"https:\/\/macvr3d.com\/pdf\/catalogue_expo_audeladesmots_macvr3dp.pdf\" target=\"_blank\" rel=\"noopener noreferrer\"><img loading=\"lazy\" class=\"aligncenter size-medium wp-image-3068\" src=\"https:\/\/artzoomconnection.com\/chantaleguy\/wp-content\/uploads\/catalogue_audeladesmots-232x300.jpg\" alt=\"\" width=\"232\" height=\"300\" srcset=\"https:\/\/artzoomconnection.com\/chantaleguy\/wp-content\/uploads\/catalogue_audeladesmots-200x259.jpg 200w, https:\/\/artzoomconnection.com\/chantaleguy\/wp-content\/uploads\/catalogue_audeladesmots-232x300.jpg 232w, https:\/\/artzoomconnection.com\/chantaleguy\/wp-content\/uploads\/catalogue_audeladesmots-400x518.jpg 400w, https:\/\/artzoomconnection.com\/chantaleguy\/wp-content\/uploads\/catalogue_audeladesmots-500x647.jpg 500w, https:\/\/artzoomconnection.com\/chantaleguy\/wp-content\/uploads\/catalogue_audeladesmots-600x777.jpg 600w, https:\/\/artzoomconnection.com\/chantaleguy\/wp-content\/uploads\/catalogue_audeladesmots.jpg 618w\" sizes=\"(max-width: 232px) 100vw, 232px\" \/><\/a><\/p>\n<p style=\"text-align: justify;\"><strong>Du 1er juin au 30 novembre 2019<\/strong><br \/>\nCette exposition pr\u00e9sent\u00e9e en salle 4 met en lumi\u00e8re 32 oeuvres r\u00e9alis\u00e9es par 9 artistes de France et du Canada. Huit artistes de cette exposition sont des membres du CIAAZ, regroupement d\u2019artistes professionnels qui a \u00e9t\u00e9 fond\u00e9 en France, dans la r\u00e9gion de Longwy, en 1997. Ce regroupement d\u2019artistes, enti\u00e8rement g\u00e9r\u00e9 par Art Total Multimedia, a \u00e9volu\u00e9 avec les ann\u00e9es et fait le pont entre l\u2019Europe et l\u2019Am\u00e9rique du Nord afin de pr\u00e9senter des artistes d\u2019ici et d\u2019ailleurs.<\/p>\n<p><a href=\"https:\/\/macvr3d.com\/pdf\/catalogue_expo_amesdartistes_macvr3dp.pdf\" target=\"_blank\" rel=\"noopener noreferrer\"><img loading=\"lazy\" class=\"aligncenter size-medium wp-image-3066\" src=\"https:\/\/artzoomconnection.com\/chantaleguy\/wp-content\/uploads\/catalogue_amesdartistes-232x300.jpg\" alt=\"\" width=\"232\" height=\"300\" srcset=\"https:\/\/artzoomconnection.com\/chantaleguy\/wp-content\/uploads\/catalogue_amesdartistes-200x259.jpg 200w, https:\/\/artzoomconnection.com\/chantaleguy\/wp-content\/uploads\/catalogue_amesdartistes-232x300.jpg 232w, https:\/\/artzoomconnection.com\/chantaleguy\/wp-content\/uploads\/catalogue_amesdartistes-400x518.jpg 400w, https:\/\/artzoomconnection.com\/chantaleguy\/wp-content\/uploads\/catalogue_amesdartistes-500x647.jpg 500w, https:\/\/artzoomconnection.com\/chantaleguy\/wp-content\/uploads\/catalogue_amesdartistes-600x777.jpg 600w, https:\/\/artzoomconnection.com\/chantaleguy\/wp-content\/uploads\/catalogue_amesdartistes.jpg 618w\" sizes=\"(max-width: 232px) 100vw, 232px\" \/><\/a><\/p>\n<p style=\"text-align: justify;\"><strong>Du 1er mars au 31 ao\u00fbt 2019<\/strong><br \/>\nCette exposition collective pr\u00e9sent\u00e9e en salle 3 met en lumi\u00e8re 48 oeuvres r\u00e9alis\u00e9es par 16 artistes, membres du Collectif International d\u2019Artistes ArtZoom (CIAAZ). Ce regroupement d\u2019artistes professionnels a \u00e9t\u00e9 fond\u00e9 en France, dans la r\u00e9gion de Longwy, en 1997. Ce regroupement d\u2019artistes, enti\u00e8rement g\u00e9r\u00e9 par Art Total Multim\u00e9dia, a \u00e9volu\u00e9 avec les ann\u00e9es et fait le pont entre l\u2019Europe et l\u2019Am\u00e9rique du Nord afin de pr\u00e9senter des artistes d\u2019ici et d\u2019ailleurs.<\/p>\n<p><a href=\"https:\/\/macvr3d.com\/pdf\/catalogue_expo_artzoom.pdf\" target=\"_blank\" rel=\"noopener noreferrer\"><img loading=\"lazy\" class=\"aligncenter size-medium wp-image-3067\" src=\"https:\/\/artzoomconnection.com\/chantaleguy\/wp-content\/uploads\/catalogue_artzoom-232x300.jpg\" alt=\"\" width=\"232\" height=\"300\" srcset=\"https:\/\/artzoomconnection.com\/chantaleguy\/wp-content\/uploads\/catalogue_artzoom-200x258.jpg 200w, https:\/\/artzoomconnection.com\/chantaleguy\/wp-content\/uploads\/catalogue_artzoom-232x300.jpg 232w, https:\/\/artzoomconnection.com\/chantaleguy\/wp-content\/uploads\/catalogue_artzoom-400x517.jpg 400w, https:\/\/artzoomconnection.com\/chantaleguy\/wp-content\/uploads\/catalogue_artzoom-500x646.jpg 500w, https:\/\/artzoomconnection.com\/chantaleguy\/wp-content\/uploads\/catalogue_artzoom-600x775.jpg 600w, https:\/\/artzoomconnection.com\/chantaleguy\/wp-content\/uploads\/catalogue_artzoom.jpg 619w\" sizes=\"(max-width: 232px) 100vw, 232px\" \/><\/a><\/p>\n<p style=\"text-align: justify;\"><strong>Du 1er d\u00e9cembre 2018 au 30 mai 2019<\/strong><br \/>\nCette exposition collective en salle 2 est l\u2019exposition inaugurale du MAC VR 3D et pr\u00e9sente 31 oeuvres de quelques artistes du Collectif International d\u2019Artistes ArtZoom (CIAAZ), un regroupement d\u2019artistes professionnels fond\u00e9 originellement en France, dans la r\u00e9gion de Longwy en 1997. Ce collectif, enti\u00e8rement g\u00e9r\u00e9 par Art Total Multim\u00e9dia, a \u00e9volu\u00e9 avec les ann\u00e9es et fait le pont entre l\u2019Europe et l\u2019Am\u00e9rique du Nord pour pr\u00e9senter des artistes d\u2019ici et d\u2019ailleurs.<\/p>\n<\/div><div class=\"fusion-clearfix\"><\/div>\n\n\t\t\t\t\t<\/div>\n\t\t\t\t<\/div><\/div><\/div>\n","protected":false},"excerpt":{"rendered":"","protected":false},"author":1,"featured_media":0,"parent":1687,"menu_order":3,"comment_status":"closed","ping_status":"closed","template":"","meta":[],"_links":{"self":[{"href":"https:\/\/artzoomconnection.com\/chantaleguy\/wp-json\/wp\/v2\/pages\/40"}],"collection":[{"href":"https:\/\/artzoomconnection.com\/chantaleguy\/wp-json\/wp\/v2\/pages"}],"about":[{"href":"https:\/\/artzoomconnection.com\/chantaleguy\/wp-json\/wp\/v2\/types\/page"}],"author":[{"embeddable":true,"href":"https:\/\/artzoomconnection.com\/chantaleguy\/wp-json\/wp\/v2\/users\/1"}],"replies":[{"embeddable":true,"href":"https:\/\/artzoomconnection.com\/chantaleguy\/wp-json\/wp\/v2\/comments?post=40"}],"version-history":[{"count":87,"href":"https:\/\/artzoomconnection.com\/chantaleguy\/wp-json\/wp\/v2\/pages\/40\/revisions"}],"predecessor-version":[{"id":3324,"href":"https:\/\/artzoomconnection.com\/chantaleguy\/wp-json\/wp\/v2\/pages\/40\/revisions\/3324"}],"up":[{"embeddable":true,"href":"https:\/\/artzoomconnection.com\/chantaleguy\/wp-json\/wp\/v2\/pages\/1687"}],"wp:attachment":[{"href":"https:\/\/artzoomconnection.com\/chantaleguy\/wp-json\/wp\/v2\/media?parent=40"}],"curies":[{"name":"wp","href":"https:\/\/api.w.org\/{rel}","templated":true}]}}