{"id":43,"date":"2009-11-16T23:50:16","date_gmt":"2009-11-17T04:50:16","guid":{"rendered":"http:\/\/www.artzoom.org\/members\/wordpress\/?page_id=43"},"modified":"2024-11-14T21:06:01","modified_gmt":"2024-11-14T20:06:01","slug":"videos","status":"publish","type":"page","link":"https:\/\/artzoomconnection.com\/chantaleguy\/presse\/videos\/","title":{"rendered":"VID\u00c9OS"},"content":{"rendered":"<div class=\"fusion-fullwidth fullwidth-box fusion-builder-row-1 nonhundred-percent-fullwidth non-hundred-percent-height-scrolling\"  style='background-color: rgba(255,255,255,0);background-position: center center;background-repeat: no-repeat;padding-top:0px;padding-right:0px;padding-bottom:0px;padding-left:0px;'><div class=\"fusion-builder-row fusion-row \"><div  class=\"fusion-layout-column fusion_builder_column fusion_builder_column_1_1 fusion-builder-column-1 fusion-one-full fusion-column-first fusion-column-last 1_1\"  style='margin-top:0px;margin-bottom:0px;'>\n\t\t\t\t\t<div class=\"fusion-column-wrapper\" style=\"padding: 0px 0px 0px 0px;background-position:left top;background-repeat:no-repeat;-webkit-background-size:cover;-moz-background-size:cover;-o-background-size:cover;background-size:cover;\"   data-bg-url=\"\">\n\t\t\t\t\t\t<style type=\"text\/css\"><\/style><div class=\"fusion-title title fusion-title-1 fusion-title-text fusion-title-size-one\" style=\"margin-top:0px;margin-bottom:31px;\"><h1 class=\"title-heading-left\" style=\"margin:0;\"><h3>PRODUCTIONS AUDIOVISUELLES ET T\u00c9L\u00c9VISUELLES<\/h3><\/h1><div class=\"title-sep-container\"><div class=\"title-sep sep-double sep-solid\" style=\"border-color:#e0dede;\"><\/div><\/div><\/div><div class=\"fusion-clearfix\"><\/div>\n\n\t\t\t\t\t<\/div>\n\t\t\t\t<\/div><div  class=\"fusion-layout-column fusion_builder_column fusion_builder_column_1_2 fusion-builder-column-2 fusion-one-half fusion-column-first 1_2\"  style='margin-top:0px;margin-bottom:0px;width:48%; margin-right: 4%;'>\n\t\t\t\t\t<div class=\"fusion-column-wrapper\" style=\"padding: 0px 0px 0px 0px;background-position:left top;background-repeat:no-repeat;-webkit-background-size:cover;-moz-background-size:cover;-o-background-size:cover;background-size:cover;\"   data-bg-url=\"\">\n\t\t\t\t\t\t<div class=\"fusion-text\"><p><em>Liste non exhaustive<\/em><\/p>\n<\/div><div class=\"fusion-text\"><div style=\"padding: 75% 0 0 0; position: relative;\"><div class=\"BorlabsCookie _brlbs-cb-vimeo\"><div class=\"_brlbs-content-blocker\"> <div class=\"_brlbs-embed _brlbs-video-vimeo\"> <img class=\"_brlbs-thumbnail\" src=\"https:\/\/artzoomconnection.com\/chantaleguy\/wp-content\/plugins\/borlabs-cookie\/assets\/images\/cb-no-thumbnail.png\" alt=\"Vimeo\"> <div class=\"_brlbs-caption\"> <p>En chargeant cette vid\u00e9o, vous acceptez la politique de confidentialit\u00e9 de Vimeo.<br><a href=\"https:\/\/vimeo.com\/privacy\" target=\"_blank\" rel=\"nofollow noopener noreferrer\">En savoir plus<\/a><\/p> <p><a class=\"_brlbs-btn _brlbs-icon-play-white\" href=\"#\" data-borlabs-cookie-unblock role=\"button\">Charger la vid\u00e9o<\/a><\/p> <p><label><input type=\"checkbox\" name=\"unblockAll\" value=\"1\" checked> <small>Toujours autoriser Vimeo<\/small><\/label><\/p> <\/div> <\/div> <\/div><div class=\"borlabs-hide\" data-borlabs-cookie-type=\"content-blocker\" data-borlabs-cookie-id=\"vimeo\"><script type=\"text\/template\">PGlmcmFtZSBjbGFzcz0iZnVzaW9uLWhpZGRlbiIgZGF0YS1wcml2YWN5LXR5cGU9InZpbWVvIiBzcmM9IiIgc3R5bGU9InBvc2l0aW9uOiBhYnNvbHV0ZTsgdG9wOiAwOyBsZWZ0OiAwOyB3aWR0aDogMTAwJTsgaGVpZ2h0OiAxMDAlOyIgdGl0bGU9Ik1vbiBmaWxtIiBkYXRhLXByaXZhY3ktc3JjPSJodHRwczovL3BsYXllci52aW1lby5jb20vdmlkZW8vMTAyOTc2OTcwNz9iYWRnZT0wJmFtcDthdXRvcGF1c2U9MCZhbXA7cGxheWVyX2lkPTAmYW1wO2FwcF9pZD01ODQ3OSIgZnJhbWVib3JkZXI9IjAiPjwvaWZyYW1lPg==<\/script><\/div><\/div><div class=\"fusion-privacy-placeholder\"  data-privacy-type=\"vimeo\"><div class=\"fusion-privacy-placeholder-content\"><div class=\"fusion-privacy-label\">For privacy reasons Vimeo needs your permission to be loaded.<\/div><a href=\"\" data-privacy-type=\"vimeo\" class=\"fusion-button button-default fusion-button-default-size button fusion-privacy-consent\">I Accept<\/a><\/div><\/div><\/div>\n<p><script src=\"https:\/\/player.vimeo.com\/api\/player.js\"><\/script><\/p>\n<p><a href=\"https:\/\/www.artzoomconnection.com\" target=\"_blank\" rel=\"noopener\">www.artzoomconnection.com<\/a><\/p>\n<p style=\"text-align: justify;\">Le Collectif International d\u2019Artistes ArtZoom (CIAAZ) a \u00e9t\u00e9 fond\u00e9 en France, en 1997. Il a \u00e9volu\u00e9 au fil des ann\u00e9es. Les artistes vivent sur trois continents diff\u00e9rents. Il est g\u00e9r\u00e9 par Art Total Multim\u00e9dia. Le CIAAZ est dirig\u00e9 par HeleneCaroline Fournier, experte en art et cofondatrice du CIAAZ. Cette vid\u00e9o pr\u00e9sente un \u00e9ventail des possibilit\u00e9s des artistes du CIAAZ. (c) Copyright Art Total Multim\u00e9dia, 2024 &#8211; Libre de diffusion sur Internet<\/p>\n<div class=\"BorlabsCookie _brlbs-cb-vimeo\"><div class=\"_brlbs-content-blocker\"> <div class=\"_brlbs-embed _brlbs-video-vimeo\"> <img class=\"_brlbs-thumbnail\" src=\"https:\/\/artzoomconnection.com\/chantaleguy\/wp-content\/plugins\/borlabs-cookie\/assets\/images\/cb-no-thumbnail.png\" alt=\"Vimeo\"> <div class=\"_brlbs-caption\"> <p>En chargeant cette vid\u00e9o, vous acceptez la politique de confidentialit\u00e9 de Vimeo.<br><a href=\"https:\/\/vimeo.com\/privacy\" target=\"_blank\" rel=\"nofollow noopener noreferrer\">En savoir plus<\/a><\/p> <p><a class=\"_brlbs-btn _brlbs-icon-play-white\" href=\"#\" data-borlabs-cookie-unblock role=\"button\">Charger la vid\u00e9o<\/a><\/p> <p><label><input type=\"checkbox\" name=\"unblockAll\" value=\"1\" checked> <small>Toujours autoriser Vimeo<\/small><\/label><\/p> <\/div> <\/div> <\/div><div class=\"borlabs-hide\" data-borlabs-cookie-type=\"content-blocker\" data-borlabs-cookie-id=\"vimeo\"><script type=\"text\/template\">PHA+PGlmcmFtZSBjbGFzcz0iZnVzaW9uLWhpZGRlbiIgZGF0YS1wcml2YWN5LXR5cGU9InZpbWVvIiBzcmM9IiIgbG9hZGluZz0ibGF6eSIgZGF0YS1wcml2YWN5LXNyYz0iaHR0cHM6Ly9wbGF5ZXIudmltZW8uY29tL3ZpZGVvLzY4OTUyOTQ1ND9oPTM0ZDAxZDkzMmEiIHdpZHRoPSI1MDAiIGhlaWdodD0iMjgxIiBmcmFtZWJvcmRlcj0iMCIgYWxsb3dmdWxsc2NyZWVuPSJhbGxvd2Z1bGxzY3JlZW4iPjwvaWZyYW1lPg==<\/script><\/div><\/div><div class=\"fusion-privacy-placeholder\" style=\"width:500px; height:281px;\" data-privacy-type=\"vimeo\"><div class=\"fusion-privacy-placeholder-content\"><div class=\"fusion-privacy-label\">For privacy reasons Vimeo needs your permission to be loaded.<\/div><a href=\"\" data-privacy-type=\"vimeo\" class=\"fusion-button button-default fusion-button-default-size button fusion-privacy-consent\">I Accept<\/a><\/div><\/div><\/p>\n<p style=\"text-align: justifie;\">Internation&rsquo;ART 2022 &#8211; Exposition internationale annuelle (12e \u00e9dition) pr\u00e9sent\u00e9e du 1er avril au 31 d\u00e9cembre 2022 dans le Mus\u00e9e d&rsquo;art contemporain VR 3D (MACVR3D), visible sur Internet et dans un casque de r\u00e9alit\u00e9 virtuelle &#8211; 13 artistes de 3 continents, 90 oeuvres &#8211; Commissaire: HeleneCaroline Fournier &#8211; Dur\u00e9e: 5:00 minutes &#8211; (c) Art Total Multimedia<\/p>\n<p style=\"text-align: center;\"><div class=\"BorlabsCookie _brlbs-cb-vimeo\"><div class=\"_brlbs-content-blocker\"> <div class=\"_brlbs-embed _brlbs-video-vimeo\"> <img class=\"_brlbs-thumbnail\" src=\"https:\/\/artzoomconnection.com\/chantaleguy\/wp-content\/plugins\/borlabs-cookie\/assets\/images\/cb-no-thumbnail.png\" alt=\"Vimeo\"> <div class=\"_brlbs-caption\"> <p>En chargeant cette vid\u00e9o, vous acceptez la politique de confidentialit\u00e9 de Vimeo.<br><a href=\"https:\/\/vimeo.com\/privacy\" target=\"_blank\" rel=\"nofollow noopener noreferrer\">En savoir plus<\/a><\/p> <p><a class=\"_brlbs-btn _brlbs-icon-play-white\" href=\"#\" data-borlabs-cookie-unblock role=\"button\">Charger la vid\u00e9o<\/a><\/p> <p><label><input type=\"checkbox\" name=\"unblockAll\" value=\"1\" checked> <small>Toujours autoriser Vimeo<\/small><\/label><\/p> <\/div> <\/div> <\/div><div class=\"borlabs-hide\" data-borlabs-cookie-type=\"content-blocker\" data-borlabs-cookie-id=\"vimeo\"><script type=\"text\/template\">PGlmcmFtZSBjbGFzcz0iZnVzaW9uLWhpZGRlbiIgZGF0YS1wcml2YWN5LXR5cGU9InZpbWVvIiBzcmM9IiIgbG9hZGluZz0ibGF6eSIgZGF0YS1wcml2YWN5LXNyYz0iaHR0cHM6Ly9wbGF5ZXIudmltZW8uY29tL3ZpZGVvLzY4ODcwNzgzMj9oPWI5ODE3MmNhNjciIHdpZHRoPSI1MDAiIGhlaWdodD0iMjgxIiBmcmFtZWJvcmRlcj0iMCIgYWxsb3dmdWxsc2NyZWVuPSJhbGxvd2Z1bGxzY3JlZW4iPjwvaWZyYW1lPg==<\/script><\/div><\/div><div class=\"fusion-privacy-placeholder\" style=\"width:500px; height:281px;\" data-privacy-type=\"vimeo\"><div class=\"fusion-privacy-placeholder-content\"><div class=\"fusion-privacy-label\">For privacy reasons Vimeo needs your permission to be loaded.<\/div><a href=\"\" data-privacy-type=\"vimeo\" class=\"fusion-button button-default fusion-button-default-size button fusion-privacy-consent\">I Accept<\/a><\/div><\/div><\/p>\n<p style=\"text-align: justify;\">Le Pouvoir des Couleurs est une exposition pr\u00e9sent\u00e9e du 1er au 30 avril 2022 \u00e0 la Maison O&rsquo;Neill, situ\u00e9e au 3160 boul. Wilfrid-Hamel Ouest, Qu\u00e9bec (Canada) &#8211; 11 artistes de 3 continents diff\u00e9rents &#8211; Commissaire d&rsquo;exposition: HeleneCaroline Fournier &#8211; Production Art Total Multim\u00e9dia &#8211; Dur\u00e9e: 5:00 minutes\u00a0 (c) Art Total Multim\u00e9dia, 2022<\/p>\n<div class=\"BorlabsCookie _brlbs-cb-vimeo\"><div class=\"_brlbs-content-blocker\"> <div class=\"_brlbs-embed _brlbs-video-vimeo\"> <img class=\"_brlbs-thumbnail\" src=\"https:\/\/artzoomconnection.com\/chantaleguy\/wp-content\/plugins\/borlabs-cookie\/assets\/images\/cb-no-thumbnail.png\" alt=\"Vimeo\"> <div class=\"_brlbs-caption\"> <p>En chargeant cette vid\u00e9o, vous acceptez la politique de confidentialit\u00e9 de Vimeo.<br><a href=\"https:\/\/vimeo.com\/privacy\" target=\"_blank\" rel=\"nofollow noopener noreferrer\">En savoir plus<\/a><\/p> <p><a class=\"_brlbs-btn _brlbs-icon-play-white\" href=\"#\" data-borlabs-cookie-unblock role=\"button\">Charger la vid\u00e9o<\/a><\/p> <p><label><input type=\"checkbox\" name=\"unblockAll\" value=\"1\" checked> <small>Toujours autoriser Vimeo<\/small><\/label><\/p> <\/div> <\/div> <\/div><div class=\"borlabs-hide\" data-borlabs-cookie-type=\"content-blocker\" data-borlabs-cookie-id=\"vimeo\"><script type=\"text\/template\">PHA+PGlmcmFtZSBjbGFzcz0iZnVzaW9uLWhpZGRlbiIgZGF0YS1wcml2YWN5LXR5cGU9InZpbWVvIiBzcmM9IiIgbG9hZGluZz0ibGF6eSIgZGF0YS1wcml2YWN5LXNyYz0iaHR0cHM6Ly9wbGF5ZXIudmltZW8uY29tL3ZpZGVvLzUzMjk5OTEyMT9jb2xvcj1mZjk5MDAmYW1wO3RpdGxlPTAmYW1wO2J5bGluZT0wJmFtcDtwb3J0cmFpdD0wIiB3aWR0aD0iNDUwIiBoZWlnaHQ9IjI1MyIgZnJhbWVib3JkZXI9IjAiIGFsbG93ZnVsbHNjcmVlbj0iYWxsb3dmdWxsc2NyZWVuIj48L2lmcmFtZT4=<\/script><\/div><\/div><div class=\"fusion-privacy-placeholder\" style=\"width:450px; height:253px;\" data-privacy-type=\"vimeo\"><div class=\"fusion-privacy-placeholder-content\"><div class=\"fusion-privacy-label\">For privacy reasons Vimeo needs your permission to be loaded.<\/div><a href=\"\" data-privacy-type=\"vimeo\" class=\"fusion-button button-default fusion-button-default-size button fusion-privacy-consent\">I Accept<\/a><\/div><\/div><\/p>\n<p style=\"text-align: justify;\">Internation\u2019ART 2021, exposition internationale pr\u00e9sent\u00e9e dans le MACVR3D &#8211; 15 artistes, 85 oeuvres expos\u00e9es. Visible sur Internet et dans un casque de r\u00e9alit\u00e9 virtuelle, du 1er avril au 31 d\u00e9cembre 2021. Certaines oeuvres originales sont vendues dans la boutique du Mus\u00e9e: www.macvr3d.com &#8211; production Art Total Multim\u00e9dia &#8211; 5 avril 2021 &#8211; dur\u00e9e: 3:09 m<\/p>\n<div class=\"BorlabsCookie _brlbs-cb-vimeo\"><div class=\"_brlbs-content-blocker\"> <div class=\"_brlbs-embed _brlbs-video-vimeo\"> <img class=\"_brlbs-thumbnail\" src=\"https:\/\/artzoomconnection.com\/chantaleguy\/wp-content\/plugins\/borlabs-cookie\/assets\/images\/cb-no-thumbnail.png\" alt=\"Vimeo\"> <div class=\"_brlbs-caption\"> <p>En chargeant cette vid\u00e9o, vous acceptez la politique de confidentialit\u00e9 de Vimeo.<br><a href=\"https:\/\/vimeo.com\/privacy\" target=\"_blank\" rel=\"nofollow noopener noreferrer\">En savoir plus<\/a><\/p> <p><a class=\"_brlbs-btn _brlbs-icon-play-white\" href=\"#\" data-borlabs-cookie-unblock role=\"button\">Charger la vid\u00e9o<\/a><\/p> <p><label><input type=\"checkbox\" name=\"unblockAll\" value=\"1\" checked> <small>Toujours autoriser Vimeo<\/small><\/label><\/p> <\/div> <\/div> <\/div><div class=\"borlabs-hide\" data-borlabs-cookie-type=\"content-blocker\" data-borlabs-cookie-id=\"vimeo\"><script type=\"text\/template\">PHA+PGlmcmFtZSBjbGFzcz0iZnVzaW9uLWhpZGRlbiIgZGF0YS1wcml2YWN5LXR5cGU9InZpbWVvIiBzcmM9IiIgbG9hZGluZz0ibGF6eSIgZGF0YS1wcml2YWN5LXNyYz0iaHR0cHM6Ly9wbGF5ZXIudmltZW8uY29tL3ZpZGVvLzUzMzEzNjkxNT9jb2xvcj1mZjk5MDAmYW1wO3RpdGxlPTAmYW1wO2J5bGluZT0wJmFtcDtwb3J0cmFpdD0wIiB3aWR0aD0iNDUwIiBoZWlnaHQ9IjI1MyIgZnJhbWVib3JkZXI9IjAiIGFsbG93ZnVsbHNjcmVlbj0iYWxsb3dmdWxsc2NyZWVuIj48L2lmcmFtZT4=<\/script><\/div><\/div><div class=\"fusion-privacy-placeholder\" style=\"width:450px; height:253px;\" data-privacy-type=\"vimeo\"><div class=\"fusion-privacy-placeholder-content\"><div class=\"fusion-privacy-label\">For privacy reasons Vimeo needs your permission to be loaded.<\/div><a href=\"\" data-privacy-type=\"vimeo\" class=\"fusion-button button-default fusion-button-default-size button fusion-privacy-consent\">I Accept<\/a><\/div><\/div><\/p>\n<p style=\"text-align: justify;\">Les artistes peignent, dessinent, colorent notre quotidien. Soutenez-les. Suivez-les. www.macvr3d.com &#8211; ils exposent jusqu\u2019au 31 d\u00e9cembre 2021 dans le MACVR3D. Certaines de leurs oeuvres originales sont vendues en ligne sur la boutique du Mus\u00e9e. &#8211; production Art Total Multim\u00e9dia &#8211; 5 avril 2021 &#8211; dur\u00e9e: 3:58 m<\/p>\n<div class=\"BorlabsCookie _brlbs-cb-vimeo\"><div class=\"_brlbs-content-blocker\"> <div class=\"_brlbs-embed _brlbs-video-vimeo\"> <img class=\"_brlbs-thumbnail\" src=\"https:\/\/artzoomconnection.com\/chantaleguy\/wp-content\/plugins\/borlabs-cookie\/assets\/images\/cb-no-thumbnail.png\" alt=\"Vimeo\"> <div class=\"_brlbs-caption\"> <p>En chargeant cette vid\u00e9o, vous acceptez la politique de confidentialit\u00e9 de Vimeo.<br><a href=\"https:\/\/vimeo.com\/privacy\" target=\"_blank\" rel=\"nofollow noopener noreferrer\">En savoir plus<\/a><\/p> <p><a class=\"_brlbs-btn _brlbs-icon-play-white\" href=\"#\" data-borlabs-cookie-unblock role=\"button\">Charger la vid\u00e9o<\/a><\/p> <p><label><input type=\"checkbox\" name=\"unblockAll\" value=\"1\" checked> <small>Toujours autoriser Vimeo<\/small><\/label><\/p> <\/div> <\/div> <\/div><div class=\"borlabs-hide\" data-borlabs-cookie-type=\"content-blocker\" data-borlabs-cookie-id=\"vimeo\"><script type=\"text\/template\">PHA+PGlmcmFtZSBjbGFzcz0iZnVzaW9uLWhpZGRlbiIgZGF0YS1wcml2YWN5LXR5cGU9InZpbWVvIiBzcmM9IiIgbG9hZGluZz0ibGF6eSIgZGF0YS1wcml2YWN5LXNyYz0iaHR0cHM6Ly9wbGF5ZXIudmltZW8uY29tL3ZpZGVvLzQwOTcwOTkwMyIgd2lkdGg9IjQ1MCIgaGVpZ2h0PSIyNTMiIGZyYW1lYm9yZGVyPSIwIiBhbGxvd2Z1bGxzY3JlZW49ImFsbG93ZnVsbHNjcmVlbiI+PC9pZnJhbWU+<\/script><\/div><\/div><div class=\"fusion-privacy-placeholder\" style=\"width:450px; height:253px;\" data-privacy-type=\"vimeo\"><div class=\"fusion-privacy-placeholder-content\"><div class=\"fusion-privacy-label\">For privacy reasons Vimeo needs your permission to be loaded.<\/div><a href=\"\" data-privacy-type=\"vimeo\" class=\"fusion-button button-default fusion-button-default-size button fusion-privacy-consent\">I Accept<\/a><\/div><\/div><\/p>\n<p style=\"text-align: justify;\">A l\u2019heure du confinement impos\u00e9 par la pand\u00e9mie COVID-19, le monde virtuel vient au secours du monde r\u00e9el. La commissaire de l\u2019Internation\u2019ART vous invite \u00e0 visiter l\u2019exposition Internation\u2019ART qui pr\u00e9sente 18 artistes, 93 oeuvres dans le MACVR3D. L\u2019expo est pr\u00e9sent\u00e9e jusqu\u2019au 31 d\u00e9cembre 2020 sur le site: www.macvr3d.com \u2013 20 avril 2020 \u2013 Libre de diffusion sur Internet<\/p>\n<div class=\"BorlabsCookie _brlbs-cb-vimeo\"><div class=\"_brlbs-content-blocker\"> <div class=\"_brlbs-embed _brlbs-video-vimeo\"> <img class=\"_brlbs-thumbnail\" src=\"https:\/\/artzoomconnection.com\/chantaleguy\/wp-content\/plugins\/borlabs-cookie\/assets\/images\/cb-no-thumbnail.png\" alt=\"Vimeo\"> <div class=\"_brlbs-caption\"> <p>En chargeant cette vid\u00e9o, vous acceptez la politique de confidentialit\u00e9 de Vimeo.<br><a href=\"https:\/\/vimeo.com\/privacy\" target=\"_blank\" rel=\"nofollow noopener noreferrer\">En savoir plus<\/a><\/p> <p><a class=\"_brlbs-btn _brlbs-icon-play-white\" href=\"#\" data-borlabs-cookie-unblock role=\"button\">Charger la vid\u00e9o<\/a><\/p> <p><label><input type=\"checkbox\" name=\"unblockAll\" value=\"1\" checked> <small>Toujours autoriser Vimeo<\/small><\/label><\/p> <\/div> <\/div> <\/div><div class=\"borlabs-hide\" data-borlabs-cookie-type=\"content-blocker\" data-borlabs-cookie-id=\"vimeo\"><script type=\"text\/template\">PHA+PGlmcmFtZSBjbGFzcz0iZnVzaW9uLWhpZGRlbiIgZGF0YS1wcml2YWN5LXR5cGU9InZpbWVvIiBzcmM9IiIgbG9hZGluZz0ibGF6eSIgZGF0YS1wcml2YWN5LXNyYz0iaHR0cHM6Ly9wbGF5ZXIudmltZW8uY29tL3ZpZGVvLzQwODY0NTM0NSIgd2lkdGg9IjQ1MCIgaGVpZ2h0PSIyNTMiIGZyYW1lYm9yZGVyPSIwIiBhbGxvd2Z1bGxzY3JlZW49ImFsbG93ZnVsbHNjcmVlbiI+PC9pZnJhbWU+<\/script><\/div><\/div><div class=\"fusion-privacy-placeholder\" style=\"width:450px; height:253px;\" data-privacy-type=\"vimeo\"><div class=\"fusion-privacy-placeholder-content\"><div class=\"fusion-privacy-label\">For privacy reasons Vimeo needs your permission to be loaded.<\/div><a href=\"\" data-privacy-type=\"vimeo\" class=\"fusion-button button-default fusion-button-default-size button fusion-privacy-consent\">I Accept<\/a><\/div><\/div><\/p>\n<p style=\"text-align: justify;\">\u00c9mission \u00ab\u00a0Connect\u00e9 Roberval\u00a0\u00bb &#8211; Caroline Fortin, journaliste, en entrevue avec HeleneCaroline Fournier, commissaire de l&rsquo;Internation&rsquo;ART pour NOUSTV Roberval &#8211; avril 2020<\/p>\n<div class=\"BorlabsCookie _brlbs-cb-vimeo\"><div class=\"_brlbs-content-blocker\"> <div class=\"_brlbs-embed _brlbs-video-vimeo\"> <img class=\"_brlbs-thumbnail\" src=\"https:\/\/artzoomconnection.com\/chantaleguy\/wp-content\/plugins\/borlabs-cookie\/assets\/images\/cb-no-thumbnail.png\" alt=\"Vimeo\"> <div class=\"_brlbs-caption\"> <p>En chargeant cette vid\u00e9o, vous acceptez la politique de confidentialit\u00e9 de Vimeo.<br><a href=\"https:\/\/vimeo.com\/privacy\" target=\"_blank\" rel=\"nofollow noopener noreferrer\">En savoir plus<\/a><\/p> <p><a class=\"_brlbs-btn _brlbs-icon-play-white\" href=\"#\" data-borlabs-cookie-unblock role=\"button\">Charger la vid\u00e9o<\/a><\/p> <p><label><input type=\"checkbox\" name=\"unblockAll\" value=\"1\" checked> <small>Toujours autoriser Vimeo<\/small><\/label><\/p> <\/div> <\/div> <\/div><div class=\"borlabs-hide\" data-borlabs-cookie-type=\"content-blocker\" data-borlabs-cookie-id=\"vimeo\"><script type=\"text\/template\">PHA+PGlmcmFtZSBjbGFzcz0iZnVzaW9uLWhpZGRlbiIgZGF0YS1wcml2YWN5LXR5cGU9InZpbWVvIiBzcmM9IiIgbG9hZGluZz0ibGF6eSIgZGF0YS1wcml2YWN5LXNyYz0iaHR0cHM6Ly9wbGF5ZXIudmltZW8uY29tL3ZpZGVvLzQwODY0NjYwMiIgd2lkdGg9IjQ1MCIgaGVpZ2h0PSIyNTMiIGZyYW1lYm9yZGVyPSIwIiBhbGxvd2Z1bGxzY3JlZW49ImFsbG93ZnVsbHNjcmVlbiI+PC9pZnJhbWU+<\/script><\/div><\/div><div class=\"fusion-privacy-placeholder\" style=\"width:450px; height:253px;\" data-privacy-type=\"vimeo\"><div class=\"fusion-privacy-placeholder-content\"><div class=\"fusion-privacy-label\">For privacy reasons Vimeo needs your permission to be loaded.<\/div><a href=\"\" data-privacy-type=\"vimeo\" class=\"fusion-button button-default fusion-button-default-size button fusion-privacy-consent\">I Accept<\/a><\/div><\/div><\/p>\n<p style=\"text-align: justify;\">Podcast d\u2019ArtZoom \u2013 LO, l\u2019un des artistes de l\u2019exposition Internation\u2019ART 2020 pr\u00e9sente la r\u00e9alit\u00e9 virtuelle de l\u2019exposition \u00e0 voir sur Internet et dans un casque de r\u00e9alit\u00e9 virtuelle \u2013 avril 2020<\/p>\n<div class=\"BorlabsCookie _brlbs-cb-vimeo\"><div class=\"_brlbs-content-blocker\"> <div class=\"_brlbs-embed _brlbs-video-vimeo\"> <img class=\"_brlbs-thumbnail\" src=\"https:\/\/artzoomconnection.com\/chantaleguy\/wp-content\/plugins\/borlabs-cookie\/assets\/images\/cb-no-thumbnail.png\" alt=\"Vimeo\"> <div class=\"_brlbs-caption\"> <p>En chargeant cette vid\u00e9o, vous acceptez la politique de confidentialit\u00e9 de Vimeo.<br><a href=\"https:\/\/vimeo.com\/privacy\" target=\"_blank\" rel=\"nofollow noopener noreferrer\">En savoir plus<\/a><\/p> <p><a class=\"_brlbs-btn _brlbs-icon-play-white\" href=\"#\" data-borlabs-cookie-unblock role=\"button\">Charger la vid\u00e9o<\/a><\/p> <p><label><input type=\"checkbox\" name=\"unblockAll\" value=\"1\" checked> <small>Toujours autoriser Vimeo<\/small><\/label><\/p> <\/div> <\/div> <\/div><div class=\"borlabs-hide\" data-borlabs-cookie-type=\"content-blocker\" data-borlabs-cookie-id=\"vimeo\"><script type=\"text\/template\">PHA+PGlmcmFtZSBjbGFzcz0iZnVzaW9uLWhpZGRlbiIgZGF0YS1wcml2YWN5LXR5cGU9InZpbWVvIiBzcmM9IiIgbG9hZGluZz0ibGF6eSIgZGF0YS1wcml2YWN5LXNyYz0iaHR0cHM6Ly9wbGF5ZXIudmltZW8uY29tL3ZpZGVvLzM5OTUyOTcyMSIgd2lkdGg9IjQ1MCIgaGVpZ2h0PSIyNTMiIGZyYW1lYm9yZGVyPSIwIiBhbGxvd2Z1bGxzY3JlZW49ImFsbG93ZnVsbHNjcmVlbiI+PC9pZnJhbWU+<\/script><\/div><\/div><div class=\"fusion-privacy-placeholder\" style=\"width:450px; height:253px;\" data-privacy-type=\"vimeo\"><div class=\"fusion-privacy-placeholder-content\"><div class=\"fusion-privacy-label\">For privacy reasons Vimeo needs your permission to be loaded.<\/div><a href=\"\" data-privacy-type=\"vimeo\" class=\"fusion-button button-default fusion-button-default-size button fusion-privacy-consent\">I Accept<\/a><\/div><\/div><\/p>\n<p style=\"text-align: justify;\">Podcast d\u2019ArtZoom pour annoncer l\u2019Internation\u2019ART 2020 du 28 mars au 31 d\u00e9cembre 2020 dans le MACVR3D \u2013 Dur\u00e9e: 1:02 minutes \u2013 Libre de diffusion sur Internet \u2013 cc Aucune utilisation commerciale, partage dans les m\u00eames conditions \u2013 Une production Art Total Multim\u00e9dia \u2013 mars 2020<\/p>\n<div class=\"BorlabsCookie _brlbs-cb-vimeo\"><div class=\"_brlbs-content-blocker\"> <div class=\"_brlbs-embed _brlbs-video-vimeo\"> <img class=\"_brlbs-thumbnail\" src=\"https:\/\/artzoomconnection.com\/chantaleguy\/wp-content\/plugins\/borlabs-cookie\/assets\/images\/cb-no-thumbnail.png\" alt=\"Vimeo\"> <div class=\"_brlbs-caption\"> <p>En chargeant cette vid\u00e9o, vous acceptez la politique de confidentialit\u00e9 de Vimeo.<br><a href=\"https:\/\/vimeo.com\/privacy\" target=\"_blank\" rel=\"nofollow noopener noreferrer\">En savoir plus<\/a><\/p> <p><a class=\"_brlbs-btn _brlbs-icon-play-white\" href=\"#\" data-borlabs-cookie-unblock role=\"button\">Charger la vid\u00e9o<\/a><\/p> <p><label><input type=\"checkbox\" name=\"unblockAll\" value=\"1\" checked> <small>Toujours autoriser Vimeo<\/small><\/label><\/p> <\/div> <\/div> <\/div><div class=\"borlabs-hide\" data-borlabs-cookie-type=\"content-blocker\" data-borlabs-cookie-id=\"vimeo\"><script type=\"text\/template\">PHA+PGlmcmFtZSBjbGFzcz0iZnVzaW9uLWhpZGRlbiIgZGF0YS1wcml2YWN5LXR5cGU9InZpbWVvIiBzcmM9IiIgbG9hZGluZz0ibGF6eSIgZGF0YS1wcml2YWN5LXNyYz0iaHR0cHM6Ly9wbGF5ZXIudmltZW8uY29tL3ZpZGVvLzMzMzY3MTUwNT9jb2xvcj1mZjk5MDAmYW1wO3RpdGxlPTAmYW1wO2J5bGluZT0wJmFtcDtwb3J0cmFpdD0wIiB3aWR0aD0iNDUwIiBoZWlnaHQ9IjI1MyIgZnJhbWVib3JkZXI9IjAiIGFsbG93ZnVsbHNjcmVlbj0iYWxsb3dmdWxsc2NyZWVuIj48L2lmcmFtZT4=<\/script><\/div><\/div><div class=\"fusion-privacy-placeholder\" style=\"width:450px; height:253px;\" data-privacy-type=\"vimeo\"><div class=\"fusion-privacy-placeholder-content\"><div class=\"fusion-privacy-label\">For privacy reasons Vimeo needs your permission to be loaded.<\/div><a href=\"\" data-privacy-type=\"vimeo\" class=\"fusion-button button-default fusion-button-default-size button fusion-privacy-consent\">I Accept<\/a><\/div><\/div><\/p>\n<p style=\"text-align: justify;\">\u00c9mission Zoom ! pr\u00e9sentant l&rsquo;Internation&rsquo;ART 2019 &#8211; r\u00e9alisation, production et diffusion NOUSTV (HD555 C\u00e2ble 13), Roberval (Canada). Journaliste Caroline Fortin, prise de vue et montage Luc Dassylva. L&rsquo;Internation&rsquo;ART est pr\u00e9sent\u00e9 du 30 mars au 30 mai 2019 \u00e0 la Biblioth\u00e8que Georges-Henri-L\u00e9vesque, 829 boul. St-Joseph, Roberval (Qu\u00e9bec-Canada) &#8211; Commissaire d&rsquo;exposition: HeleneCaroline Fournier &#8211; conf\u00e9renci\u00e8re invit\u00e9e lors du vernissage Guylaine Tanguay.<\/p>\n<div class=\"BorlabsCookie _brlbs-cb-vimeo\"><div class=\"_brlbs-content-blocker\"> <div class=\"_brlbs-embed _brlbs-video-vimeo\"> <img class=\"_brlbs-thumbnail\" src=\"https:\/\/artzoomconnection.com\/chantaleguy\/wp-content\/plugins\/borlabs-cookie\/assets\/images\/cb-no-thumbnail.png\" alt=\"Vimeo\"> <div class=\"_brlbs-caption\"> <p>En chargeant cette vid\u00e9o, vous acceptez la politique de confidentialit\u00e9 de Vimeo.<br><a href=\"https:\/\/vimeo.com\/privacy\" target=\"_blank\" rel=\"nofollow noopener noreferrer\">En savoir plus<\/a><\/p> <p><a class=\"_brlbs-btn _brlbs-icon-play-white\" href=\"#\" data-borlabs-cookie-unblock role=\"button\">Charger la vid\u00e9o<\/a><\/p> <p><label><input type=\"checkbox\" name=\"unblockAll\" value=\"1\" checked> <small>Toujours autoriser Vimeo<\/small><\/label><\/p> <\/div> <\/div> <\/div><div class=\"borlabs-hide\" data-borlabs-cookie-type=\"content-blocker\" data-borlabs-cookie-id=\"vimeo\"><script type=\"text\/template\">PHA+PGlmcmFtZSBjbGFzcz0iZnVzaW9uLWhpZGRlbiIgZGF0YS1wcml2YWN5LXR5cGU9InZpbWVvIiBzcmM9IiIgbG9hZGluZz0ibGF6eSIgZGF0YS1wcml2YWN5LXNyYz0iaHR0cHM6Ly9wbGF5ZXIudmltZW8uY29tL3ZpZGVvLzMyOTk3Mjg0ND9jb2xvcj1mZjk5MDAmYW1wO3RpdGxlPTAmYW1wO2J5bGluZT0wJmFtcDtwb3J0cmFpdD0wIiB3aWR0aD0iNDUwIiBoZWlnaHQ9IjI1MyIgZnJhbWVib3JkZXI9IjAiIGFsbG93ZnVsbHNjcmVlbj0iYWxsb3dmdWxsc2NyZWVuIj48L2lmcmFtZT4=<\/script><\/div><\/div><div class=\"fusion-privacy-placeholder\" style=\"width:450px; height:253px;\" data-privacy-type=\"vimeo\"><div class=\"fusion-privacy-placeholder-content\"><div class=\"fusion-privacy-label\">For privacy reasons Vimeo needs your permission to be loaded.<\/div><a href=\"\" data-privacy-type=\"vimeo\" class=\"fusion-button button-default fusion-button-default-size button fusion-privacy-consent\">I Accept<\/a><\/div><\/div><\/p>\n<p style=\"text-align: justify;\">Extrait de l\u2019\u00e9mission \u00ab\u00a0La Vitrine culturelle\u00a0\u00bb, MATV Saguenay-Lac-St-Jean, diffusion Vid\u00e9otron, 11 avril 2019 &#8211; Internation\u2019ART 9e \u00e9dition \u00e0 Roberval.<\/p>\n<div class=\"BorlabsCookie _brlbs-cb-vimeo\"><div class=\"_brlbs-content-blocker\"> <div class=\"_brlbs-embed _brlbs-video-vimeo\"> <img class=\"_brlbs-thumbnail\" src=\"https:\/\/artzoomconnection.com\/chantaleguy\/wp-content\/plugins\/borlabs-cookie\/assets\/images\/cb-no-thumbnail.png\" alt=\"Vimeo\"> <div class=\"_brlbs-caption\"> <p>En chargeant cette vid\u00e9o, vous acceptez la politique de confidentialit\u00e9 de Vimeo.<br><a href=\"https:\/\/vimeo.com\/privacy\" target=\"_blank\" rel=\"nofollow noopener noreferrer\">En savoir plus<\/a><\/p> <p><a class=\"_brlbs-btn _brlbs-icon-play-white\" href=\"#\" data-borlabs-cookie-unblock role=\"button\">Charger la vid\u00e9o<\/a><\/p> <p><label><input type=\"checkbox\" name=\"unblockAll\" value=\"1\" checked> <small>Toujours autoriser Vimeo<\/small><\/label><\/p> <\/div> <\/div> <\/div><div class=\"borlabs-hide\" data-borlabs-cookie-type=\"content-blocker\" data-borlabs-cookie-id=\"vimeo\"><script type=\"text\/template\">PHA+PGlmcmFtZSBjbGFzcz0iZnVzaW9uLWhpZGRlbiIgZGF0YS1wcml2YWN5LXR5cGU9InZpbWVvIiBzcmM9IiIgbG9hZGluZz0ibGF6eSIgZGF0YS1wcml2YWN5LXNyYz0iaHR0cHM6Ly9wbGF5ZXIudmltZW8uY29tL3ZpZGVvLzMyOTY0MTQ2NCIgd2lkdGg9IjQ1MCIgaGVpZ2h0PSIyNTMiIGZyYW1lYm9yZGVyPSIwIiBhbGxvd2Z1bGxzY3JlZW49ImFsbG93ZnVsbHNjcmVlbiI+PC9pZnJhbWU+<\/script><\/div><\/div><div class=\"fusion-privacy-placeholder\" style=\"width:450px; height:253px;\" data-privacy-type=\"vimeo\"><div class=\"fusion-privacy-placeholder-content\"><div class=\"fusion-privacy-label\">For privacy reasons Vimeo needs your permission to be loaded.<\/div><a href=\"\" data-privacy-type=\"vimeo\" class=\"fusion-button button-default fusion-button-default-size button fusion-privacy-consent\">I Accept<\/a><\/div><\/div><\/p>\n<p style=\"text-align: justify;\">INTERNATION\u2019ART 2019 &#8211; Exposition internationale au 829 boul. St-Joseph, Roberval (Canada) &#8211; 20 artistes de 3 continents diff\u00e9rents en exposition jusqu\u2019au 30 mai 2019. Commissariat: HeleneCaroline Fournier &#8211; Dur\u00e9e: 3:15 minutes &#8211; r\u00e9alisation: Art Total Multim\u00e9dia &#8211; Libre de diffusion sur Internet<\/p>\n<div class=\"BorlabsCookie _brlbs-cb-vimeo\"><div class=\"_brlbs-content-blocker\"> <div class=\"_brlbs-embed _brlbs-video-vimeo\"> <img class=\"_brlbs-thumbnail\" src=\"https:\/\/artzoomconnection.com\/chantaleguy\/wp-content\/plugins\/borlabs-cookie\/assets\/images\/cb-no-thumbnail.png\" alt=\"Vimeo\"> <div class=\"_brlbs-caption\"> <p>En chargeant cette vid\u00e9o, vous acceptez la politique de confidentialit\u00e9 de Vimeo.<br><a href=\"https:\/\/vimeo.com\/privacy\" target=\"_blank\" rel=\"nofollow noopener noreferrer\">En savoir plus<\/a><\/p> <p><a class=\"_brlbs-btn _brlbs-icon-play-white\" href=\"#\" data-borlabs-cookie-unblock role=\"button\">Charger la vid\u00e9o<\/a><\/p> <p><label><input type=\"checkbox\" name=\"unblockAll\" value=\"1\" checked> <small>Toujours autoriser Vimeo<\/small><\/label><\/p> <\/div> <\/div> <\/div><div class=\"borlabs-hide\" data-borlabs-cookie-type=\"content-blocker\" data-borlabs-cookie-id=\"vimeo\"><script type=\"text\/template\">PHA+PGlmcmFtZSBjbGFzcz0iZnVzaW9uLWhpZGRlbiIgZGF0YS1wcml2YWN5LXR5cGU9InZpbWVvIiBzcmM9IiIgbG9hZGluZz0ibGF6eSIgZGF0YS1wcml2YWN5LXNyYz0iaHR0cHM6Ly9wbGF5ZXIudmltZW8uY29tL3ZpZGVvLzMyODc3MjA4NCIgd2lkdGg9IjQ1MCIgaGVpZ2h0PSIyNTMiIGZyYW1lYm9yZGVyPSIwIiBhbGxvd2Z1bGxzY3JlZW49ImFsbG93ZnVsbHNjcmVlbiI+PC9pZnJhbWU+<\/script><\/div><\/div><div class=\"fusion-privacy-placeholder\" style=\"width:450px; height:253px;\" data-privacy-type=\"vimeo\"><div class=\"fusion-privacy-placeholder-content\"><div class=\"fusion-privacy-label\">For privacy reasons Vimeo needs your permission to be loaded.<\/div><a href=\"\" data-privacy-type=\"vimeo\" class=\"fusion-button button-default fusion-button-default-size button fusion-privacy-consent\">I Accept<\/a><\/div><\/div><\/p>\n<p style=\"text-align: justify;\">Internation\u2019ART 9e \u00e9dition au TJ Extra Saguenay-Lac-Saint-Jean, avec Julie Larouche de ICI Radio-Canada &#8211; Dur\u00e9e: 21:37 minutes &#8211; Date de diffusion: 5 avril 2019 (c) ICI Radio-Canada<\/p>\n<div class=\"BorlabsCookie _brlbs-cb-vimeo\"><div class=\"_brlbs-content-blocker\"> <div class=\"_brlbs-embed _brlbs-video-vimeo\"> <img class=\"_brlbs-thumbnail\" src=\"https:\/\/artzoomconnection.com\/chantaleguy\/wp-content\/plugins\/borlabs-cookie\/assets\/images\/cb-no-thumbnail.png\" alt=\"Vimeo\"> <div class=\"_brlbs-caption\"> <p>En chargeant cette vid\u00e9o, vous acceptez la politique de confidentialit\u00e9 de Vimeo.<br><a href=\"https:\/\/vimeo.com\/privacy\" target=\"_blank\" rel=\"nofollow noopener noreferrer\">En savoir plus<\/a><\/p> <p><a class=\"_brlbs-btn _brlbs-icon-play-white\" href=\"#\" data-borlabs-cookie-unblock role=\"button\">Charger la vid\u00e9o<\/a><\/p> <p><label><input type=\"checkbox\" name=\"unblockAll\" value=\"1\" checked> <small>Toujours autoriser Vimeo<\/small><\/label><\/p> <\/div> <\/div> <\/div><div class=\"borlabs-hide\" data-borlabs-cookie-type=\"content-blocker\" data-borlabs-cookie-id=\"vimeo\"><script type=\"text\/template\">PHA+PGlmcmFtZSBjbGFzcz0iZnVzaW9uLWhpZGRlbiIgZGF0YS1wcml2YWN5LXR5cGU9InZpbWVvIiBzcmM9IiIgbG9hZGluZz0ibGF6eSIgZGF0YS1wcml2YWN5LXNyYz0iaHR0cHM6Ly9wbGF5ZXIudmltZW8uY29tL3ZpZGVvLzMyNzQ5MjkyNSIgd2lkdGg9IjQ1MCIgaGVpZ2h0PSIyNTMiIGZyYW1lYm9yZGVyPSIwIiBhbGxvd2Z1bGxzY3JlZW49ImFsbG93ZnVsbHNjcmVlbiI+PC9pZnJhbWU+<\/script><\/div><\/div><div class=\"fusion-privacy-placeholder\" style=\"width:450px; height:253px;\" data-privacy-type=\"vimeo\"><div class=\"fusion-privacy-placeholder-content\"><div class=\"fusion-privacy-label\">For privacy reasons Vimeo needs your permission to be loaded.<\/div><a href=\"\" data-privacy-type=\"vimeo\" class=\"fusion-button button-default fusion-button-default-size button fusion-privacy-consent\">I Accept<\/a><\/div><\/div><\/p>\n<p style=\"text-align: justify;\">INTERNATION\u2019ART 2019 &#8211; Exposition internationale pr\u00e9sent\u00e9e du 30 mars au 30 mai 2019 au 829 boul. St-Joseph, Roberval (Canada) &#8211; 20 artistes d\u2019Alg\u00e9rie, de Belgique, du Canada et de France en exposition. Commissariat: HeleneCaroline Fournier &#8211; Dur\u00e9e: 2:58 minutes &#8211; r\u00e9alisation: Art Total Multim\u00e9dia &#8211; Libre de diffusion sur Internet<\/p>\n<div class=\"BorlabsCookie _brlbs-cb-vimeo\"><div class=\"_brlbs-content-blocker\"> <div class=\"_brlbs-embed _brlbs-video-vimeo\"> <img class=\"_brlbs-thumbnail\" src=\"https:\/\/artzoomconnection.com\/chantaleguy\/wp-content\/plugins\/borlabs-cookie\/assets\/images\/cb-no-thumbnail.png\" alt=\"Vimeo\"> <div class=\"_brlbs-caption\"> <p>En chargeant cette vid\u00e9o, vous acceptez la politique de confidentialit\u00e9 de Vimeo.<br><a href=\"https:\/\/vimeo.com\/privacy\" target=\"_blank\" rel=\"nofollow noopener noreferrer\">En savoir plus<\/a><\/p> <p><a class=\"_brlbs-btn _brlbs-icon-play-white\" href=\"#\" data-borlabs-cookie-unblock role=\"button\">Charger la vid\u00e9o<\/a><\/p> <p><label><input type=\"checkbox\" name=\"unblockAll\" value=\"1\" checked> <small>Toujours autoriser Vimeo<\/small><\/label><\/p> <\/div> <\/div> <\/div><div class=\"borlabs-hide\" data-borlabs-cookie-type=\"content-blocker\" data-borlabs-cookie-id=\"vimeo\"><script type=\"text\/template\">PHA+PGlmcmFtZSBjbGFzcz0iZnVzaW9uLWhpZGRlbiIgZGF0YS1wcml2YWN5LXR5cGU9InZpbWVvIiBzcmM9IiIgbG9hZGluZz0ibGF6eSIgZGF0YS1wcml2YWN5LXNyYz0iaHR0cHM6Ly9wbGF5ZXIudmltZW8uY29tL3ZpZGVvLzMwMjAwOTMyOT9jb2xvcj1mZjk5MDAmYW1wO3RpdGxlPTAmYW1wO2J5bGluZT0wJmFtcDtwb3J0cmFpdD0wIiB3aWR0aD0iNDUwIiBoZWlnaHQ9IjI1MiIgZnJhbWVib3JkZXI9IjAiIGFsbG93ZnVsbHNjcmVlbj0iYWxsb3dmdWxsc2NyZWVuIj48L2lmcmFtZT4=<\/script><\/div><\/div><div class=\"fusion-privacy-placeholder\" style=\"width:450px; height:252px;\" data-privacy-type=\"vimeo\"><div class=\"fusion-privacy-placeholder-content\"><div class=\"fusion-privacy-label\">For privacy reasons Vimeo needs your permission to be loaded.<\/div><a href=\"\" data-privacy-type=\"vimeo\" class=\"fusion-button button-default fusion-button-default-size button fusion-privacy-consent\">I Accept<\/a><\/div><\/div><\/p>\n<p style=\"text-align: justify;\">Extrait de l\u2019\u00e9mission Zoom ! (NousTV) sur Distorsion&rsquo;art, une exposition de Chaguy (Chantale Guy) pr\u00e9sent\u00e9e du 21 septembre au 10 novembre 2018 \u00e0 la Biblioth\u00e8que Georges-Henri-L\u00e9vesque, 829 boul. Saint-Joseph, Roberval (Qu\u00e9bec-Canada) &#8211; dur\u00e9e: 6:00 m<\/p>\n<div class=\"BorlabsCookie _brlbs-cb-vimeo\"><div class=\"_brlbs-content-blocker\"> <div class=\"_brlbs-embed _brlbs-video-vimeo\"> <img class=\"_brlbs-thumbnail\" src=\"https:\/\/artzoomconnection.com\/chantaleguy\/wp-content\/plugins\/borlabs-cookie\/assets\/images\/cb-no-thumbnail.png\" alt=\"Vimeo\"> <div class=\"_brlbs-caption\"> <p>En chargeant cette vid\u00e9o, vous acceptez la politique de confidentialit\u00e9 de Vimeo.<br><a href=\"https:\/\/vimeo.com\/privacy\" target=\"_blank\" rel=\"nofollow noopener noreferrer\">En savoir plus<\/a><\/p> <p><a class=\"_brlbs-btn _brlbs-icon-play-white\" href=\"#\" data-borlabs-cookie-unblock role=\"button\">Charger la vid\u00e9o<\/a><\/p> <p><label><input type=\"checkbox\" name=\"unblockAll\" value=\"1\" checked> <small>Toujours autoriser Vimeo<\/small><\/label><\/p> <\/div> <\/div> <\/div><div class=\"borlabs-hide\" data-borlabs-cookie-type=\"content-blocker\" data-borlabs-cookie-id=\"vimeo\"><script type=\"text\/template\">PHA+PGlmcmFtZSBjbGFzcz0iZnVzaW9uLWhpZGRlbiIgZGF0YS1wcml2YWN5LXR5cGU9InZpbWVvIiBzcmM9IiIgbG9hZGluZz0ibGF6eSIgZGF0YS1wcml2YWN5LXNyYz0iaHR0cHM6Ly9wbGF5ZXIudmltZW8uY29tL3ZpZGVvLzI5MDU3MjcyMD9jb2xvcj1mZjk5MDAmYW1wO3RpdGxlPTAmYW1wO2J5bGluZT0wJmFtcDtwb3J0cmFpdD0wIiB3aWR0aD0iNDUwIiBoZWlnaHQ9IjI1MyIgZnJhbWVib3JkZXI9IjAiIGFsbG93ZnVsbHNjcmVlbj0iYWxsb3dmdWxsc2NyZWVuIj48L2lmcmFtZT4=<\/script><\/div><\/div><div class=\"fusion-privacy-placeholder\" style=\"width:450px; height:253px;\" data-privacy-type=\"vimeo\"><div class=\"fusion-privacy-placeholder-content\"><div class=\"fusion-privacy-label\">For privacy reasons Vimeo needs your permission to be loaded.<\/div><a href=\"\" data-privacy-type=\"vimeo\" class=\"fusion-button button-default fusion-button-default-size button fusion-privacy-consent\">I Accept<\/a><\/div><\/div><\/p>\n<p style=\"text-align: justify;\">Distorsion&rsquo;art, une exposition de Chaguy (Chantale Guy) pr\u00e9sent\u00e9e du 21 septembre au 10 novembre 2018 \u00e0 la Biblioth\u00e8que Georges-Henri-L\u00e9vesque, 829 boul. Saint-Joseph, Roberval (Qu\u00e9bec-Canada) &#8211; Vernissage: le 28 septembre \u00e0 17h &#8211; Commissariat: HeleneCaroline Fournier &#8211; (c) Art Total Multim\u00e9dia 2018 &#8211; Libre de diffusion sur Internet &#8211; dur\u00e9e: 3:00 m<\/p>\n<\/div><div class=\"fusion-clearfix\"><\/div>\n\n\t\t\t\t\t<\/div>\n\t\t\t\t<\/div><div  class=\"fusion-layout-column fusion_builder_column fusion_builder_column_1_2 fusion-builder-column-3 fusion-one-half fusion-column-last 1_2\"  style='margin-top:0px;margin-bottom:0px;width:48%'>\n\t\t\t\t\t<div class=\"fusion-column-wrapper\" style=\"padding: 0px 0px 0px 0px;background-position:left top;background-repeat:no-repeat;-webkit-background-size:cover;-moz-background-size:cover;-o-background-size:cover;background-size:cover;\"   data-bg-url=\"\">\n\t\t\t\t\t\t<div class=\"fusion-text\"><div class=\"BorlabsCookie _brlbs-cb-vimeo\"><div class=\"_brlbs-content-blocker\"> <div class=\"_brlbs-embed _brlbs-video-vimeo\"> <img class=\"_brlbs-thumbnail\" src=\"https:\/\/artzoomconnection.com\/chantaleguy\/wp-content\/plugins\/borlabs-cookie\/assets\/images\/cb-no-thumbnail.png\" alt=\"Vimeo\"> <div class=\"_brlbs-caption\"> <p>En chargeant cette vid\u00e9o, vous acceptez la politique de confidentialit\u00e9 de Vimeo.<br><a href=\"https:\/\/vimeo.com\/privacy\" target=\"_blank\" rel=\"nofollow noopener noreferrer\">En savoir plus<\/a><\/p> <p><a class=\"_brlbs-btn _brlbs-icon-play-white\" href=\"#\" data-borlabs-cookie-unblock role=\"button\">Charger la vid\u00e9o<\/a><\/p> <p><label><input type=\"checkbox\" name=\"unblockAll\" value=\"1\" checked> <small>Toujours autoriser Vimeo<\/small><\/label><\/p> <\/div> <\/div> <\/div><div class=\"borlabs-hide\" data-borlabs-cookie-type=\"content-blocker\" data-borlabs-cookie-id=\"vimeo\"><script type=\"text\/template\">PHA+PGlmcmFtZSBjbGFzcz0iZnVzaW9uLWhpZGRlbiIgZGF0YS1wcml2YWN5LXR5cGU9InZpbWVvIiBzcmM9IiIgbG9hZGluZz0ibGF6eSIgZGF0YS1wcml2YWN5LXNyYz0iaHR0cHM6Ly9wbGF5ZXIudmltZW8uY29tL3ZpZGVvLzI2OTc2MTI5Mj9jb2xvcj1mZjk5MDAmYW1wO3RpdGxlPTAmYW1wO2J5bGluZT0wJmFtcDtwb3J0cmFpdD0wIiB3aWR0aD0iNDUwIiBoZWlnaHQ9IjI1MyIgZnJhbWVib3JkZXI9IjAiIGFsbG93ZnVsbHNjcmVlbj0iYWxsb3dmdWxsc2NyZWVuIj48L2lmcmFtZT4=<\/script><\/div><\/div><div class=\"fusion-privacy-placeholder\" style=\"width:450px; height:253px;\" data-privacy-type=\"vimeo\"><div class=\"fusion-privacy-placeholder-content\"><div class=\"fusion-privacy-label\">For privacy reasons Vimeo needs your permission to be loaded.<\/div><a href=\"\" data-privacy-type=\"vimeo\" class=\"fusion-button button-default fusion-button-default-size button fusion-privacy-consent\">I Accept<\/a><\/div><\/div><\/p>\n<p style=\"text-align: justify;\"><em>Pour une lecture \u00e9clair\u00e9e de l&rsquo;art contemporain<\/em> &#8211; Les Mots pour lire, une oeuvre de Chantale Guy expliqu\u00e9e par l&rsquo;herm\u00e9neutique de l&rsquo;art &#8211; Un concept propos\u00e9 par HeleneCaroline Fournier, experte en art et th\u00e9oricienne de l&rsquo;art &#8211; (c) Art Total Multim\u00e9dia 2018<\/p>\n<div class=\"BorlabsCookie _brlbs-cb-vimeo\"><div class=\"_brlbs-content-blocker\"> <div class=\"_brlbs-embed _brlbs-video-vimeo\"> <img class=\"_brlbs-thumbnail\" src=\"https:\/\/artzoomconnection.com\/chantaleguy\/wp-content\/plugins\/borlabs-cookie\/assets\/images\/cb-no-thumbnail.png\" alt=\"Vimeo\"> <div class=\"_brlbs-caption\"> <p>En chargeant cette vid\u00e9o, vous acceptez la politique de confidentialit\u00e9 de Vimeo.<br><a href=\"https:\/\/vimeo.com\/privacy\" target=\"_blank\" rel=\"nofollow noopener noreferrer\">En savoir plus<\/a><\/p> <p><a class=\"_brlbs-btn _brlbs-icon-play-white\" href=\"#\" data-borlabs-cookie-unblock role=\"button\">Charger la vid\u00e9o<\/a><\/p> <p><label><input type=\"checkbox\" name=\"unblockAll\" value=\"1\" checked> <small>Toujours autoriser Vimeo<\/small><\/label><\/p> <\/div> <\/div> <\/div><div class=\"borlabs-hide\" data-borlabs-cookie-type=\"content-blocker\" data-borlabs-cookie-id=\"vimeo\"><script type=\"text\/template\">PHA+PGlmcmFtZSBjbGFzcz0iZnVzaW9uLWhpZGRlbiIgZGF0YS1wcml2YWN5LXR5cGU9InZpbWVvIiBzcmM9IiIgbG9hZGluZz0ibGF6eSIgZGF0YS1wcml2YWN5LXNyYz0iaHR0cHM6Ly9wbGF5ZXIudmltZW8uY29tL3ZpZGVvLzI2OTc0MjMwNj9jb2xvcj1mZjk5MDAmYW1wO3RpdGxlPTAmYW1wO2J5bGluZT0wJmFtcDtwb3J0cmFpdD0wIiB3aWR0aD0iNDUwIiBoZWlnaHQ9IjI1MyIgZnJhbWVib3JkZXI9IjAiIGFsbG93ZnVsbHNjcmVlbj0iYWxsb3dmdWxsc2NyZWVuIj48L2lmcmFtZT4=<\/script><\/div><\/div><div class=\"fusion-privacy-placeholder\" style=\"width:450px; height:253px;\" data-privacy-type=\"vimeo\"><div class=\"fusion-privacy-placeholder-content\"><div class=\"fusion-privacy-label\">For privacy reasons Vimeo needs your permission to be loaded.<\/div><a href=\"\" data-privacy-type=\"vimeo\" class=\"fusion-button button-default fusion-button-default-size button fusion-privacy-consent\">I Accept<\/a><\/div><\/div><\/p>\n<p style=\"text-align: justify;\"><em>Pour une lecture \u00e9clair\u00e9e de l&rsquo;art contemporain<\/em> &#8211; Dame Nature, une oeuvre de Chantale Guy expliqu\u00e9e par l&rsquo;herm\u00e9neutique de l&rsquo;art &#8211; Un concept propos\u00e9 par HeleneCaroline Fournier, experte en art et th\u00e9oricienne de l&rsquo;art &#8211; (c) Art Total Multim\u00e9dia 2018<\/p>\n<div class=\"BorlabsCookie _brlbs-cb-vimeo\"><div class=\"_brlbs-content-blocker\"> <div class=\"_brlbs-embed _brlbs-video-vimeo\"> <img class=\"_brlbs-thumbnail\" src=\"https:\/\/artzoomconnection.com\/chantaleguy\/wp-content\/plugins\/borlabs-cookie\/assets\/images\/cb-no-thumbnail.png\" alt=\"Vimeo\"> <div class=\"_brlbs-caption\"> <p>En chargeant cette vid\u00e9o, vous acceptez la politique de confidentialit\u00e9 de Vimeo.<br><a href=\"https:\/\/vimeo.com\/privacy\" target=\"_blank\" rel=\"nofollow noopener noreferrer\">En savoir plus<\/a><\/p> <p><a class=\"_brlbs-btn _brlbs-icon-play-white\" href=\"#\" data-borlabs-cookie-unblock role=\"button\">Charger la vid\u00e9o<\/a><\/p> <p><label><input type=\"checkbox\" name=\"unblockAll\" value=\"1\" checked> <small>Toujours autoriser Vimeo<\/small><\/label><\/p> <\/div> <\/div> <\/div><div class=\"borlabs-hide\" data-borlabs-cookie-type=\"content-blocker\" data-borlabs-cookie-id=\"vimeo\"><script type=\"text\/template\">PHA+PGlmcmFtZSBjbGFzcz0iZnVzaW9uLWhpZGRlbiIgZGF0YS1wcml2YWN5LXR5cGU9InZpbWVvIiBzcmM9IiIgbG9hZGluZz0ibGF6eSIgZGF0YS1wcml2YWN5LXNyYz0iaHR0cHM6Ly9wbGF5ZXIudmltZW8uY29tL3ZpZGVvLzIxNTI5MzU4Nz9jb2xvcj1mZjk5MDAmYW1wO3RpdGxlPTAmYW1wO2J5bGluZT0wJmFtcDtwb3J0cmFpdD0wIiB3aWR0aD0iNDUwIiBoZWlnaHQ9IjI1MyIgZnJhbWVib3JkZXI9IjAiIGFsbG93ZnVsbHNjcmVlbj0iYWxsb3dmdWxsc2NyZWVuIj48L2lmcmFtZT4=<\/script><\/div><\/div><div class=\"fusion-privacy-placeholder\" style=\"width:450px; height:253px;\" data-privacy-type=\"vimeo\"><div class=\"fusion-privacy-placeholder-content\"><div class=\"fusion-privacy-label\">For privacy reasons Vimeo needs your permission to be loaded.<\/div><a href=\"\" data-privacy-type=\"vimeo\" class=\"fusion-button button-default fusion-button-default-size button fusion-privacy-consent\">I Accept<\/a><\/div><\/div><\/p>\n<p style=\"text-align: justify;\"><em>Pour une lecture \u00e9clair\u00e9e de l&rsquo;art contemporain<\/em> &#8211; Les Crayons jeunes, une oeuvre de Chantale Guy expliqu\u00e9e par l&rsquo;herm\u00e9neutique de l&rsquo;art &#8211; Un concept propos\u00e9 par HeleneCaroline Fournier, experte en art et th\u00e9oricienne de l&rsquo;art &#8211; (c) Art Total Multim\u00e9dia 2017<\/p>\n<div class=\"BorlabsCookie _brlbs-cb-vimeo\"><div class=\"_brlbs-content-blocker\"> <div class=\"_brlbs-embed _brlbs-video-vimeo\"> <img class=\"_brlbs-thumbnail\" src=\"https:\/\/artzoomconnection.com\/chantaleguy\/wp-content\/plugins\/borlabs-cookie\/assets\/images\/cb-no-thumbnail.png\" alt=\"Vimeo\"> <div class=\"_brlbs-caption\"> <p>En chargeant cette vid\u00e9o, vous acceptez la politique de confidentialit\u00e9 de Vimeo.<br><a href=\"https:\/\/vimeo.com\/privacy\" target=\"_blank\" rel=\"nofollow noopener noreferrer\">En savoir plus<\/a><\/p> <p><a class=\"_brlbs-btn _brlbs-icon-play-white\" href=\"#\" data-borlabs-cookie-unblock role=\"button\">Charger la vid\u00e9o<\/a><\/p> <p><label><input type=\"checkbox\" name=\"unblockAll\" value=\"1\" checked> <small>Toujours autoriser Vimeo<\/small><\/label><\/p> <\/div> <\/div> <\/div><div class=\"borlabs-hide\" data-borlabs-cookie-type=\"content-blocker\" data-borlabs-cookie-id=\"vimeo\"><script type=\"text\/template\">PHA+PGlmcmFtZSBjbGFzcz0iZnVzaW9uLWhpZGRlbiIgZGF0YS1wcml2YWN5LXR5cGU9InZpbWVvIiBzcmM9IiIgbG9hZGluZz0ibGF6eSIgZGF0YS1wcml2YWN5LXNyYz0iaHR0cHM6Ly9wbGF5ZXIudmltZW8uY29tL3ZpZGVvLzIxNTI4OTI1OD9jb2xvcj1mZjk5MDAmYW1wO3RpdGxlPTAmYW1wO2J5bGluZT0wJmFtcDtwb3J0cmFpdD0wIiB3aWR0aD0iNDUwIiBoZWlnaHQ9IjI1MyIgZnJhbWVib3JkZXI9IjAiIGFsbG93ZnVsbHNjcmVlbj0iYWxsb3dmdWxsc2NyZWVuIj48L2lmcmFtZT4=<\/script><\/div><\/div><div class=\"fusion-privacy-placeholder\" style=\"width:450px; height:253px;\" data-privacy-type=\"vimeo\"><div class=\"fusion-privacy-placeholder-content\"><div class=\"fusion-privacy-label\">For privacy reasons Vimeo needs your permission to be loaded.<\/div><a href=\"\" data-privacy-type=\"vimeo\" class=\"fusion-button button-default fusion-button-default-size button fusion-privacy-consent\">I Accept<\/a><\/div><\/div><\/p>\n<p style=\"text-align: justify;\"><em>Pour une lecture \u00e9clair\u00e9e de l&rsquo;art contemporain<\/em> &#8211; Emergence de la nature en couleur, une oeuvre de Chantale Guy expliqu\u00e9e par l&rsquo;herm\u00e9neutique de l&rsquo;art &#8211; Un concept propos\u00e9 par HeleneCaroline Fournier, experte en art et th\u00e9oricienne de l&rsquo;art &#8211; (c) Art Total Multim\u00e9dia 2017<\/p>\n<div class=\"BorlabsCookie _brlbs-cb-vimeo\"><div class=\"_brlbs-content-blocker\"> <div class=\"_brlbs-embed _brlbs-video-vimeo\"> <img class=\"_brlbs-thumbnail\" src=\"https:\/\/artzoomconnection.com\/chantaleguy\/wp-content\/plugins\/borlabs-cookie\/assets\/images\/cb-no-thumbnail.png\" alt=\"Vimeo\"> <div class=\"_brlbs-caption\"> <p>En chargeant cette vid\u00e9o, vous acceptez la politique de confidentialit\u00e9 de Vimeo.<br><a href=\"https:\/\/vimeo.com\/privacy\" target=\"_blank\" rel=\"nofollow noopener noreferrer\">En savoir plus<\/a><\/p> <p><a class=\"_brlbs-btn _brlbs-icon-play-white\" href=\"#\" data-borlabs-cookie-unblock role=\"button\">Charger la vid\u00e9o<\/a><\/p> <p><label><input type=\"checkbox\" name=\"unblockAll\" value=\"1\" checked> <small>Toujours autoriser Vimeo<\/small><\/label><\/p> <\/div> <\/div> <\/div><div class=\"borlabs-hide\" data-borlabs-cookie-type=\"content-blocker\" data-borlabs-cookie-id=\"vimeo\"><script type=\"text\/template\">PHA+PGlmcmFtZSBjbGFzcz0iZnVzaW9uLWhpZGRlbiIgZGF0YS1wcml2YWN5LXR5cGU9InZpbWVvIiBzcmM9IiIgbG9hZGluZz0ibGF6eSIgZGF0YS1wcml2YWN5LXNyYz0iaHR0cHM6Ly9wbGF5ZXIudmltZW8uY29tL3ZpZGVvLzIxNTI4Mjc4MD9jb2xvcj1mZjk5MDAmYW1wO3RpdGxlPTAmYW1wO2J5bGluZT0wJmFtcDtwb3J0cmFpdD0wIiB3aWR0aD0iNDUwIiBoZWlnaHQ9IjI1MyIgZnJhbWVib3JkZXI9IjAiIGFsbG93ZnVsbHNjcmVlbj0iYWxsb3dmdWxsc2NyZWVuIj48L2lmcmFtZT4=<\/script><\/div><\/div><div class=\"fusion-privacy-placeholder\" style=\"width:450px; height:253px;\" data-privacy-type=\"vimeo\"><div class=\"fusion-privacy-placeholder-content\"><div class=\"fusion-privacy-label\">For privacy reasons Vimeo needs your permission to be loaded.<\/div><a href=\"\" data-privacy-type=\"vimeo\" class=\"fusion-button button-default fusion-button-default-size button fusion-privacy-consent\">I Accept<\/a><\/div><\/div><\/p>\n<p style=\"text-align: justify;\"><em>Pour une lecture \u00e9clair\u00e9e de l&rsquo;art contemporain<\/em> &#8211; Trio, une oeuvre de Chantale Guy expliqu\u00e9e par l&rsquo;herm\u00e9neutique de l&rsquo;art &#8211; Un concept propos\u00e9 par HeleneCaroline Fournier, experte en art et th\u00e9oricienne de l&rsquo;art &#8211; (c) Art Total Multim\u00e9dia 2017<\/p>\n<div class=\"BorlabsCookie _brlbs-cb-vimeo\"><div class=\"_brlbs-content-blocker\"> <div class=\"_brlbs-embed _brlbs-video-vimeo\"> <img class=\"_brlbs-thumbnail\" src=\"https:\/\/artzoomconnection.com\/chantaleguy\/wp-content\/plugins\/borlabs-cookie\/assets\/images\/cb-no-thumbnail.png\" alt=\"Vimeo\"> <div class=\"_brlbs-caption\"> <p>En chargeant cette vid\u00e9o, vous acceptez la politique de confidentialit\u00e9 de Vimeo.<br><a href=\"https:\/\/vimeo.com\/privacy\" target=\"_blank\" rel=\"nofollow noopener noreferrer\">En savoir plus<\/a><\/p> <p><a class=\"_brlbs-btn _brlbs-icon-play-white\" href=\"#\" data-borlabs-cookie-unblock role=\"button\">Charger la vid\u00e9o<\/a><\/p> <p><label><input type=\"checkbox\" name=\"unblockAll\" value=\"1\" checked> <small>Toujours autoriser Vimeo<\/small><\/label><\/p> <\/div> <\/div> <\/div><div class=\"borlabs-hide\" data-borlabs-cookie-type=\"content-blocker\" data-borlabs-cookie-id=\"vimeo\"><script type=\"text\/template\">PHA+PGlmcmFtZSBjbGFzcz0iZnVzaW9uLWhpZGRlbiIgZGF0YS1wcml2YWN5LXR5cGU9InZpbWVvIiBzcmM9IiIgbG9hZGluZz0ibGF6eSIgZGF0YS1wcml2YWN5LXNyYz0iaHR0cHM6Ly9wbGF5ZXIudmltZW8uY29tL3ZpZGVvLzIwOTQzNTUxMT9jb2xvcj1mZjk5MDAmYW1wO3RpdGxlPTAmYW1wO2J5bGluZT0wJmFtcDtwb3J0cmFpdD0wIiB3aWR0aD0iNDUwIiBoZWlnaHQ9IjI1MyIgZnJhbWVib3JkZXI9IjAiIGFsbG93ZnVsbHNjcmVlbj0iYWxsb3dmdWxsc2NyZWVuIj48L2lmcmFtZT4=<\/script><\/div><\/div><div class=\"fusion-privacy-placeholder\" style=\"width:450px; height:253px;\" data-privacy-type=\"vimeo\"><div class=\"fusion-privacy-placeholder-content\"><div class=\"fusion-privacy-label\">For privacy reasons Vimeo needs your permission to be loaded.<\/div><a href=\"\" data-privacy-type=\"vimeo\" class=\"fusion-button button-default fusion-button-default-size button fusion-privacy-consent\">I Accept<\/a><\/div><\/div><\/p>\n<p style=\"text-align: justify;\">La Grande Exposition Internationale d\u2019ArtZoom 10\u00e8me \u00e9dition du 21 au 26 mars 2017 &#8211; L\u2019Espace contemporain, 313 rue Saint-Jean, Qu\u00e9bec (Canada), sous la pr\u00e9sidence d\u2019honneur de Pierre Poulin.<\/p>\n<div class=\"BorlabsCookie _brlbs-cb-vimeo\"><div class=\"_brlbs-content-blocker\"> <div class=\"_brlbs-embed _brlbs-video-vimeo\"> <img class=\"_brlbs-thumbnail\" src=\"https:\/\/artzoomconnection.com\/chantaleguy\/wp-content\/plugins\/borlabs-cookie\/assets\/images\/cb-no-thumbnail.png\" alt=\"Vimeo\"> <div class=\"_brlbs-caption\"> <p>En chargeant cette vid\u00e9o, vous acceptez la politique de confidentialit\u00e9 de Vimeo.<br><a href=\"https:\/\/vimeo.com\/privacy\" target=\"_blank\" rel=\"nofollow noopener noreferrer\">En savoir plus<\/a><\/p> <p><a class=\"_brlbs-btn _brlbs-icon-play-white\" href=\"#\" data-borlabs-cookie-unblock role=\"button\">Charger la vid\u00e9o<\/a><\/p> <p><label><input type=\"checkbox\" name=\"unblockAll\" value=\"1\" checked> <small>Toujours autoriser Vimeo<\/small><\/label><\/p> <\/div> <\/div> <\/div><div class=\"borlabs-hide\" data-borlabs-cookie-type=\"content-blocker\" data-borlabs-cookie-id=\"vimeo\"><script type=\"text\/template\">PHA+PGlmcmFtZSBjbGFzcz0iZnVzaW9uLWhpZGRlbiIgZGF0YS1wcml2YWN5LXR5cGU9InZpbWVvIiBzcmM9IiIgbG9hZGluZz0ibGF6eSIgZGF0YS1wcml2YWN5LXNyYz0iaHR0cHM6Ly9wbGF5ZXIudmltZW8uY29tL3ZpZGVvLzEyNTg3MTk0Nj9jb2xvcj1mZjk5MDAmYW1wO3RpdGxlPTAmYW1wO2J5bGluZT0wJmFtcDtwb3J0cmFpdD0wIiB3aWR0aD0iNDUwIiBoZWlnaHQ9IjI3MCIgZnJhbWVib3JkZXI9IjAiIGFsbG93ZnVsbHNjcmVlbj0iYWxsb3dmdWxsc2NyZWVuIj48L2lmcmFtZT4=<\/script><\/div><\/div><div class=\"fusion-privacy-placeholder\" style=\"width:450px; height:270px;\" data-privacy-type=\"vimeo\"><div class=\"fusion-privacy-placeholder-content\"><div class=\"fusion-privacy-label\">For privacy reasons Vimeo needs your permission to be loaded.<\/div><a href=\"\" data-privacy-type=\"vimeo\" class=\"fusion-button button-default fusion-button-default-size button fusion-privacy-consent\">I Accept<\/a><\/div><\/div><\/p>\n<p style=\"text-align: justify;\">\u00c9mission Zoom ! (TVCOGECO) Internation&rsquo;ART, 5\u00e8me \u00e9dition &#8211; Biblioth\u00e8que Georges-Henri-L\u00e9vesque, 829 boul. Saint-Joseph, Roberval (Qu\u00e9bec-Canada) &#8211; 15 artistes en exposition &#8211; Entrevue: Caroline Fortin &#8211; Montage: Luc Dassylva<\/p>\n<div class=\"BorlabsCookie _brlbs-cb-vimeo\"><div class=\"_brlbs-content-blocker\"> <div class=\"_brlbs-embed _brlbs-video-vimeo\"> <img class=\"_brlbs-thumbnail\" src=\"https:\/\/artzoomconnection.com\/chantaleguy\/wp-content\/plugins\/borlabs-cookie\/assets\/images\/cb-no-thumbnail.png\" alt=\"Vimeo\"> <div class=\"_brlbs-caption\"> <p>En chargeant cette vid\u00e9o, vous acceptez la politique de confidentialit\u00e9 de Vimeo.<br><a href=\"https:\/\/vimeo.com\/privacy\" target=\"_blank\" rel=\"nofollow noopener noreferrer\">En savoir plus<\/a><\/p> <p><a class=\"_brlbs-btn _brlbs-icon-play-white\" href=\"#\" data-borlabs-cookie-unblock role=\"button\">Charger la vid\u00e9o<\/a><\/p> <p><label><input type=\"checkbox\" name=\"unblockAll\" value=\"1\" checked> <small>Toujours autoriser Vimeo<\/small><\/label><\/p> <\/div> <\/div> <\/div><div class=\"borlabs-hide\" data-borlabs-cookie-type=\"content-blocker\" data-borlabs-cookie-id=\"vimeo\"><script type=\"text\/template\">PHA+PGlmcmFtZSBjbGFzcz0iZnVzaW9uLWhpZGRlbiIgZGF0YS1wcml2YWN5LXR5cGU9InZpbWVvIiBzcmM9IiIgbG9hZGluZz0ibGF6eSIgZGF0YS1wcml2YWN5LXNyYz0iaHR0cHM6Ly9wbGF5ZXIudmltZW8uY29tL3ZpZGVvLzEyNDAwMTA1OT9jb2xvcj1mZjk5MDAmYW1wO3RpdGxlPTAmYW1wO2J5bGluZT0wJmFtcDtwb3J0cmFpdD0wIiB3aWR0aD0iNDUwIiBoZWlnaHQ9IjI1MyIgZnJhbWVib3JkZXI9IjAiIGFsbG93ZnVsbHNjcmVlbj0iYWxsb3dmdWxsc2NyZWVuIj48L2lmcmFtZT4=<\/script><\/div><\/div><div class=\"fusion-privacy-placeholder\" style=\"width:450px; height:253px;\" data-privacy-type=\"vimeo\"><div class=\"fusion-privacy-placeholder-content\"><div class=\"fusion-privacy-label\">For privacy reasons Vimeo needs your permission to be loaded.<\/div><a href=\"\" data-privacy-type=\"vimeo\" class=\"fusion-button button-default fusion-button-default-size button fusion-privacy-consent\">I Accept<\/a><\/div><\/div><\/p>\n<p style=\"text-align: justify;\">Du 7 avril au 3 juin 2015: Internation&rsquo;ART, 5\u00e8me \u00e9dition &#8211; Biblioth\u00e8que Georges-Henri-L\u00e9vesque, 829 boul. Saint-Joseph, Roberval (Qu\u00e9bec-Canada) &#8211; 15 artistes en exposition &#8211; Diffusion internationale le 2 avril 2015 &#8211; libre de diffusion sur Internet &#8211; r\u00e9alisation et montage: Art Total Multim\u00e9dia<\/p>\n<p style=\"text-align: center;\"><div class=\"BorlabsCookie _brlbs-cb-vimeo\"><div class=\"_brlbs-content-blocker\"> <div class=\"_brlbs-embed _brlbs-video-vimeo\"> <img class=\"_brlbs-thumbnail\" src=\"https:\/\/artzoomconnection.com\/chantaleguy\/wp-content\/plugins\/borlabs-cookie\/assets\/images\/cb-no-thumbnail.png\" alt=\"Vimeo\"> <div class=\"_brlbs-caption\"> <p>En chargeant cette vid\u00e9o, vous acceptez la politique de confidentialit\u00e9 de Vimeo.<br><a href=\"https:\/\/vimeo.com\/privacy\" target=\"_blank\" rel=\"nofollow noopener noreferrer\">En savoir plus<\/a><\/p> <p><a class=\"_brlbs-btn _brlbs-icon-play-white\" href=\"#\" data-borlabs-cookie-unblock role=\"button\">Charger la vid\u00e9o<\/a><\/p> <p><label><input type=\"checkbox\" name=\"unblockAll\" value=\"1\" checked> <small>Toujours autoriser Vimeo<\/small><\/label><\/p> <\/div> <\/div> <\/div><div class=\"borlabs-hide\" data-borlabs-cookie-type=\"content-blocker\" data-borlabs-cookie-id=\"vimeo\"><script type=\"text\/template\">PGlmcmFtZSBjbGFzcz0iZnVzaW9uLWhpZGRlbiIgZGF0YS1wcml2YWN5LXR5cGU9InZpbWVvIiBzcmM9IiIgbG9hZGluZz0ibGF6eSIgZGF0YS1wcml2YWN5LXNyYz0iLy9wbGF5ZXIudmltZW8uY29tL3ZpZGVvLzg3MzI2NDgyP3RpdGxlPTAmYW1wO2J5bGluZT0wJmFtcDtwb3J0cmFpdD0wJmFtcDtjb2xvcj1mZjk5MDAiIHdpZHRoPSI0NTAiIGhlaWdodD0iMjUzIiBmcmFtZWJvcmRlcj0iMCIgYWxsb3dmdWxsc2NyZWVuPSJhbGxvd2Z1bGxzY3JlZW4iPjwvaWZyYW1lPg==<\/script><\/div><\/div><div class=\"fusion-privacy-placeholder\" style=\"width:450px; height:253px;\" data-privacy-type=\"vimeo\"><div class=\"fusion-privacy-placeholder-content\"><div class=\"fusion-privacy-label\">For privacy reasons Vimeo needs your permission to be loaded.<\/div><a href=\"\" data-privacy-type=\"vimeo\" class=\"fusion-button button-default fusion-button-default-size button fusion-privacy-consent\">I Accept<\/a><\/div><\/div><\/p>\n<p style=\"text-align: justify;\">Du 2 avril au 4 juin 2014: La 4e \u00e9dition de L\u2019Internation\u2019ART est pr\u00e9sent\u00e9e \u00e0 la Biblioth\u00e8que Georges-Henri-L\u00e9vesque, situ\u00e9e au 829 boul. Saint-Joseph \u00e0 Roberval (Canada) \u2013 Une exposition collective internationale de 17 artistes de 3 continents diff\u00e9rents &#8211; organis\u00e9e conjointement par Art Total Multim\u00e9dia et la Ville de Roberval, en partenariat avec le Salon du Livre du Saguenay-Lac-St-Jean. Le vernissage: le 4 avril d\u00e8s 17h en pr\u00e9sence de certains artistes et de l\u2019auteure, conf\u00e9renci\u00e8re invit\u00e9e Pascale Wilhelmy.<\/p>\n<p style=\"text-align: center;\"><div class=\"BorlabsCookie _brlbs-cb-vimeo\"><div class=\"_brlbs-content-blocker\"> <div class=\"_brlbs-embed _brlbs-video-vimeo\"> <img class=\"_brlbs-thumbnail\" src=\"https:\/\/artzoomconnection.com\/chantaleguy\/wp-content\/plugins\/borlabs-cookie\/assets\/images\/cb-no-thumbnail.png\" alt=\"Vimeo\"> <div class=\"_brlbs-caption\"> <p>En chargeant cette vid\u00e9o, vous acceptez la politique de confidentialit\u00e9 de Vimeo.<br><a href=\"https:\/\/vimeo.com\/privacy\" target=\"_blank\" rel=\"nofollow noopener noreferrer\">En savoir plus<\/a><\/p> <p><a class=\"_brlbs-btn _brlbs-icon-play-white\" href=\"#\" data-borlabs-cookie-unblock role=\"button\">Charger la vid\u00e9o<\/a><\/p> <p><label><input type=\"checkbox\" name=\"unblockAll\" value=\"1\" checked> <small>Toujours autoriser Vimeo<\/small><\/label><\/p> <\/div> <\/div> <\/div><div class=\"borlabs-hide\" data-borlabs-cookie-type=\"content-blocker\" data-borlabs-cookie-id=\"vimeo\"><script type=\"text\/template\">PGlmcmFtZSBjbGFzcz0iZnVzaW9uLWhpZGRlbiIgZGF0YS1wcml2YWN5LXR5cGU9InZpbWVvIiBzcmM9IiIgbG9hZGluZz0ibGF6eSIgZGF0YS1wcml2YWN5LXNyYz0iLy9wbGF5ZXIudmltZW8uY29tL3ZpZGVvLzg5NTU3MzI0P3RpdGxlPTAmYW1wO2J5bGluZT0wJmFtcDtwb3J0cmFpdD0wJmFtcDtjb2xvcj1mZjk5MDAiIHdpZHRoPSI0NTAiIGhlaWdodD0iMjUzIiBmcmFtZWJvcmRlcj0iMCIgYWxsb3dmdWxsc2NyZWVuPSJhbGxvd2Z1bGxzY3JlZW4iPjwvaWZyYW1lPg==<\/script><\/div><\/div><div class=\"fusion-privacy-placeholder\" style=\"width:450px; height:253px;\" data-privacy-type=\"vimeo\"><div class=\"fusion-privacy-placeholder-content\"><div class=\"fusion-privacy-label\">For privacy reasons Vimeo needs your permission to be loaded.<\/div><a href=\"\" data-privacy-type=\"vimeo\" class=\"fusion-button button-default fusion-button-default-size button fusion-privacy-consent\">I Accept<\/a><\/div><\/div><\/p>\n<p style=\"text-align: justify;\">La Grande Exposition Internationale d\u2019ArtZoom 7e \u00e9dition en images &#8211; L\u2019exposition est pr\u00e9sent\u00e9e du 18 au 23 mars 2014 \u00e0 L\u2019Espace contemporain de Qu\u00e9bec, 313 rue Saint-Jean \u00e0 Qu\u00e9bec (Canada) &#8211; Commissaire d\u2019exposition: HeleneCaroline Fournier &#8211; Pr\u00e9sidente d\u2019honneur: Edith Li\u00e9tar<\/p>\n<p style=\"text-align: center;\"><div class=\"BorlabsCookie _brlbs-cb-vimeo\"><div class=\"_brlbs-content-blocker\"> <div class=\"_brlbs-embed _brlbs-video-vimeo\"> <img class=\"_brlbs-thumbnail\" src=\"https:\/\/artzoomconnection.com\/chantaleguy\/wp-content\/plugins\/borlabs-cookie\/assets\/images\/cb-no-thumbnail.png\" alt=\"Vimeo\"> <div class=\"_brlbs-caption\"> <p>En chargeant cette vid\u00e9o, vous acceptez la politique de confidentialit\u00e9 de Vimeo.<br><a href=\"https:\/\/vimeo.com\/privacy\" target=\"_blank\" rel=\"nofollow noopener noreferrer\">En savoir plus<\/a><\/p> <p><a class=\"_brlbs-btn _brlbs-icon-play-white\" href=\"#\" data-borlabs-cookie-unblock role=\"button\">Charger la vid\u00e9o<\/a><\/p> <p><label><input type=\"checkbox\" name=\"unblockAll\" value=\"1\" checked> <small>Toujours autoriser Vimeo<\/small><\/label><\/p> <\/div> <\/div> <\/div><div class=\"borlabs-hide\" data-borlabs-cookie-type=\"content-blocker\" data-borlabs-cookie-id=\"vimeo\"><script type=\"text\/template\">PGlmcmFtZSBjbGFzcz0iZnVzaW9uLWhpZGRlbiIgZGF0YS1wcml2YWN5LXR5cGU9InZpbWVvIiBzcmM9IiIgbG9hZGluZz0ibGF6eSIgZGF0YS1wcml2YWN5LXNyYz0iLy9wbGF5ZXIudmltZW8uY29tL3ZpZGVvLzg3MDU5NzI0P3RpdGxlPTAmYW1wO2J5bGluZT0wJmFtcDtwb3J0cmFpdD0wJmFtcDtjb2xvcj1mZjk5MDAiIHdpZHRoPSI0NTAiIGhlaWdodD0iMjUzIiBmcmFtZWJvcmRlcj0iMCIgYWxsb3dmdWxsc2NyZWVuPSJhbGxvd2Z1bGxzY3JlZW4iPjwvaWZyYW1lPg==<\/script><\/div><\/div><div class=\"fusion-privacy-placeholder\" style=\"width:450px; height:253px;\" data-privacy-type=\"vimeo\"><div class=\"fusion-privacy-placeholder-content\"><div class=\"fusion-privacy-label\">For privacy reasons Vimeo needs your permission to be loaded.<\/div><a href=\"\" data-privacy-type=\"vimeo\" class=\"fusion-button button-default fusion-button-default-size button fusion-privacy-consent\">I Accept<\/a><\/div><\/div><\/p>\n<p style=\"text-align: justify;\">Du 18 au 23 mars 2014: La 7e \u00e9dition de La Grande Exposition Internationale d&rsquo;ArtZoom est pr\u00e9sent\u00e9e \u00e0 L&rsquo;Espace contemporain galerie d&rsquo;art, situ\u00e9e au 313, rue Saint-Jean \u00e0 Qu\u00e9bec (Canada) &#8211; Une exposition collective internationale de 14 artistes de 3 continents diff\u00e9rents.<\/p>\n<p style=\"text-align: center;\"><div class=\"BorlabsCookie _brlbs-cb-vimeo\"><div class=\"_brlbs-content-blocker\"> <div class=\"_brlbs-embed _brlbs-video-vimeo\"> <img class=\"_brlbs-thumbnail\" src=\"https:\/\/artzoomconnection.com\/chantaleguy\/wp-content\/plugins\/borlabs-cookie\/assets\/images\/cb-no-thumbnail.png\" alt=\"Vimeo\"> <div class=\"_brlbs-caption\"> <p>En chargeant cette vid\u00e9o, vous acceptez la politique de confidentialit\u00e9 de Vimeo.<br><a href=\"https:\/\/vimeo.com\/privacy\" target=\"_blank\" rel=\"nofollow noopener noreferrer\">En savoir plus<\/a><\/p> <p><a class=\"_brlbs-btn _brlbs-icon-play-white\" href=\"#\" data-borlabs-cookie-unblock role=\"button\">Charger la vid\u00e9o<\/a><\/p> <p><label><input type=\"checkbox\" name=\"unblockAll\" value=\"1\" checked> <small>Toujours autoriser Vimeo<\/small><\/label><\/p> <\/div> <\/div> <\/div><div class=\"borlabs-hide\" data-borlabs-cookie-type=\"content-blocker\" data-borlabs-cookie-id=\"vimeo\"><script type=\"text\/template\">PGlmcmFtZSBjbGFzcz0iZnVzaW9uLWhpZGRlbiIgZGF0YS1wcml2YWN5LXR5cGU9InZpbWVvIiBzcmM9IiIgbG9hZGluZz0ibGF6eSIgZGF0YS1wcml2YWN5LXNyYz0iLy9wbGF5ZXIudmltZW8uY29tL3ZpZGVvLzc1MTEzODUwP3RpdGxlPTAmYW1wO2J5bGluZT0wJmFtcDtwb3J0cmFpdD0wJmFtcDtjb2xvcj1mZjk5MDAiIHdpZHRoPSI0NTAiIGhlaWdodD0iMjUzIiBmcmFtZWJvcmRlcj0iMCIgYWxsb3dmdWxsc2NyZWVuPSJhbGxvd2Z1bGxzY3JlZW4iPjwvaWZyYW1lPg==<\/script><\/div><\/div><div class=\"fusion-privacy-placeholder\" style=\"width:450px; height:253px;\" data-privacy-type=\"vimeo\"><div class=\"fusion-privacy-placeholder-content\"><div class=\"fusion-privacy-label\">For privacy reasons Vimeo needs your permission to be loaded.<\/div><a href=\"\" data-privacy-type=\"vimeo\" class=\"fusion-button button-default fusion-button-default-size button fusion-privacy-consent\">I Accept<\/a><\/div><\/div><\/p>\n<p style=\"text-align: justify;\">Libr&rsquo;art 2013 &#8211; du 20 au 29 septembre 2013 &#8211; Salon international d&rsquo;art contemporain de Libramont (Belgique) &#8211; LIBR&rsquo;ART &#8211; Halle aux Foires, Place Communale 5-7, Libramont (Belgique)<\/p>\n<p style=\"text-align: center;\"><div class=\"BorlabsCookie _brlbs-cb-vimeo\"><div class=\"_brlbs-content-blocker\"> <div class=\"_brlbs-embed _brlbs-video-vimeo\"> <img class=\"_brlbs-thumbnail\" src=\"https:\/\/artzoomconnection.com\/chantaleguy\/wp-content\/plugins\/borlabs-cookie\/assets\/images\/cb-no-thumbnail.png\" alt=\"Vimeo\"> <div class=\"_brlbs-caption\"> <p>En chargeant cette vid\u00e9o, vous acceptez la politique de confidentialit\u00e9 de Vimeo.<br><a href=\"https:\/\/vimeo.com\/privacy\" target=\"_blank\" rel=\"nofollow noopener noreferrer\">En savoir plus<\/a><\/p> <p><a class=\"_brlbs-btn _brlbs-icon-play-white\" href=\"#\" data-borlabs-cookie-unblock role=\"button\">Charger la vid\u00e9o<\/a><\/p> <p><label><input type=\"checkbox\" name=\"unblockAll\" value=\"1\" checked> <small>Toujours autoriser Vimeo<\/small><\/label><\/p> <\/div> <\/div> <\/div><div class=\"borlabs-hide\" data-borlabs-cookie-type=\"content-blocker\" data-borlabs-cookie-id=\"vimeo\"><script type=\"text\/template\">PGlmcmFtZSBjbGFzcz0iZnVzaW9uLWhpZGRlbiIgZGF0YS1wcml2YWN5LXR5cGU9InZpbWVvIiBzcmM9IiIgbG9hZGluZz0ibGF6eSIgZGF0YS1wcml2YWN5LXNyYz0iaHR0cDovL3BsYXllci52aW1lby5jb20vdmlkZW8vNjYxMjUxNzk\/dGl0bGU9MCZhbXA7YnlsaW5lPTAmYW1wO3BvcnRyYWl0PTAmYW1wO2NvbG9yPWZmOTkwMCIgd2lkdGg9IjQ1MCIgaGVpZ2h0PSIyODQiIGZyYW1lYm9yZGVyPSIwIiBhbGxvd2Z1bGxzY3JlZW49ImFsbG93ZnVsbHNjcmVlbiI+PC9pZnJhbWU+<\/script><\/div><\/div><div class=\"fusion-privacy-placeholder\" style=\"width:450px; height:284px;\" data-privacy-type=\"vimeo\"><div class=\"fusion-privacy-placeholder-content\"><div class=\"fusion-privacy-label\">For privacy reasons Vimeo needs your permission to be loaded.<\/div><a href=\"\" data-privacy-type=\"vimeo\" class=\"fusion-button button-default fusion-button-default-size button fusion-privacy-consent\">I Accept<\/a><\/div><\/div><\/p>\n<p style=\"text-align: justify;\">\u00c9mission Zoom ! r\u00e9alis\u00e9e par TVCOGECO (Luc Dassylva) et anim\u00e9e par Caroline Fortin &#8211; Extrait du vernissage du 5 avril 2013, lors de l&rsquo;inauguration de l&rsquo;Internation&rsquo;ART 3e \u00e9dition. Entrevues: HeleneCaroline Fournier (commissaire), Lyne Lafontaine (artiste), Chantale Guy (artiste), Pierre Bureau (artiste), LO (artiste), Marie-Paul Ross (conf\u00e9renci\u00e8re), Tania Desbiens (r\u00e9gisseure de la biblioth\u00e8que). Diffusion sur artzoom.tv et sur emag.artzoomconnection.com<\/p>\n<p style=\"text-align: center;\"><div class=\"BorlabsCookie _brlbs-cb-vimeo\"><div class=\"_brlbs-content-blocker\"> <div class=\"_brlbs-embed _brlbs-video-vimeo\"> <img class=\"_brlbs-thumbnail\" src=\"https:\/\/artzoomconnection.com\/chantaleguy\/wp-content\/plugins\/borlabs-cookie\/assets\/images\/cb-no-thumbnail.png\" alt=\"Vimeo\"> <div class=\"_brlbs-caption\"> <p>En chargeant cette vid\u00e9o, vous acceptez la politique de confidentialit\u00e9 de Vimeo.<br><a href=\"https:\/\/vimeo.com\/privacy\" target=\"_blank\" rel=\"nofollow noopener noreferrer\">En savoir plus<\/a><\/p> <p><a class=\"_brlbs-btn _brlbs-icon-play-white\" href=\"#\" data-borlabs-cookie-unblock role=\"button\">Charger la vid\u00e9o<\/a><\/p> <p><label><input type=\"checkbox\" name=\"unblockAll\" value=\"1\" checked> <small>Toujours autoriser Vimeo<\/small><\/label><\/p> <\/div> <\/div> <\/div><div class=\"borlabs-hide\" data-borlabs-cookie-type=\"content-blocker\" data-borlabs-cookie-id=\"vimeo\"><script type=\"text\/template\">PGlmcmFtZSBjbGFzcz0iZnVzaW9uLWhpZGRlbiIgZGF0YS1wcml2YWN5LXR5cGU9InZpbWVvIiBzcmM9IiIgbG9hZGluZz0ibGF6eSIgZGF0YS1wcml2YWN5LXNyYz0iaHR0cDovL3BsYXllci52aW1lby5jb20vdmlkZW8vNjQyNDI4MDU\/dGl0bGU9MCZhbXA7YnlsaW5lPTAmYW1wO3BvcnRyYWl0PTAmYW1wO2NvbG9yPWZmOTkwMCIgd2lkdGg9IjQ1MCIgaGVpZ2h0PSIyNTAiIGZyYW1lYm9yZGVyPSIwIiBhbGxvd2Z1bGxzY3JlZW49ImFsbG93ZnVsbHNjcmVlbiI+PC9pZnJhbWU+<\/script><\/div><\/div><div class=\"fusion-privacy-placeholder\" style=\"width:450px; height:250px;\" data-privacy-type=\"vimeo\"><div class=\"fusion-privacy-placeholder-content\"><div class=\"fusion-privacy-label\">For privacy reasons Vimeo needs your permission to be loaded.<\/div><a href=\"\" data-privacy-type=\"vimeo\" class=\"fusion-button button-default fusion-button-default-size button fusion-privacy-consent\">I Accept<\/a><\/div><\/div><\/p>\n<p style=\"text-align: justify;\">Entrevue avec Radio-Canada &#8211; diffusion: le 8 avril 2013 &#8211; Entrevue de Julie Larouche &#8211; T\u00e9l\u00e9journal de Radio-Canada (nouvelles r\u00e9gionales du Saguenay-Lac-St-Jean)<\/p>\n<p style=\"text-align: center;\"><div class=\"BorlabsCookie _brlbs-cb-vimeo\"><div class=\"_brlbs-content-blocker\"> <div class=\"_brlbs-embed _brlbs-video-vimeo\"> <img class=\"_brlbs-thumbnail\" src=\"https:\/\/artzoomconnection.com\/chantaleguy\/wp-content\/plugins\/borlabs-cookie\/assets\/images\/cb-no-thumbnail.png\" alt=\"Vimeo\"> <div class=\"_brlbs-caption\"> <p>En chargeant cette vid\u00e9o, vous acceptez la politique de confidentialit\u00e9 de Vimeo.<br><a href=\"https:\/\/vimeo.com\/privacy\" target=\"_blank\" rel=\"nofollow noopener noreferrer\">En savoir plus<\/a><\/p> <p><a class=\"_brlbs-btn _brlbs-icon-play-white\" href=\"#\" data-borlabs-cookie-unblock role=\"button\">Charger la vid\u00e9o<\/a><\/p> <p><label><input type=\"checkbox\" name=\"unblockAll\" value=\"1\" checked> <small>Toujours autoriser Vimeo<\/small><\/label><\/p> <\/div> <\/div> <\/div><div class=\"borlabs-hide\" data-borlabs-cookie-type=\"content-blocker\" data-borlabs-cookie-id=\"vimeo\"><script type=\"text\/template\">PGlmcmFtZSBjbGFzcz0iZnVzaW9uLWhpZGRlbiIgZGF0YS1wcml2YWN5LXR5cGU9InZpbWVvIiBzcmM9IiIgbG9hZGluZz0ibGF6eSIgZGF0YS1wcml2YWN5LXNyYz0iaHR0cDovL3BsYXllci52aW1lby5jb20vdmlkZW8vNjMwMDc0NDI\/dGl0bGU9MCZhbXA7YnlsaW5lPTAmYW1wO3BvcnRyYWl0PTAmYW1wO2NvbG9yPWZmOTkwMCIgd2lkdGg9IjQ1MCIgaGVpZ2h0PSIyNTMiIGZyYW1lYm9yZGVyPSIwIiBhbGxvd2Z1bGxzY3JlZW49ImFsbG93ZnVsbHNjcmVlbiI+PC9pZnJhbWU+<\/script><\/div><\/div><div class=\"fusion-privacy-placeholder\" style=\"width:450px; height:253px;\" data-privacy-type=\"vimeo\"><div class=\"fusion-privacy-placeholder-content\"><div class=\"fusion-privacy-label\">For privacy reasons Vimeo needs your permission to be loaded.<\/div><a href=\"\" data-privacy-type=\"vimeo\" class=\"fusion-button button-default fusion-button-default-size button fusion-privacy-consent\">I Accept<\/a><\/div><\/div><\/p>\n<p style=\"text-align: justify;\">L&rsquo;Internation&rsquo;ART 2013 &#8211; du 28 mars au 4 juin 2013 \u00e0 la Biblioth\u00e8que Georges-Henri-L\u00e9vesque, 829 boul. Saint-Joseph, Roberval (Canada) &#8211; pr\u00e9sentation de l&rsquo;exposition &#8211; commissaire: HeleneCaroline Fournier<\/p>\n<\/div><div class=\"fusion-clearfix\"><\/div>\n\n\t\t\t\t\t<\/div>\n\t\t\t\t<\/div><\/div><\/div>\n","protected":false},"excerpt":{"rendered":"","protected":false},"author":1,"featured_media":0,"parent":1687,"menu_order":4,"comment_status":"closed","ping_status":"closed","template":"","meta":[],"_links":{"self":[{"href":"https:\/\/artzoomconnection.com\/chantaleguy\/wp-json\/wp\/v2\/pages\/43"}],"collection":[{"href":"https:\/\/artzoomconnection.com\/chantaleguy\/wp-json\/wp\/v2\/pages"}],"about":[{"href":"https:\/\/artzoomconnection.com\/chantaleguy\/wp-json\/wp\/v2\/types\/page"}],"author":[{"embeddable":true,"href":"https:\/\/artzoomconnection.com\/chantaleguy\/wp-json\/wp\/v2\/users\/1"}],"replies":[{"embeddable":true,"href":"https:\/\/artzoomconnection.com\/chantaleguy\/wp-json\/wp\/v2\/comments?post=43"}],"version-history":[{"count":59,"href":"https:\/\/artzoomconnection.com\/chantaleguy\/wp-json\/wp\/v2\/pages\/43\/revisions"}],"predecessor-version":[{"id":3328,"href":"https:\/\/artzoomconnection.com\/chantaleguy\/wp-json\/wp\/v2\/pages\/43\/revisions\/3328"}],"up":[{"embeddable":true,"href":"https:\/\/artzoomconnection.com\/chantaleguy\/wp-json\/wp\/v2\/pages\/1687"}],"wp:attachment":[{"href":"https:\/\/artzoomconnection.com\/chantaleguy\/wp-json\/wp\/v2\/media?parent=43"}],"curies":[{"name":"wp","href":"https:\/\/api.w.org\/{rel}","templated":true}]}}