
{"id":1625,"date":"2012-11-10T15:31:33","date_gmt":"2012-11-10T14:31:33","guid":{"rendered":"http:\/\/www.artzoomconnection.com\/lo\/?page_id=1625"},"modified":"2021-10-27T04:28:32","modified_gmt":"2021-10-27T03:28:32","slug":"biographie","status":"publish","type":"page","link":"https:\/\/artzoomconnection.com\/dumont\/presentation\/biographie\/","title":{"rendered":"BIOGRAPHIE"},"content":{"rendered":"<div class=\"fusion-fullwidth fullwidth-box fusion-builder-row-1 fusion-flex-container nonhundred-percent-fullwidth non-hundred-percent-height-scrolling\" style=\"background-color: rgba(255,255,255,0);background-position: center center;background-repeat: no-repeat;border-width: 0px 0px 0px 0px;border-color:#eae9e9;border-style:solid;\" ><div class=\"fusion-builder-row fusion-row fusion-flex-align-items-flex-start\" style=\"max-width:1144px;margin-left: calc(-4% \/ 2 );margin-right: calc(-4% \/ 2 );\"><div class=\"fusion-layout-column fusion_builder_column fusion-builder-column-0 fusion_builder_column_1_3 1_3 fusion-flex-column\"><div class=\"fusion-column-wrapper fusion-flex-justify-content-flex-start fusion-content-layout-column\" style=\"background-position:left top;background-repeat:no-repeat;-webkit-background-size:cover;-moz-background-size:cover;-o-background-size:cover;background-size:cover;padding: 0px 0px 0px 0px;\"><div class=\"fusion-text fusion-text-1\" style=\"transform:translate3d(0,0,0);\"><p>FORMATION<\/p>\n<p>&#8211; Cours de dessins au coll\u00e9gial<br \/>\n\u2013 D\u00e9but BAC enseignement en Art, Universit\u00e9 Laval, Qu\u00e9bec<br \/>\n\u2013 Ateliers Toiles Blanches-Suzanne Longval, 2014-2016<br \/>\n\u2013 Cours gestion de carri\u00e8re artistique, Galerie d\u2019art Ni Vu ni Cornu, 2017<br \/>\n\u2013 Cours d\u2019art et d\u2019histoire de l\u2019art, au MNBAQ sur Alberto Giacometti et l\u2019histoire des couleurs, leurs propri\u00e9t\u00e9s, leur symbolisme via l\u2019exposition de Fernand Leduc, 2018 &#8211; certificat d\u2019\u00e9tudes (Acad\u00e9mie des arts visuels du CIAAZ)<br \/>\n\u2013 Cours d\u2019histoire de l\u2019art, au MNBAQ sur 350 ans de pratiques artistiques au Qu\u00e9bec, 2019 &#8211; certificat d\u2019\u00e9tudes (Acad\u00e9mie des arts visuels du CIAAZ)<\/p>\n<\/div><style type=\"text\/css\">@media only screen and (max-width:1024px) {.fusion-title.fusion-title-1{margin-top:0px!important;margin-bottom:31px!important;}}<\/style><div class=\"fusion-title title fusion-title-1 fusion-title-text fusion-title-size-one\" style=\"margin-top:0px;margin-bottom:31px;\"><div class=\"title-sep-container title-sep-container-left fusion-no-large-visibility fusion-no-medium-visibility fusion-no-small-visibility\"><div class=\"title-sep sep-double sep-solid\" style=\"border-color:#e0dede;\"><\/div><\/div><h1 class=\"title-heading-left\" style=\"margin:0;\"><h3 style=\"text-align: center;\"><strong>Corrid\u2019Art<\/strong><\/h3><\/h1><div class=\"title-sep-container title-sep-container-right\"><div class=\"title-sep sep-double sep-solid\" style=\"border-color:#e0dede;\"><\/div><\/div><\/div><div class=\"fusion-text fusion-text-2\" style=\"transform:translate3d(0,0,0);\"><p><img class=\"size-medium wp-image-2671 aligncenter\" src=\"https:\/\/artzoomconnection.com\/dumont\/wp-content\/uploads\/597401D3-A961-460F-9101-47D080EBA3F8-225x300.jpeg\" alt=\"\" width=\"225\" height=\"300\" srcset=\"https:\/\/artzoomconnection.com\/dumont\/wp-content\/uploads\/597401D3-A961-460F-9101-47D080EBA3F8-200x267.jpeg 200w, https:\/\/artzoomconnection.com\/dumont\/wp-content\/uploads\/597401D3-A961-460F-9101-47D080EBA3F8-225x300.jpeg 225w, https:\/\/artzoomconnection.com\/dumont\/wp-content\/uploads\/597401D3-A961-460F-9101-47D080EBA3F8-400x533.jpeg 400w, https:\/\/artzoomconnection.com\/dumont\/wp-content\/uploads\/597401D3-A961-460F-9101-47D080EBA3F8-500x667.jpeg 500w, https:\/\/artzoomconnection.com\/dumont\/wp-content\/uploads\/597401D3-A961-460F-9101-47D080EBA3F8-600x800.jpeg 600w, https:\/\/artzoomconnection.com\/dumont\/wp-content\/uploads\/597401D3-A961-460F-9101-47D080EBA3F8-700x933.jpeg 700w, https:\/\/artzoomconnection.com\/dumont\/wp-content\/uploads\/597401D3-A961-460F-9101-47D080EBA3F8.jpeg 720w\" sizes=\"(max-width: 225px) 100vw, 225px\" \/><\/p>\n<p><img class=\"size-medium wp-image-2672 aligncenter\" src=\"https:\/\/artzoomconnection.com\/dumont\/wp-content\/uploads\/8B3AA299-CD21-4093-AC8F-30FC58723A20-225x300.jpeg\" alt=\"\" width=\"225\" height=\"300\" srcset=\"https:\/\/artzoomconnection.com\/dumont\/wp-content\/uploads\/8B3AA299-CD21-4093-AC8F-30FC58723A20-200x267.jpeg 200w, https:\/\/artzoomconnection.com\/dumont\/wp-content\/uploads\/8B3AA299-CD21-4093-AC8F-30FC58723A20-225x300.jpeg 225w, https:\/\/artzoomconnection.com\/dumont\/wp-content\/uploads\/8B3AA299-CD21-4093-AC8F-30FC58723A20-400x533.jpeg 400w, https:\/\/artzoomconnection.com\/dumont\/wp-content\/uploads\/8B3AA299-CD21-4093-AC8F-30FC58723A20-500x667.jpeg 500w, https:\/\/artzoomconnection.com\/dumont\/wp-content\/uploads\/8B3AA299-CD21-4093-AC8F-30FC58723A20-600x800.jpeg 600w, https:\/\/artzoomconnection.com\/dumont\/wp-content\/uploads\/8B3AA299-CD21-4093-AC8F-30FC58723A20-700x933.jpeg 700w, https:\/\/artzoomconnection.com\/dumont\/wp-content\/uploads\/8B3AA299-CD21-4093-AC8F-30FC58723A20.jpeg 720w\" sizes=\"(max-width: 225px) 100vw, 225px\" \/><\/p>\n<\/div><div class=\"fusion-text fusion-text-3\" style=\"transform:translate3d(0,0,0);\"><p style=\"text-align: center;\">Parc de la Gentiane \/ Gentiane Park, Lac-Beauport (Canada)<\/p>\n<\/div><\/div><\/div><style type=\"text\/css\">.fusion-body .fusion-builder-column-0{width:33.333333333333% !important;margin-top : 0px;margin-bottom : 0px;}.fusion-builder-column-0 > .fusion-column-wrapper {padding-top : 0px !important;padding-right : 0px !important;margin-right : 3.84%;padding-bottom : 0px !important;padding-left : 0px !important;margin-left : 5.76%;}@media only screen and (max-width:1024px) {.fusion-body .fusion-builder-column-0{width:33.333333333333% !important;}.fusion-builder-column-0 > .fusion-column-wrapper {margin-right : 3.84%;margin-left : 5.76%;}}@media only screen and (max-width:640px) {.fusion-body .fusion-builder-column-0{width:100% !important;}.fusion-builder-column-0 > .fusion-column-wrapper {margin-right : 1.92%;margin-left : 1.92%;}}<\/style><div class=\"fusion-layout-column fusion_builder_column fusion-builder-column-1 fusion_builder_column_2_3 2_3 fusion-flex-column\"><div class=\"fusion-column-wrapper fusion-flex-justify-content-flex-start fusion-content-layout-column\" style=\"background-position:left top;background-repeat:no-repeat;-webkit-background-size:cover;-moz-background-size:cover;-o-background-size:cover;background-size:cover;padding: 0px 0px 0px 0px;\"><div class=\"fusion-text fusion-text-4\" style=\"transform:translate3d(0,0,0);\"><p><span style=\"color: #ff9900;\"><em>ENGLISH VERSION FOLLOWS FRENCH VERSION<\/em><\/span><\/p>\n<h4>PR\u00c9SENTATION DE L&#8217;ARTISTE<\/h4>\n<p style=\"text-align: justify;\"><img class=\"alignright wp-image-2410 size-medium\" src=\"https:\/\/artzoomconnection.com\/dumont\/wp-content\/uploads\/jdumont-300x300.jpg\" alt=\"\" width=\"300\" height=\"300\" srcset=\"https:\/\/artzoomconnection.com\/dumont\/wp-content\/uploads\/jdumont-150x150.jpg 150w, https:\/\/artzoomconnection.com\/dumont\/wp-content\/uploads\/jdumont-200x200.jpg 200w, https:\/\/artzoomconnection.com\/dumont\/wp-content\/uploads\/jdumont-300x300.jpg 300w, https:\/\/artzoomconnection.com\/dumont\/wp-content\/uploads\/jdumont.jpg 390w\" sizes=\"(max-width: 300px) 100vw, 300px\" \/>N\u00e9e en 1969 dans la r\u00e9gion de la Mont\u00e9r\u00e9gie, Jocelyne Dumont vit aujourd\u2019hui \u00e0 Lac-Beauport, en banlieue de Qu\u00e9bec.<\/p>\n<p style=\"text-align: justify;\">Bien qu\u2019elle soit une artiste autodidacte, le dessin et la peinture ont toujours fait partie de sa vie. L\u2019art a toujours \u00e9t\u00e9 son mode d\u2019expression et son refuge. Enfant, son milieu familial n\u2019est pas propice au d\u00e9veloppement artistique, mais une capacit\u00e9 est bien pr\u00e9sente en elle. Elle suit donc des cours de dessin au niveau coll\u00e9gial et d\u00e9bute un baccalaur\u00e9at en arts plastiques \u00e0 l\u2019Universit\u00e9 Laval que les al\u00e9as de la vie ont fait interrompre au profit d\u2019un travail en administration. Or, c\u2019est la participation aux sessions Ateliers Toiles Blanches, anim\u00e9es avec Suzanne Longval, qui a v\u00e9ritablement \u00e9t\u00e9 l\u2019\u00e9l\u00e9ment d\u00e9clencheur. De plus, Diane Gagnon, coach de vie, auteure et conf\u00e9renci\u00e8re \u2013 une personne tr\u00e8s importante dans sa vie \u2013 l\u2019encourage fortement \u00e0 se lancer dans la profession d\u2019artiste peintre. Ayant trouv\u00e9 une certaine confiance en elle, gr\u00e2ce \u00e0 de bons commentaires, en 2016, elle expose en tant qu\u2019artiste permanente \u00e0 la Galerie Zen, alors situ\u00e9e \u00e0 Lac-Beauport. Elle y exposera jusqu\u2019en 2017. Elle y rencontre d\u2019autres artistes et des professionnels du milieu de l\u2019art. Elle participe \u00e9galement \u00e0 une table ronde entre artistes sur l\u2019art et son avenir au Qu\u00e9bec. Cette premi\u00e8re pr\u00e9sence en galerie sera un tremplin formidable pour l\u2019artiste qui obtient, dans la foul\u00e9e, une exposition \u00e0 la Galerie MJ Laberge de Boucherville dans laquelle le public la retrouve au d\u00e9but de l\u2019ann\u00e9e 2017. Entre temps, Jocelyne Dumont \u2013 qui signe ses \u0153uvres DUMONT \u2013 poursuit sa formation en d\u00e9veloppement de carri\u00e8re. Son but est d\u2019aller plus loin dans cette profession qui lui permet de s\u2019exprimer sans aucune contrainte et d\u2019\u00eatre vraiment elle. En 2017, elle expose au ArtExpo New York \u00e0 New York, \u00e0 Palm Spring, \u00e0 Miami et \u00e0 West Palm Beach (USA). Cette m\u00eame ann\u00e9e, elle est choisie pour participer au projet d\u2019art Corrid\u2019art \u00e0 Lac-Beauport, une visibilit\u00e9 assur\u00e9e jusqu\u2019en 2019, avec la Guilde artistique de Lac-Beauport (GALB). En 2018, elle se retrouve \u00e0 nouveau au ArtExpo New York pour une deuxi\u00e8me ann\u00e9e cons\u00e9cutive o\u00f9 elle y rencontre un certain succ\u00e8s.<\/p>\n<p style=\"text-align: justify;\">En 2018, elle \u00e9prouve la n\u00e9cessit\u00e9 de s\u2019entourer de professionnels du milieu des arts qui connaissent bien le march\u00e9 international. Son travail est \u00e9valu\u00e9e par une experte en art qui \u00e9tablie sa valeur en consid\u00e9rant sa pr\u00e9sence de plus en plus marqu\u00e9e sur le march\u00e9 am\u00e9ricain.<\/p>\n<p style=\"text-align: justify;\">En 2019, elle poursuit son cheminement professionnel avec des expositions internationales, notamment au Art Palm Beach Contemporary Art Fair, \u00e0 West Palm Beach (USA), au Mus\u00e9e d\u2019art contemporain VR 3D (MAC VR 3D) en France, et \u00e0 l\u2019Internation\u2019ART, une exposition internationale au Canada. Elle obtient plusieurs distinctions pour son travail, dont une Grande Distinction honorifique du CIAAZ et deux certificats de reconnaissance pour avoir particip\u00e9 \u00e0 des expositions collectives dans un mus\u00e9e en France. Elle obtiendra deux autres certificats en 2020 et un en 2021 pour des expositions internationales au Mus\u00e9e d\u2019art contemporain VR 3D (MACVR3D). Toujours en 2019, l\u2019artiste est repr\u00e9sent\u00e9e de fa\u00e7on permanente dans le projet Corrid\u2019Art \u00e0 Lac-Beauport, une exposition en plein art au Parc de la Gentiane. Une deuxi\u00e8me oeuvre s\u2019y rajoutera par la suite en 2021. Entre temps, en 2019 et 2020, elle participe \u00e0 l\u2019\u00e9v\u00e8nement \u00ab Le mois des galeries \u00bb respectivement dans la cour int\u00e9rieure du Mus\u00e9e de la civilisation \u00e0 Qu\u00e9bec et au Vieux Port de Qu\u00e9bec.<\/p>\n<p style=\"text-align: justify;\">En 2020, elle fait partie des quelques artistes professionnels qui participent \u00e0 une \u00e9tude sociologique ayant trait aux effets de la pand\u00e9mie dans la pratique artistique chez les artistes en arts visuels. Le dossier sp\u00e9cial est publi\u00e9 en deux volets, sur HEART, magazine des arts. A l\u2019\u00e9t\u00e9 2021, elle r\u00e9it\u00e8re l\u2019exp\u00e9rience aupr\u00e8s d\u2019artistes s\u00e9lectionn\u00e9s pour faire partie de la suite de l\u2019\u00e9tude sociologique.<\/p>\n<p style=\"text-align: justify;\">A l\u2019heure actuelle, DUMONT est en production et pr\u00e9pare ses prochaines expositions.<\/p>\n<p><em>Biographie \u00e9crite par HeleneCaroline Fournier, experte en art et th\u00e9oricienne de l&#8217;art, r\u00e9dactrice sp\u00e9cialis\u00e9e, critique d&#8217;art<\/em><\/p>\n<hr \/>\n<p style=\"text-align: center;\">\u2014\u2014 ENGLISH VERSION \u2014\u2014<\/p>\n<hr \/>\n<h4>INTRODUCTION<\/h4>\n<p><img class=\"alignleft wp-image-2484\" src=\"https:\/\/artzoomconnection.com\/dumont\/wp-content\/uploads\/dumont-300x300.jpg\" alt=\"\" width=\"300\" height=\"300\" srcset=\"https:\/\/artzoomconnection.com\/dumont\/wp-content\/uploads\/dumont-150x150.jpg 150w, https:\/\/artzoomconnection.com\/dumont\/wp-content\/uploads\/dumont-300x300.jpg 300w, https:\/\/artzoomconnection.com\/dumont\/wp-content\/uploads\/dumont-500x500.jpg 500w, https:\/\/artzoomconnection.com\/dumont\/wp-content\/uploads\/dumont-700x700.jpg 700w, https:\/\/artzoomconnection.com\/dumont\/wp-content\/uploads\/dumont-768x768.jpg 768w, https:\/\/artzoomconnection.com\/dumont\/wp-content\/uploads\/dumont.jpg 958w\" sizes=\"(max-width: 300px) 100vw, 300px\" \/><\/p>\n<p style=\"text-align: justify;\">Born in 1969 in the Mont\u00e9r\u00e9gie region (in the southwest part of Quebec), Jocelyne Dumont now lives in Lac-Beauport, in the suburbs of Quebec City.<\/p>\n<p style=\"text-align: justify;\">Although she is a self-taught artist, drawing and painting have always been a part of her life. Art has always been her mode of expression and her refuge, her haven of peace. As a child, her family environment was not conducive to artistic development, but a capacity was clearly present in her. Therefore, she took drawing lessons at the college level and began a bachelor&#8217;s degree in visual arts at Laval University that the vagaries of life had interrupted in favor of work in administration. However, it was the participation in the Toiles Blanches Workshops, hosted with Suzanne Longval, that was the real spark. In addition, Diane Gagnon, life coach, author and speaker &#8211; a very important person in her life &#8211; strongly encourages her to take up the profession of painter. Having found some confidence in herself, thanks to good comments, in 2016, she exhibited as a permanent artist at the Galerie Zen, then located in Lac-Beauport. She will exhibit there until 2017. She meets there some other artists and professionals from the art world. She also participates in a discussion (a debate) with other artists concerning art and its future in the province of Quebec. This first presence in an art gallery will be a tremendous springboard for the artist who, in the process, obtains an exhibition at the Galerie MJ Laberge in Boucherville in which the public will find her at the beginning of 2017. In the meantime, Jocelyne Dumont &#8211; who signs her artworks &#8220;DUMONT&#8221; &#8211; continues her training in career development. Her goal is to go further in this profession which allows her to express herself without any constraint and to truly be herself. In 2017, she exhibited at New York ArtExpo in New York City, Palm Spring, Miami and West Palm Beach (USA). That same year, she was selected to participate in the Corrid\u2019art, an art project, in Lac-Beauport, with a visibility until 2019, in assocation with the Art Guild of Lac-Beauport (GALB in French). In 2018, she exhibited again at New York ArtExpo for a second consecutive year where she met with some success.<\/p>\n<p style=\"text-align: justify;\">In 2018, she felt the need to surround herself with professionals from the arts community who are familiar with the global art market. Her artworks are appraised by an art expert who establishes her value by considering her growing presence in the American market.<\/p>\n<p style=\"text-align: justify;\">In 2019, she continued her professional path with international exhibitions, notably at the Art Palm Beach Contemporary Art Fair, in West Palm Beach (USA), at the Museum of Contemporary Art in 3D VR (MAC VR 3D in French) in France, and at the Internation&#8217;ART, an international art exhibition in Canada. She obtained several distinctions for her work, including a Great Honorary Distinction from CIAAZ and two certificates of recognition for her participation of collective art exhibitions in a museum in France. She will obtain two more certificates in 2020 and one in 2021 for international exhibitions at the Museum of Contemporary Art in 3D VR (MACVR3D). Also in 2019, the artist is permanently represented in the Corrid\u2019Art in Lac-Beauport, a full-art exhibition at the Gentiane Park. A second painting will be added thereafter in 2021. In the meantime, in 2019 and 2020, she participates in the event &#8220;The month of galleries&#8221; respectively in the interior courtyard of the Civilization Museum in Quebec City and at the Old Port of Quebec.<\/p>\n<p style=\"text-align: justify;\">In 2020, she is one of the few professional artists participating in a sociological study on the effects of the pandemic on artistic practice among visual artists. Texts are published in two parts, on HEART, arts magazine. In the Summer of 2021, she reiterates the experience with some selected artists to be part of the continuation of the sociological study.<\/p>\n<p style=\"text-align: justify;\">Currently, DUMONT is in production and is preparing her next exhibitions.<\/p>\n<p><em>Biography written by HeleneCaroline Fournier, art expert and art theorist, specialist writer, art critic<\/em><\/p>\n<pre id=\"tw-target-text\" class=\"tw-data-text tw-text-large XcVN5d tw-ta\" dir=\"ltr\" data-placeholder=\"Traduction\"><\/pre>\n<\/div><\/div><\/div><style type=\"text\/css\">.fusion-body .fusion-builder-column-1{width:66.666666666667% !important;margin-top : 0px;margin-bottom : 0px;}.fusion-builder-column-1 > .fusion-column-wrapper {padding-top : 0px !important;padding-right : 0px !important;margin-right : 2.88%;padding-bottom : 0px !important;padding-left : 0px !important;margin-left : 3.84%;}@media only screen and (max-width:1024px) {.fusion-body .fusion-builder-column-1{width:66.666666666667% !important;}.fusion-builder-column-1 > .fusion-column-wrapper {margin-right : 2.88%;margin-left : 3.84%;}}@media only screen and (max-width:640px) {.fusion-body .fusion-builder-column-1{width:100% !important;}.fusion-builder-column-1 > .fusion-column-wrapper {margin-right : 1.92%;margin-left : 1.92%;}}<\/style><\/div><style type=\"text\/css\">.fusion-body .fusion-flex-container.fusion-builder-row-1{ padding-top : 0px;margin-top : 0px;padding-right : 0px;padding-bottom : 0px;margin-bottom : 0px;padding-left : 0px;}<\/style><\/div>\n","protected":false},"excerpt":{"rendered":"","protected":false},"author":1,"featured_media":0,"parent":1623,"menu_order":0,"comment_status":"closed","ping_status":"closed","template":"","meta":[],"_links":{"self":[{"href":"https:\/\/artzoomconnection.com\/dumont\/wp-json\/wp\/v2\/pages\/1625"}],"collection":[{"href":"https:\/\/artzoomconnection.com\/dumont\/wp-json\/wp\/v2\/pages"}],"about":[{"href":"https:\/\/artzoomconnection.com\/dumont\/wp-json\/wp\/v2\/types\/page"}],"author":[{"embeddable":true,"href":"https:\/\/artzoomconnection.com\/dumont\/wp-json\/wp\/v2\/users\/1"}],"replies":[{"embeddable":true,"href":"https:\/\/artzoomconnection.com\/dumont\/wp-json\/wp\/v2\/comments?post=1625"}],"version-history":[{"count":44,"href":"https:\/\/artzoomconnection.com\/dumont\/wp-json\/wp\/v2\/pages\/1625\/revisions"}],"predecessor-version":[{"id":2676,"href":"https:\/\/artzoomconnection.com\/dumont\/wp-json\/wp\/v2\/pages\/1625\/revisions\/2676"}],"up":[{"embeddable":true,"href":"https:\/\/artzoomconnection.com\/dumont\/wp-json\/wp\/v2\/pages\/1623"}],"wp:attachment":[{"href":"https:\/\/artzoomconnection.com\/dumont\/wp-json\/wp\/v2\/media?parent=1625"}],"curies":[{"name":"wp","href":"https:\/\/api.w.org\/{rel}","templated":true}]}}