
{"id":40,"date":"2009-11-16T23:49:23","date_gmt":"2009-11-17T04:49:23","guid":{"rendered":"http:\/\/www.artzoom.org\/members\/wordpress\/?page_id=40"},"modified":"2024-08-31T18:25:51","modified_gmt":"2024-08-31T17:25:51","slug":"documents-de-presse","status":"publish","type":"page","link":"https:\/\/artzoomconnection.com\/dumont\/presse\/documents-de-presse\/","title":{"rendered":"PRESSE"},"content":{"rendered":"<div class=\"fusion-fullwidth fullwidth-box fusion-builder-row-1 fusion-flex-container nonhundred-percent-fullwidth non-hundred-percent-height-scrolling\" style=\"background-color: rgba(255,255,255,0);background-position: center center;background-repeat: no-repeat;border-width: 0px 0px 0px 0px;border-color:#eae9e9;border-style:solid;\" ><div class=\"fusion-builder-row fusion-row fusion-flex-align-items-flex-start\" style=\"max-width:1144px;margin-left: calc(-4% \/ 2 );margin-right: calc(-4% \/ 2 );\"><div class=\"fusion-layout-column fusion_builder_column fusion-builder-column-0 fusion_builder_column_1_2 1_2 fusion-flex-column\"><div class=\"fusion-column-wrapper fusion-flex-justify-content-flex-start fusion-content-layout-column\" style=\"background-position:left top;background-repeat:no-repeat;-webkit-background-size:cover;-moz-background-size:cover;-o-background-size:cover;background-size:cover;padding: 0px 0px 0px 0px;\"><div class=\"fusion-text fusion-text-1\" style=\"transform:translate3d(0,0,0);\"><h4>COUVERTURE M\u00c9DIATIQUE<\/h4>\n<p style=\"text-align: left;\"><em>Liste non exhaustive<\/em><\/p>\n<p style=\"text-align: justify;\"><strong>Articles de journaux :<\/strong>\u00a0L\u2019\u00c9cho du Lac, L&#8217;\u00c9toile du Lac, Le Nouvelles Hebdo, Le Lac St-Jean, Le Progr\u00e8s, etc.<\/p>\n<p style=\"text-align: justify;\">Articles dans des revues sp\u00e9cialis\u00e9es d\u2019art, articles dans des cybermagazines d\u00e9di\u00e9s \u00e0 l\u2019art, catalogues de salons, etc. <strong>\u00a0<\/strong><\/p>\n<p style=\"text-align: justify;\"><strong>Cyberpresse<\/strong><\/p>\n<p style=\"text-align: justify;\"><strong>L\u2019\u00c9cho du Lac<\/strong>: <a href=\"https:\/\/lechodulac.ca\/lecho-de-lecho-aout-2016-2\/\" target=\"_blank\" rel=\"noopener\">article 1<\/a> &#8211; <a href=\"https:\/\/lechodulac.ca\/les-echos-de-lecho-2\/\" target=\"_blank\" rel=\"noopener\">article 2<\/a> &#8211; <a href=\"https:\/\/lechodulac.ca\/chassez-le-naturel-et-il-revient-dans-la-peinture\/\" target=\"_blank\" rel=\"noopener\">article 3<\/a> &#8211; <a href=\"https:\/\/lechodulac.ca\/peinture-des-sens\/\" target=\"_blank\" rel=\"noopener\">article 4<\/a> &#8211; <b>Info-Culture:<\/b> <a href=\"https:\/\/info-culture.biz\/2017\/02\/24\/dumont-une-artiste-a-decouvrir\/\" target=\"_blank\" rel=\"noopener\">article 1<\/a> &#8211; <a href=\"https:\/\/info-culture.biz\/2017\/07\/17\/un-beau-succes-pour-le-vernissage-de-mireille-stricker-puaud-a-la-galerie-zen\/\" target=\"_blank\" rel=\"noopener\">article 2<\/a> &#8211; <a href=\"https:\/\/info-culture.biz\/2017\/03\/26\/ouverture-officielle-de-la-galerie-zen-sur-la-rue-st-jean-le-26-mars-2017\/\" target=\"_blank\" rel=\"noopener\">article 3 <\/a>&#8211; <a href=\"https:\/\/info-culture.biz\/2018\/05\/22\/dumont\/\" target=\"_blank\" rel=\"noopener\">article 4<\/a> &#8211; <a href=\"https:\/\/info-culture.biz\/2018\/10\/16\/dumont-une-recherche-de-lintensite\/\" target=\"_blank\" rel=\"noopener\">article 5<\/a> &#8211;\u00a0 <b>Patwhite (site de r\u00e9f\u00e9rence):<\/b> <a href=\"http:\/\/patwhite.com\/les-arts-au-rendez-vous-chez-deserres-a-place-ste-foy\" target=\"_blank\" rel=\"noopener\">article 1<\/a> &#8211; <a href=\"http:\/\/patwhite.com\/dumont-une-artiste-a-decouvrir\" target=\"_blank\" rel=\"noopener\">article 2<\/a> &#8211; <a href=\"http:\/\/patwhite.com\/la-peinture-cette-passion-qui-se-cache-au-fond-de-latelier\" target=\"_blank\" rel=\"noopener\">article 3<\/a> &#8211; <b>HEART, magazine des arts:<\/b>\u00a0<a href=\"http:\/\/magazinedesarts.com\/dumont-portrait\/\" target=\"_blank\" rel=\"noopener\">article 1<\/a> &#8211; <a href=\"http:\/\/magazinedesarts.com\/atelier-de-dumont\/\" target=\"_blank\" rel=\"noopener\">article 2<\/a> &#8211; <a href=\"http:\/\/magazinedesarts.com\/dumont\/\" target=\"_blank\" rel=\"noopener\">article 3<\/a> &#8211;\u00a0 <b>Helenecaroline (site de r\u00e9f\u00e9rence):\u00a0<\/b> <a href=\"http:\/\/helenecaroline.com\/dumont-une-artiste-peintre-a-decouvrir\/\" target=\"_blank\" rel=\"noopener\">article 1<\/a> &#8211; <a href=\"http:\/\/helenecaroline.com\/atelier-de-dumont\/\" target=\"_blank\" rel=\"noopener\">article 2<\/a> &#8211; <a href=\"https:\/\/helenecaroline.com\/dumont-une-recherche-de-lintensite\/\" target=\"_blank\" rel=\"noopener\">article 3<\/a> &#8211;\u00a0 <strong>Arts&amp;Culture:<\/strong> <a href=\"http:\/\/www.artsetculture.ca\/atelier-de-dumont\/\" target=\"_blank\" rel=\"noopener\">article 1<\/a> &#8211; <a href=\"https:\/\/www.artsetculture.ca\/dumont-une-recherche-de-lintensite\/\" target=\"_blank\" rel=\"noopener\">article 2<\/a> &#8211; <strong>LeMonde (blog):<\/strong> <a href=\"http:\/\/artzoom.blog.lemonde.fr\/2018\/10\/16\/dumont\/\" target=\"_blank\" rel=\"noopener\">article 1<\/a> &#8211; etc.<\/p>\n<p><strong>liste non exhaustive de la couverture m\u00e9diatique de l\u2019Internation\u2019ART 9\u00e8me \u00e9dition (2019):<\/strong><br \/>\n<a href=\"http:\/\/info-culture.biz\/2019\/03\/10\/internationart-9e-edition\/\" target=\"_blank\" rel=\"noopener\">Info-Culture<\/a> \/ <a href=\"https:\/\/magazinedesarts.com\/internationart-9e-edition\/\" target=\"_blank\" rel=\"noopener\">HEART, magazine des arts<\/a> \/ <a href=\"http:\/\/artzoom.blog.lemonde.fr\/2019\/03\/04\/internationart-2019\/\" target=\"_blank\" rel=\"noopener\">LeMonde (blog)<\/a> \/ <a href=\"https:\/\/patwhite.com\/internationart-9e-edition\" target=\"_blank\" rel=\"noopener\">PatWhite<\/a> \/ <a href=\"https:\/\/helenecaroline.com\/la-9e-edition-de-linternationart-presentee-du-30-mars-au-30-mai-2019-a-roberval\/\" target=\"_blank\" rel=\"noopener\">HeleneCaroline Fournier, experte en art<\/a> \/ Journal Le Progr\u00e8s (quotidien, presse \u00e9crite) \/ <a href=\"https:\/\/ici.radio-canada.ca\/tele\/le-tjextra-saguenay-lac-saint-jean\/site\/episodes\/431065\/episode-du-5-avril-2019\" target=\"_blank\" rel=\"noopener\">Le TJ Extra Saguenay Lac-Saint-Jean ICI RADIO-CANADA \u2013 5 avril 2019<\/a> \/ <a href=\"https:\/\/matv.ca\/saguenay-lac-saint-jean\/mes-emissions\/la-vitrine-culturelle\" target=\"_blank\" rel=\"noopener\">MA.TV (de Videotron) \u2013 \u00e9mission La vitrine culturelle, no 11<\/a> \/ Journal L\u2019\u00c9toile du Lac (hebdo, presse \u00e9crite) \/ Journal Le Nouvelles Hebdo (hebdo, presse \u00e9crite) \/ Journal Le Lac St-Jean (hebdo, presse \u00e9crite) \/ NOUSTV (de TVcogeco) \u2013 \u00e9mission Zoom ! \/ Etc.<\/p>\n<\/div><\/div><\/div><style type=\"text\/css\">.fusion-body .fusion-builder-column-0{width:50% !important;margin-top : 0px;margin-bottom : 0px;}.fusion-builder-column-0 > .fusion-column-wrapper {padding-top : 0px !important;padding-right : 0px !important;margin-right : 3.84%;padding-bottom : 0px !important;padding-left : 0px !important;margin-left : 3.84%;}@media only screen and (max-width:1024px) {.fusion-body .fusion-builder-column-0{width:50% !important;}.fusion-builder-column-0 > .fusion-column-wrapper {margin-right : 3.84%;margin-left : 3.84%;}}@media only screen and (max-width:640px) {.fusion-body .fusion-builder-column-0{width:100% !important;}.fusion-builder-column-0 > .fusion-column-wrapper {margin-right : 1.92%;margin-left : 1.92%;}}<\/style><div class=\"fusion-layout-column fusion_builder_column fusion-builder-column-1 fusion_builder_column_1_2 1_2 fusion-flex-column\"><div class=\"fusion-column-wrapper fusion-flex-justify-content-flex-start fusion-content-layout-column\" style=\"background-position:left top;background-repeat:no-repeat;-webkit-background-size:cover;-moz-background-size:cover;-o-background-size:cover;background-size:cover;padding: 0px 0px 0px 0px;\"><div class=\"fusion-text fusion-text-2\" style=\"transform:translate3d(0,0,0);\"><h4>RADIO ET T\u00c9L\u00c9VISION<\/h4>\n<p><em>Liste non exhaustive<\/em><br \/>\nICI Radio-Canada, 2019<br \/>\nMATV, 2019<br \/>\nNOUSTV, 2019<br \/>\nCCAPCable, 2016<\/p>\n<h4>MULTIM\u00c9DIA<\/h4>\n<p><em>Liste non exhaustive<\/em><\/p>\n<p>2022: YWCA, pour la cause des femmes-filles et enfants en difficult\u00e9s et itin\u00e9rance, avec Ingrid Falaise &#8211; une vid\u00e9o a \u00e9t\u00e9 produite pour l\u2019occasion &#8211; contribution de Dumont \u00e0 un atelier peinture avec don de mat\u00e9riel artistique pour 3 femmes pr\u00e9sentes \u00e0 la soir\u00e9e &#8211; une oeuvre en don (peinture faite live) lors d\u2019un encan silencieux<br \/>\n2023: Art\u00e9mis spiritueux &#8211; une oeuvre de Dumont sur la bouteille &#8211; prestation live. Une vid\u00e9o a \u00e9t\u00e9 produite pour l\u2019occasion<br \/>\n2019: Podcast d&#8217;ArtZoom<br \/>\n2018: Podcast<\/p>\n<h4>BIBLIOGRAPHIE<\/h4>\n<p><em>Liste non exhaustive<\/em><\/p>\n<p>&#8211; <em>Maison et Jardin magazine<\/em>, parution mars\/avril\/mai 2019<br \/>\n(France, Suisse, Belgique, Canada) &#8211; <a href=\"https:\/\/maisonetjardinmagazine.fr\" target=\"_blank\" rel=\"noopener\">site<\/a><br \/>\n&#8211; <em>Catalogue d\u2019exposition \u00ab\u00a0Ames d\u2019artistes\u00a0\u00bb<\/em> du Mus\u00e9e d\u2019art contemporain VR3D, Longwy (France) &#8211; 2019<br \/>\n&#8211; <em>L&#8217;ArtZoomeur<\/em>, revue d&#8217;art &#8211; 2019<br \/>\n&#8211; Etc.<\/p>\n<h4 style=\"text-align: center;\">CATALOGUES D&#8217;EXPOSITION<\/h4>\n<p><a href=\"http:\/\/macvr3d.com\/pdf\/catalogue_expo_internationart2020_macvr3d.pdf\" target=\"_blank\" rel=\"noopener noreferrer\"><img class=\"aligncenter size-medium wp-image-3325\" src=\"https:\/\/artzoomconnection.com\/lo\/wp-content\/uploads\/couverture_catalogue_internationart2020-232x300.jpg\" alt=\"\" width=\"232\" height=\"300\" \/><\/a><\/p>\n<p style=\"text-align: justify;\"><strong>Du 28 mars au 31 d\u00e9cembre 2020<\/strong><br \/>\nCette exposition pr\u00e9sent\u00e9e en salle 6 met en lumi\u00e8re 93 oeuvres r\u00e9alis\u00e9es par 18 artistes originaires d\u2019Alg\u00e9rie, de Belgique, du Canada et de France. La 10\u00e8me \u00e9dition annuelle de l\u2019Internation\u2019ART devait avoir lieu du 28 mars au 30 mai 2020 \u00e0 la Biblioth\u00e8que Georges-Henri-L\u00e9vesque \u00e0 Roberval (Qu\u00e9bec) au Canada. A cause de la pand\u00e9mie reli\u00e9e au COVID-19, l\u2019exposition a \u00e9t\u00e9 remplac\u00e9e par celle-ci, pr\u00e9sent\u00e9e dans le Mus\u00e9e d\u2019art contemporain VR3D (MACVR3D) jusqu\u2019au 31 d\u00e9cembre 2020.<\/p>\n<\/div><\/div><\/div><style type=\"text\/css\">.fusion-body .fusion-builder-column-1{width:50% !important;margin-top : 0px;margin-bottom : 0px;}.fusion-builder-column-1 > .fusion-column-wrapper {padding-top : 0px !important;padding-right : 0px !important;margin-right : 3.84%;padding-bottom : 0px !important;padding-left : 0px !important;margin-left : 3.84%;}@media only screen and (max-width:1024px) {.fusion-body .fusion-builder-column-1{width:50% !important;}.fusion-builder-column-1 > .fusion-column-wrapper {margin-right : 3.84%;margin-left : 3.84%;}}@media only screen and (max-width:640px) {.fusion-body .fusion-builder-column-1{width:100% !important;}.fusion-builder-column-1 > .fusion-column-wrapper {margin-right : 1.92%;margin-left : 1.92%;}}<\/style><\/div><style type=\"text\/css\">.fusion-body .fusion-flex-container.fusion-builder-row-1{ padding-top : 0px;margin-top : 0px;padding-right : 0px;padding-bottom : 0px;margin-bottom : 0px;padding-left : 0px;}<\/style><\/div>\n","protected":false},"excerpt":{"rendered":"","protected":false},"author":1,"featured_media":0,"parent":1687,"menu_order":3,"comment_status":"closed","ping_status":"closed","template":"","meta":[],"_links":{"self":[{"href":"https:\/\/artzoomconnection.com\/dumont\/wp-json\/wp\/v2\/pages\/40"}],"collection":[{"href":"https:\/\/artzoomconnection.com\/dumont\/wp-json\/wp\/v2\/pages"}],"about":[{"href":"https:\/\/artzoomconnection.com\/dumont\/wp-json\/wp\/v2\/types\/page"}],"author":[{"embeddable":true,"href":"https:\/\/artzoomconnection.com\/dumont\/wp-json\/wp\/v2\/users\/1"}],"replies":[{"embeddable":true,"href":"https:\/\/artzoomconnection.com\/dumont\/wp-json\/wp\/v2\/comments?post=40"}],"version-history":[{"count":71,"href":"https:\/\/artzoomconnection.com\/dumont\/wp-json\/wp\/v2\/pages\/40\/revisions"}],"predecessor-version":[{"id":2711,"href":"https:\/\/artzoomconnection.com\/dumont\/wp-json\/wp\/v2\/pages\/40\/revisions\/2711"}],"up":[{"embeddable":true,"href":"https:\/\/artzoomconnection.com\/dumont\/wp-json\/wp\/v2\/pages\/1687"}],"wp:attachment":[{"href":"https:\/\/artzoomconnection.com\/dumont\/wp-json\/wp\/v2\/media?parent=40"}],"curies":[{"name":"wp","href":"https:\/\/api.w.org\/{rel}","templated":true}]}}