
{"id":1644,"date":"2009-11-16T23:46:01","date_gmt":"2009-11-17T04:46:01","guid":{"rendered":"http:\/\/www.artzoom.org\/members\/wordpress\/?page_id=33"},"modified":"2025-06-18T18:54:11","modified_gmt":"2025-06-18T17:54:11","slug":"expositions","status":"publish","type":"page","link":"https:\/\/artzoomconnection.com\/jeanpotvin\/expositions\/","title":{"rendered":"EXPOSITIONS"},"content":{"rendered":"<div class=\"fusion-fullwidth fullwidth-box fusion-builder-row-1 fusion-flex-container nonhundred-percent-fullwidth non-hundred-percent-height-scrolling\" style=\"background-color: rgba(255,255,255,0);background-position: center center;background-repeat: no-repeat;border-width: 0px 0px 0px 0px;border-color:#eae9e9;border-style:solid;\" ><div class=\"fusion-builder-row fusion-row fusion-flex-align-items-flex-start\" style=\"max-width:1144px;margin-left: calc(-4% \/ 2 );margin-right: calc(-4% \/ 2 );\"><div class=\"fusion-layout-column fusion_builder_column fusion-builder-column-0 fusion_builder_column_1_3 1_3 fusion-flex-column\"><div class=\"fusion-column-wrapper fusion-flex-justify-content-flex-start fusion-content-layout-column\" style=\"background-position:left top;background-repeat:no-repeat;-webkit-background-size:cover;-moz-background-size:cover;-o-background-size:cover;background-size:cover;padding: 0px 0px 0px 0px;\"><div class=\"fusion-text fusion-text-1\"><h4>EN PERMANENCE<\/h4>\n<p><em>liste non exhaustive<\/em><\/p>\n<p><strong>Galerie Yvon Desgagn\u00e9s<\/strong><br \/>\n1, Rue Forget<br \/>\nBaie-Saint-Paul (Qu\u00e9bec)<br \/>\nG3Z 1T3<br \/>\nCanada<\/p>\n<p><strong>Mus\u00e9e d\u2019art contemporain VR 3D<\/strong><br \/>\nPlace Darche<br \/>\n54400 Longwy (France)<br \/>\n<a href=\"http:\/\/www.macvr3d.com\" target=\"_blank\" rel=\"noopener\">www.macvr3d.com<\/a><\/p>\n<p><strong>Art Total Multim\u00e9dia<\/strong><br \/>\nC.P. 75161 Succursale Cap-Rouge<br \/>\nQu\u00e9bec (Qu\u00e9bec)<br \/>\nG1Y 3C7 Canada<br \/>\n<a href=\"mailto:info@arttotalmultimedia.com\" target=\"_blank\" rel=\"noopener noreferrer\">info@arttotalmultimedia.com<\/a><\/p>\n<\/div><\/div><style type=\"text\/css\">.fusion-body .fusion-builder-column-0{width:33.333333333333% !important;margin-top : 0px;margin-bottom : 0px;}.fusion-builder-column-0 > .fusion-column-wrapper {padding-top : 0px !important;padding-right : 0px !important;margin-right : 3.84%;padding-bottom : 0px !important;padding-left : 0px !important;margin-left : 5.76%;}@media only screen and (max-width:1024px) {.fusion-body .fusion-builder-column-0{width:100% !important;}.fusion-builder-column-0 > .fusion-column-wrapper {margin-right : 1.92%;margin-left : 1.92%;}}@media only screen and (max-width:640px) {.fusion-body .fusion-builder-column-0{width:100% !important;}.fusion-builder-column-0 > .fusion-column-wrapper {margin-right : 1.92%;margin-left : 1.92%;}}<\/style><\/div><div class=\"fusion-layout-column fusion_builder_column fusion-builder-column-1 fusion_builder_column_2_3 2_3 fusion-flex-column\"><div class=\"fusion-column-wrapper fusion-flex-justify-content-flex-start fusion-content-layout-column\" style=\"background-position:left top;background-repeat:no-repeat;-webkit-background-size:cover;-moz-background-size:cover;-o-background-size:cover;background-size:cover;padding: 0px 0px 0px 0px;\"><div class=\"fusion-text fusion-text-2\"><h4>EN COURS ET \u00c0 VENIR<\/h4>\n<h5>2025<\/h5>\n<p><strong>Du 22 juin au 31 ao\u00fbt 2025:<\/strong> 13e \u00e9dition de l\u2019Internationale d&rsquo;Art Miniature, Galerie Louise-Carrier, 33 rue Wolfe, L\u00e9vis (Qu\u00e9bec-Canada) &#8211; <strong>vernissage: le dimanche 22 juin 2025 \u00e0 1h30<\/strong><\/p>\n<h5>2026<\/h5>\n<p><strong>Du 30 octobre au 15 novembre 2026:<\/strong> Exposition personnelle &#8211; Des gens ordinaires &#8211; Galerie du Trait Carr\u00e9, 7985 Trait-Carr\u00e9 Est, Charlesbourg (Qu\u00e9bec-Canada)<\/p>\n<h4>EXPOSITIONS PASS\u00c9ES<\/h4>\n<h5>Liste non exhaustive<\/h5>\n<h5>PERSONNELLES<\/h5>\n<p><strong>2017<\/strong>: \u00ab\u00a0Tant de solitude&#8230;\u00a0\u00bb &#8211; Exposition personnelle de Jean Potvin &#8211; Salle Jean-Paul-Lemieux, 3515 rue Cl\u00e9menceau, Beauport (Qu\u00e9bec-Canada)<br \/>\n<strong>2012:<\/strong> Exposition \u00abNos amis \u00e0 plumes\u00bb, Salle Reine-Malouin, Biblioth\u00e8que de Charlesbourg, Qu\u00e9bec<br \/>\n<strong>2012:<\/strong> Exposition \u00abEt si la peinture\u2026?\u00bb, Salle Jean-Paul-Lemieux, Beauport, Qu\u00e9bec<br \/>\n<strong>2008:<\/strong> Expo-solo \u00abPas besoin d\u2019aller loin&#8230;\u00bb Maison Blanchette, Cap-Rouge, Qu\u00e9bec<br \/>\n<strong>2005:<\/strong> Expo-solo \u00abC\u2019est la vie\u2026\u00bb Maison Blanchette, Cap-Rouge, Qu\u00e9bec<br \/>\n<strong>1998:<\/strong> Galerie du Grand Th\u00e9\u00e2tre de Qu\u00e9bec<br \/>\n<strong>1981:<\/strong> Galerie d&rsquo;Art La Passerelle, Qu\u00e9bec<br \/>\n<strong>1979:<\/strong> Galerie Au Parrain des Artistes, Qu\u00e9bec<br \/>\n<strong>1978:<\/strong> Librairie Econo, Place St-Louis-de-France, Qu\u00e9bec<br \/>\n<strong>1977:<\/strong>\u00a0 Halle des Cin\u00e9mas Od\u00e9on, Qu\u00e9bec<\/p>\n<h5>COLLECTIVES<\/h5>\n<p><strong>2025: <\/strong>L\u2019Internationale d&rsquo;Art Miniature, Galerie Louise-Carrier, L\u00e9vis (Qu\u00e9bec-Canada)<br \/>\n<strong>2023:<\/strong> L\u2019Internationale d&rsquo;Art Miniature, Galerie Louise-Carrier, L\u00e9vis (Qu\u00e9bec-Canada)<br \/>\n<strong>2022:<\/strong> Jardin de Joie \/ Garden of Joy &#8211; Mus\u00e9e d\u2019art contemporain VR 3D (MACVR3D), Place Darche, 54400 Longwy<span style=\"color: #ff6600;\">\u00a0<strong>(France)<\/strong><\/span><br \/>\n<strong>2022: <\/strong> Le Pouvoir des couleurs \u2013 exposition collective \u2013 Maison O\u2019Neill, 3160 boul. Hamel, (Qu\u00e9bec-Canada)<br \/>\n<strong>2021:<\/strong> Olympi\u2019Art, Maison O\u2019Neill, Qu\u00e9bec (Canada)<br \/>\n<strong>2021:<\/strong> L\u2019Internationale d\u2019Art Miniature, Galerie Louise-Carrier, L\u00e9vis (Qu\u00e9bec-Canada)<br \/>\n<strong>2020:<\/strong> exposition collective \u00e0 la Maison Louis-Fr\u00e9chette de L\u00e9vis, Qu\u00e9bec (Canada)<br \/>\n<strong>2019:<\/strong> \u201cAmes d\u2019artistes \/ Artists\u2019 souls\u201d exposition internationale au Mus\u00e9e d\u2019art contemporain VR 3D, 54400 Longwy (<span style=\"color: #ff6600;\"><strong>France<\/strong><\/span>)<strong><br \/>\n2019:<\/strong> L\u2019Internationale d\u2019Art Miniature, Galerie Louise-Carrier, L\u00e9vis (Qu\u00e9bec-Canada)<br \/>\n<strong>2018:<\/strong> Les Arts au rendez-vous chez DeSerres (2\u00e8me \u00e9dition) \u2013 Place Sainte-Foy, boul. Laurier, Qu\u00e9bec (Canada)<br \/>\n<strong>2018:<\/strong> Mon sosie a 2000 ans, Mus\u00e9e de la Civilisation de Qu\u00e9bec, Qu\u00e9bec (Qu\u00e9bec-Canada)<br \/>\n<strong>2018:<\/strong> La musique source d&rsquo;inspiration et cr\u00e9ation, Mus\u00e9e de l&rsquo;H\u00f4tel des Postes de Victoriaville (Qu\u00e9bec-Canada)<br \/>\n<strong>2018:<\/strong> Les Arts au rendez-vous chez DeSerres (1\u00e8re \u00e9dition) \u2013 Place Sainte-Foy, boul. Laurier, Qu\u00e9bec (Canada)<br \/>\n<strong>2017:<\/strong> 10e \u00e9dition annuelle de La Grande Exposition Internationale d&rsquo;ArtZoom, L&rsquo;espace contemporain galerie d&rsquo;art, 313 rue Saint-Jean, Qu\u00e9bec (Qu\u00e9bec-Canada)<br \/>\n<strong>2017: <\/strong>International d\u2019Art Miniature, Galerie Louise-Carrier, L\u00e9vis (Qu\u00e9bec-Canada)<br \/>\n<strong>2016:<\/strong> Galerie Zen, 1025 boul. du Lac, Lac-Beauport (Qu\u00e9bec-Canada)<br \/>\n<strong>2016:<\/strong> Symposium \u00ab\u00a0Les peintres de la nature\u00a0\u00bb dans le parc adjacent \u00e0 la Galerie Louise-Carrier et \u00e0 L&rsquo;Anglicane, 33 rue Wolfe, L\u00e9vis (Qu\u00e9bec-Canada)<br \/>\n<strong>2016:<\/strong> Exposition collective \u00e0 la Galerie Louise-Carrier, 33, rue Wolfe, L\u00e9vis (Qu\u00e9bec-Canada)<br \/>\n<strong>2015:<\/strong> L\u2019Internationale d\u2019Art Miniature, Saint-Nicolas<br \/>\n<strong>2014:<\/strong> Exposition \u00abL\u00e9vis et le fleuve, d\u2019est en ouest\u00bb, Centre de diffusion d\u2019art, Saint-Nicolas<br \/>\n<strong>2013:<\/strong> Exposition Maison Gomin, Qu\u00e9bec<br \/>\n<strong>2013:<\/strong> L\u2019Internationale d\u2019Art Miniature, Saint-Nicolas<br \/>\n<strong>2012:<\/strong> Exposition \u00abLes Ateliers Ouverts\u00bb, Galerie du Th\u00e9\u00e2tre Petit Champlain, Qu\u00e9bec<br \/>\n<strong>2012:<\/strong> Symposium Les peintres de la nature, Galerie Louise-Carrier, L\u00e9vis<br \/>\n<strong>2012:<\/strong> Exposition \u00abMots d\u2019artistes\u00bb, Galerie d\u2019art L\u2019Espace Contemporain, Qu\u00e9bec<br \/>\n<strong>2011:<\/strong> Festival de peinture R\u00eave d\u2019Automne, Baie Saint-Paul<br \/>\n<strong>2011:<\/strong> Biennale d\u2019art miniature, Galerie d\u2019art L\u2019Espace Contemporain, Qu\u00e9bec<br \/>\n<strong>2011:<\/strong> L\u2019Internationale d\u2019Art Miniature, Saint- Nicolas.<br \/>\n<strong>2010:<\/strong> Exposition \u00abLes Ateliers Ouverts\u00bb, Salle Jean-Paul-Lemieux, Beauport, Qu\u00e9bec<br \/>\n<strong>2010:<\/strong> Symposium Les peintres de la nature, Galerie Louise-Carrier, L\u00e9vis<br \/>\n<strong>2010:<\/strong> Exposition \u00abL\u2019Art engag\u00e9\u00bb, Galerie d\u2019art L\u2019Espace Contemporain, Qu\u00e9bec<br \/>\n<strong>2010:<\/strong> Quatre expositions \u00e0 th\u00e8me de la SACQ, Expo-Th\u00e9\u00e2tre de la Visitation, Qu\u00e9bec<br \/>\n<strong>2009:<\/strong> Symposium du Mus\u00e9e de la Civilisation, sous le th\u00e8me No\u00ebl, Qu\u00e9bec<br \/>\n<strong>2009:<\/strong> Biennale d\u2019art miniature, Galerie d\u2019art L\u2019Espace Contemporain, Qu\u00e9bec<br \/>\n<strong>2009:<\/strong> Symposium Rendez-vous des arts et de la culture de Saint-Anselme<br \/>\n<strong>2009:<\/strong> Symposium Visit\u2019Art 2009, Site historique de la Visitation, Qu\u00e9bec<br \/>\n<strong>2009:<\/strong> L\u2019Internationale d\u2019Art Miniature, Saint- Nicolas<br \/>\n<strong>2009:<\/strong> Th\u00e8me \u00abMignardise de sons et de couleurs\u00bb Maison Blanchette, Qu\u00e9bec<br \/>\n<strong>2009:<\/strong> Quatre expositions \u00e0 th\u00e8me, Les (4) saisons du d\u00e9put\u00e9, Qu\u00e9bec<br \/>\n<strong>2009:<\/strong> Quatre expositions \u00e0 th\u00e8me de la SACQ, Expo-Th\u00e9\u00e2tre de la Visitation, Qu\u00e9bec<br \/>\n<strong>2008:<\/strong> Symposium du Mus\u00e9e de la Civilisation, sous le th\u00e8me Urbanopolis, Qu\u00e9bec<br \/>\n<strong>2008:<\/strong> Symposium Visit\u2019Art 2008, Site historique de la Visitation, Sainte-Foy, Qu\u00e9bec<br \/>\n<strong>2008:<\/strong> Symposium Rendez-vous des arts et de la culture de Saint-Anselme<br \/>\n<strong>2008:<\/strong> Symposium Les peintres de la nature, Galerie Louise-Carrier, L\u00e9vis<br \/>\n<strong>2008:<\/strong> Quatre expositions \u00e0 th\u00e8me de la SACQ, Expo-Th\u00e9\u00e2tre de la Visitation, Qu\u00e9bec<br \/>\n<strong>2007:<\/strong> Symposium de la Seigneurie Mauvide-Genest, Saint-Jean I.O.<br \/>\n<strong>2007:<\/strong> Symposium du Mus\u00e9e de la Civilisation, sous le th\u00e8me Territoire, Qu\u00e9bec<br \/>\n<strong>2007:<\/strong> Symposium Rendez-vous des arts et de la culture de Saint-Anselme<br \/>\n<strong>2006:<\/strong> Symposium L\u2019Art au bout des doigts, Place Donnacona, Donnacona<br \/>\n<strong>2006:<\/strong> Symposium Les peintres de la nature, Galerie Louise-Carrier, L\u00e9vis<br \/>\n<strong>2006:<\/strong> Symposium Visit\u2019Art 2006, Site historique de la Visitation, Sainte-Foy, Qu\u00e9bec<br \/>\n<strong>2005:<\/strong> Expo-vente de No\u00ebl de l\u2019A.C.A.S., biblio Charles-H.-Blais, Sillery, Qu\u00e9bec<br \/>\n<strong>2005:<\/strong> Symposium Visit\u2019Art 2005, Site historique de la Visitation, Sainte-Foy, Qu\u00e9bec<br \/>\n<strong>2005:<\/strong> L\u2019Internationale d\u2019Art Miniature, Saint- Nicolas<br \/>\n<strong>2005:<\/strong> Quatre expositions \u00e0 th\u00e8me de la SASF, Expo-Th\u00e9\u00e2tre de la Visitation, Qu\u00e9bec<br \/>\n<strong>2005:<\/strong> Exposium Cap-Sant\u00e9 riche en couleurs, Cap-Sant\u00e9, Qu\u00e9bec<br \/>\n<strong>2004:<\/strong> Expo-vente de No\u00ebl de l\u2019A.C.A.S., biblio Charles-H.-Blais, Sillery, Qu\u00e9bec<br \/>\n<strong>2004:<\/strong> Expo La grande mar\u00e9e, Galerie Rouje Arts, Qu\u00e9bec<br \/>\n<strong>2004:<\/strong> Symposium Les peintres de la Nature, Galerie Louise-Carrier, L\u00e9vis<br \/>\n<strong>2004:<\/strong> Symposium Visit\u2019Art, Site historique de la Visitation, Sainte-Foy, Qu\u00e9bec<br \/>\n<strong>2004:<\/strong> Exposium Cap-Sant\u00e9 riche en couleurs, Cap-Sant\u00e9, Qu\u00e9bec<br \/>\n<strong>2004:<\/strong> Expo Le retour des travailleurs de nuit, Expo-Th\u00e9\u00e2tre de la Visitation, Ste-Foy, Qu\u00e9bec<br \/>\n<strong>2004:<\/strong> Sept expositions \u00e0 th\u00e8me de la SASF, Expo-Th\u00e9\u00e2tre de la Visitation, Ste-Foy, Qu\u00e9bec<br \/>\n<strong>2003:<\/strong> L\u2019Internationale d\u2019Art Miniature, Saint-Nicolas<br \/>\n<strong>2003:<\/strong> Symposium Arts, Beaut\u00e9 de la Nature, Domaine Maizerets, Qu\u00e9bec<br \/>\n<strong>2003:<\/strong> Symposium Cap-Sant\u00e9 riche en couleurs, Cap-Sant\u00e9, Qu\u00e9bec<br \/>\n<strong>2003:<\/strong> Exposium des arts 2003, Soci\u00e9t\u00e9 artistique de Charlesbourg, Qu\u00e9bec<br \/>\n<strong>2002:<\/strong> L\u2019Internationale d\u2019art miniature, Saint-Jean-Chrysostome<br \/>\n<strong>2002:<\/strong> Biennale d\u2019art miniature, Mus\u00e9e Marius-Barbeau, Beauce<br \/>\n<strong>2002:<\/strong> Exposition d\u2019\u00e9t\u00e9 de la Galerie d\u2019art du Mus\u00e9e Marius-Barbeau, Beauce<br \/>\n<strong>2002:<\/strong> Exposium Cap-Sant\u00e9 riche en couleurs, Cap-Sant\u00e9, Qu\u00e9bec<br \/>\n<strong>2002:<\/strong> Exposium des arts 2002, Soci\u00e9t\u00e9 artistique de Charlesbourg, Qu\u00e9bec<br \/>\n<strong>2001:<\/strong> Exposium des arts 2001, Soci\u00e9t\u00e9 artistique de Charlesbourg, Qu\u00e9bec<br \/>\n<strong>2000:<\/strong> Biennale d\u2019art miniature, Mus\u00e9e Marius-Barbeau, Beauce<br \/>\n<strong>2000:<\/strong> Closarts 2000, Les Champs Fleuris, St-Lambert, Qu\u00e9bec<br \/>\n<strong>1998:<\/strong> Biennale d\u2019art miniature, Mus\u00e9e Marius-Barbeau, Beauce<br \/>\n<strong>1997:<\/strong> Expo-Groupe, SACQ, Domaine Maizerets, Qu\u00e9bec<br \/>\n<strong>1997:<\/strong> Expo-Groupe, SACQ, Palais Montcalm, Qu\u00e9bec<br \/>\n<strong>1997:<\/strong> Lumi-F\u00eate, SACQ. Mus\u00e9e de la Civilisation de Qu\u00e9bec<br \/>\n<strong>1996:<\/strong> Lumi-F\u00eate, SACQ. Mus\u00e9e de la Civilisation de Qu\u00e9bec<br \/>\n<strong>1996:<\/strong> Expo-Groupe, SACQ, Ctre Culturel St-Patrick, Qu\u00e9bec<br \/>\n<strong>1995:<\/strong> Expo-Groupe, SACQ, Ctre Culturel St-Patric, Qu\u00e9bec<br \/>\n<strong>1995:<\/strong> Lumi-F\u00eate, SACQ, Centre Lucien-Borne, Qu\u00e9bec<br \/>\n<strong>1994:<\/strong> Expo-Groupe, SACQ, Ctre Culturel St-Patrick, Qu\u00e9bec<br \/>\n<strong>1994:<\/strong> Expo-St-Jean-Baptiste, Ctre Culturel St-Patrick, Qu\u00e9bec<br \/>\n<strong>1994:<\/strong> Lumi-F\u00eate, SACQ, Centre Lucien-Borne, Qu\u00e9bec<br \/>\n<strong>1993:<\/strong> Lumi-F\u00eate, SACQ, Centre Lucien-Borne, Qu\u00e9bec<br \/>\n<strong>1991:<\/strong> Expo Prix-Ir\u00e9n\u00e9e-Lemieux, Qu\u00e9bec<br \/>\n<strong>1990:<\/strong> Expo du Minist\u00e8re du loisir de la chasse et de la p\u00eache, Qu\u00e9bec<br \/>\n<strong>1989:<\/strong> Galerie d&rsquo;Art des Jardins Laval, Qu\u00e9bec<br \/>\n<strong>1987:<\/strong> Galerie du Trait-Carr\u00e9, Semaine de l&rsquo;artiste, Qu\u00e9bec<br \/>\n<strong>1986:<\/strong> Galerie du Trait-Carr\u00e9, Semaine de l&rsquo;artiste, Qu\u00e9bec<br \/>\n<strong>1985:<\/strong> Salon des Loisirs, Centre des Congr\u00e8s, Qu\u00e9bec<br \/>\n<strong>1985 \u00e0 1991:<\/strong> Sept Expo-encan annuelles INCA, Hilton, Qu\u00e9bec<br \/>\n<strong>1985:<\/strong> Galerie du Trait-Carr\u00e9, Qu\u00e9bec<br \/>\n<strong>1982:<\/strong> Galerie d&rsquo;Art La Passerelle, Qu\u00e9bec<br \/>\n<strong>1980:<\/strong> Salle d&rsquo;exposition la Laurentienne, Qu\u00e9bec<br \/>\n<strong>1976:<\/strong> Centre de l&rsquo;Auvergne, Qu\u00e9bec<\/p>\n<h4><strong>EN GALERIE<\/strong><\/h4>\n<p><strong>2000 \u00e0 2007:<\/strong> Artiste de la Galerie La Maison Guillot, Cap-Sant\u00e9.<br \/>\n<strong>2002:<\/strong> Artiste de la Galerie Mon Vieux R\u00eave, Saint-Jean-Port-Joli.<br \/>\n<strong>1994 \u00e0 1997:<\/strong> Artiste de la Galerie Art-To\u00eet, Baie Saint-Paul.<br \/>\n<strong>1980 \u00e0 1987:<\/strong> Maison de la Francophonie, Sillery.<br \/>\n<strong>1982 \u00e0 1984:<\/strong> Artiste de la Galerie d\u2019Art de l\u2019\u00cele, St-Pierre, I.O.<br \/>\n<strong>1979 \u00e0 1992:<\/strong> Artiste de la Galerie Au Parrain des Artistes, Qu\u00e9bec.<\/p>\n<p><strong>CONSEILS D\u2019ADMINISTRATION \/ COMIT\u00c9S \/ COURS \/ ASSOCIATIONS<br \/>\n<\/strong><br \/>\n<strong>2010 \u00e0 2013:<\/strong> Vice-pr\u00e9sident du regroupement d\u2019artiste Ateliers Ouverts, Qu\u00e9bec.<br \/>\n<strong>2009 \u00e0 2011:<\/strong> Professeur, peinture-m\u00e9diums mixtes au Carrefour du plateau, Qu\u00e9bec.<br \/>\n<strong>2007-2008-2009:<\/strong> \u0152uvres s\u00e9lectionn\u00e9es par un jury pour faire partie des PRIX EN ARTS<br \/>\net acquises par La Soci\u00e9t\u00e9 du Patrimoine de Saint-Anselme<br \/>\n<strong>2007-2008-2009:<\/strong> Pr\u00e9sident de la Soci\u00e9t\u00e9 artistique et culturelle de Qu\u00e9bec, Qu\u00e9bec, SACQ.<br \/>\n<strong>2008 \u00e0 2009:<\/strong> Membre du Mouvement d\u2019Animation Artistique de Cap-Rouge, Qu\u00e9bec, M.A.A.<br \/>\n<strong>2004 et 2005:<\/strong> Professeur, peinture-m\u00e9diums mixtes au Centre des Loisirs St-Sacrement, Qu\u00e9bec.<br \/>\n<strong>2003 \u00e0 2006:<\/strong> Membre de l\u2019Association des Cr\u00e9ateurs et Artisans de Sillery, ACAS.<br \/>\n<strong>2001 \u00e0 2003:<\/strong> Membre du comit\u00e9 de l\u2019Exposium des Arts, Soci\u00e9t\u00e9 Artistique de Charlesbourg, SAC.<br \/>\n<strong>1981 \u00e0 2003:<\/strong> Membre de la Soci\u00e9t\u00e9 Artistique de Charlesbourg, SAC.<br \/>\n<strong>1997 \u00e0 2000:<\/strong> Administrateur au C.A. du Club culturel Qu\u00e9bec M\u00e9tropolitain, CCQM.<br \/>\n<strong>1993 \u00e0 1998:<\/strong> Fondateur et vice-pr\u00e9sident\u00a0 de La Soci\u00e9t\u00e9 Artistique et Culturelle de Qu\u00e9bec, SACQ.<\/p>\n<\/div><\/div><style type=\"text\/css\">.fusion-body .fusion-builder-column-1{width:66.666666666667% !important;margin-top : 0px;margin-bottom : 0px;}.fusion-builder-column-1 > .fusion-column-wrapper {padding-top : 0px !important;padding-right : 0px !important;margin-right : 2.88%;padding-bottom : 0px !important;padding-left : 0px !important;margin-left : 3.84%;}@media only screen and (max-width:1024px) {.fusion-body .fusion-builder-column-1{width:100% !important;}.fusion-builder-column-1 > .fusion-column-wrapper {margin-right : 1.92%;margin-left : 1.92%;}}@media only screen and (max-width:640px) {.fusion-body .fusion-builder-column-1{width:100% !important;}.fusion-builder-column-1 > .fusion-column-wrapper {margin-right : 1.92%;margin-left : 1.92%;}}<\/style><\/div><\/div><style type=\"text\/css\">.fusion-body .fusion-flex-container.fusion-builder-row-1{ padding-top : 0px;margin-top : 0px;padding-right : 0px;padding-bottom : 0px;margin-bottom : 0px;padding-left : 0px;}<\/style><\/div>\n","protected":false},"excerpt":{"rendered":"","protected":false},"author":1,"featured_media":0,"parent":0,"menu_order":0,"comment_status":"closed","ping_status":"closed","template":"","meta":[],"_links":{"self":[{"href":"https:\/\/artzoomconnection.com\/jeanpotvin\/wp-json\/wp\/v2\/pages\/1644"}],"collection":[{"href":"https:\/\/artzoomconnection.com\/jeanpotvin\/wp-json\/wp\/v2\/pages"}],"about":[{"href":"https:\/\/artzoomconnection.com\/jeanpotvin\/wp-json\/wp\/v2\/types\/page"}],"author":[{"embeddable":true,"href":"https:\/\/artzoomconnection.com\/jeanpotvin\/wp-json\/wp\/v2\/users\/1"}],"replies":[{"embeddable":true,"href":"https:\/\/artzoomconnection.com\/jeanpotvin\/wp-json\/wp\/v2\/comments?post=1644"}],"version-history":[{"count":85,"href":"https:\/\/artzoomconnection.com\/jeanpotvin\/wp-json\/wp\/v2\/pages\/1644\/revisions"}],"predecessor-version":[{"id":5265,"href":"https:\/\/artzoomconnection.com\/jeanpotvin\/wp-json\/wp\/v2\/pages\/1644\/revisions\/5265"}],"wp:attachment":[{"href":"https:\/\/artzoomconnection.com\/jeanpotvin\/wp-json\/wp\/v2\/media?parent=1644"}],"curies":[{"name":"wp","href":"https:\/\/api.w.org\/{rel}","templated":true}]}}