
{"id":1644,"date":"2009-11-16T23:46:01","date_gmt":"2009-11-17T04:46:01","guid":{"rendered":"http:\/\/www.artzoom.org\/members\/wordpress\/?page_id=33"},"modified":"2026-04-20T11:25:25","modified_gmt":"2026-04-20T10:25:25","slug":"expositions","status":"publish","type":"page","link":"https:\/\/artzoomconnection.com\/lo\/expositions\/","title":{"rendered":"EXPOSITION"},"content":{"rendered":"<div class=\"fusion-fullwidth fullwidth-box fusion-builder-row-1 nonhundred-percent-fullwidth non-hundred-percent-height-scrolling\" style=\"--awb-border-radius-top-left:0px;--awb-border-radius-top-right:0px;--awb-border-radius-bottom-right:0px;--awb-border-radius-bottom-left:0px;--awb-flex-wrap:wrap;\" ><div class=\"fusion-builder-row fusion-row\"><div class=\"fusion-layout-column fusion_builder_column fusion-builder-column-0 fusion_builder_column_1_3 1_3 fusion-one-third fusion-column-first\" style=\"--awb-bg-size:cover;--awb-margin-bottom:0px;width:30.6666%; margin-right: 4%;\"><div class=\"fusion-column-wrapper fusion-flex-column-wrapper-legacy\"><div class=\"fusion-text fusion-text-1\"><h4>EN PERMANENCE<\/h4>\n<p><em>liste non exhaustive<\/em><\/p>\n<p><strong>Galerie du Vieux-St-Jean<\/strong><br \/>\n208, rue Richelieu<br \/>\nSaint-Jean-sur-Richelieu (Qu\u00e9bec)<br \/>\nJ3B 6X8\u00a0Canada<br \/>\n1.450.741.3939<br \/>\n<a href=\"mailto:info@galerievieuxstjean.com\">info@galerievieuxstjean.com<\/a><br \/>\n<a href=\"www.galerievieuxstjean.com\">www.galerievieuxstjean.com<\/a><\/p>\n<p><strong>Le Portal Galerie d\u2019art<\/strong><br \/>\n97, rue Saint-Paul<br \/>\nQu\u00e9bec (Qu\u00e9bec)<br \/>\nG1K 3V8<br \/>\nCanada<br \/>\n1.418.265.1523<strong><br \/>\n<\/strong><a href=\"mailto:galerie.leportal@gmail.com\" target=\"_blank\" rel=\"noopener noreferrer\">galerie.leportal@gmail.com<\/a><\/p>\n<p><strong>Harmonie Audition &#8211; Myriam Brunel Audioproth\u00e9siste<\/strong><br \/>\n790, Route Jean-Gauvin, local 230<br \/>\nQu\u00e9bec (Qu\u00e9bec)<br \/>\nG1X 0B6\u00a0Canada<br \/>\n1.418.476.1455<\/p>\n<p><strong>Atelier de LO<\/strong> (sur rendez-vous)<br \/>\nQu\u00e9bec (Qu\u00e9bec)<br \/>\nCanada<br \/>\n<a title=\"info@lographiste.com\" href=\"mailto:info@lographiste.com\" target=\"_blank\" rel=\"noopener noreferrer\">info@lographiste.com<\/a><\/p>\n<p><strong>Art Total Multim\u00e9dia<\/strong><br \/>\nC.P. 75161 Succursale Cap-Rouge<br \/>\nQu\u00e9bec (Qu\u00e9bec)<br \/>\nG1Y 3C7 Canada<br \/>\n<a title=\"info@arttotalmultimedia.com\" href=\"mailto:info@arttotalmultimedia.com\" target=\"_blank\" rel=\"noopener noreferrer\">info@arttotalmultimedia.com<\/a><\/p>\n<p><strong>Mus\u00e9e d\u2019art contemporain VR 3D<\/strong><br \/>\nPlace Darche<br \/>\n54400 Longwy (France)<br \/>\n<a href=\"http:\/\/www.macvr3d.com\" target=\"_blank\" rel=\"noopener noreferrer\">www.macvr3d.com<\/a><\/p>\n<p><strong>Acad\u00e9mie internationale des beaux-arts du Qu\u00e9bec <\/strong>(ma\u00eetre en beaux-arts)<br \/>\n<a title=\"voir la page\" href=\"http:\/\/lo.artacademie.com\" target=\"_blank\" rel=\"noopener noreferrer\">voir la page<\/a><\/p>\n<\/div><div class=\"fusion-clearfix\"><\/div><\/div><\/div><div class=\"fusion-layout-column fusion_builder_column fusion-builder-column-1 fusion_builder_column_2_3 2_3 fusion-two-third fusion-column-last\" style=\"--awb-bg-size:cover;--awb-margin-bottom:0px;width:65.3333%;\"><div class=\"fusion-column-wrapper fusion-flex-column-wrapper-legacy\"><div class=\"fusion-text fusion-text-2\"><h4>EN COURS ET \u00c0 VENIR<\/h4>\n<h2><strong>2026<\/strong><\/h2>\n<p><strong>Liste non exhaustive<\/strong><\/p>\n<p><strong>Du 1er avril au 30 septembre 2026:<\/strong> Internation\u2019ART 2026 \u2013 Mus\u00e9e d\u2019art contemporain VR 3D (MACVR3D), Place Darche, 54400 Longwy <span style=\"color: #ff6600;\"><strong>(France)<\/strong> <\/span>\u2013 Commissaire: HeleneCaroline Fournier<\/p>\n<p><strong>Du 1er mai au 31 octobre 2026:<\/strong> Salon D\u00e9couverte 2026 \u2013 Mus\u00e9e d\u2019art contemporain VR 3D (MACVR3D), Place Darche, 54400 Longwy <span style=\"color: #ff6600;\"><strong>(France)<\/strong><\/span> \u2013 Commissaire: HeleneCaroline Fournier<\/p>\n<p><strong>Les 9 et 10 mai 2026: <\/strong>La Fin de semaine des arts \u2013 Symposium \u2013 Ermitage Saint-Antoine, Lac-Bouchette (Qu\u00e9bec-Canada)<\/p>\n<p><strong>Du 23 au 29 mai 2026:<\/strong> 45\u00e8me Salon artistique d\u2019\u00c9tain, H\u00f4tel de Ville d\u2019\u00c9tain, \u00c9tain 55400 <span style=\"color: #ff6600;\"><strong>(France)<\/strong><\/span> \u2013 Vernissage: le samedi 23 mai 2026 \u00e0 18h00<\/p>\n<p><strong>Les 6 et 7 juin 2026:<\/strong> Festival D\u00e9couvr\u2019Arts, Vieux-Cap-Rouge (rue Provancher), Qu\u00e9bec (Qu\u00e9bec-Canada)<\/p>\n<p><strong>Les 4 et 5 juillet 2026 <span style=\"color: #ff0000;\">(\u00e0 confirmer)<\/span> &#8211;<\/strong> Coupe Femina, Quai Paquet, L\u00e9vis (Qu\u00e9bec-Canada)<\/p>\n<p><strong>Les 14, 15 et 16 ao\u00fbt 2026:<\/strong> Rendez-vous des artistes, Parc Clarence-Bourgoin, Saint-L\u00e9onard (Nouveau-Brunswick) Canada<\/p>\n<p><b>Du 1er au 20 septembre 2026:<\/b> LO peindra devant public sur l\u2019\u00cele-du-Prince-\u00c9douard (Canada) dans certains ports de p\u00eache et pr\u00e8s de certains phares \u2013\u00a0<a href=\"mailto:hc_torregrossa@yahoo.ca?subject=O%C3%B9%20sera%20LO%20sur%20l%E2%80%99IPE%20?%20Demande%20de%20renseignement%20sur%20le%20trajet%20de%20l%E2%80%99artiste\" target=\"_blank\" rel=\"noopener\">renseignez-vous 24 heures \u00e0 l\u2019avance pour conna\u00eetre son emplacement<\/a><\/p>\n<p><b>Du 22 septembre au 4 octobre 2026:<\/b> LO peindra devant public sur l\u2019\u00cele-du-Cap-Breton (Canada) dans certains ports de p\u00eache et pr\u00e8s de certains phares \u2013 <a href=\"mailto:hc_torregrossa@yahoo.ca?subject=O%C3%B9%20sera%20LO%20sur%20l%E2%80%99Ile-du-Cap-Breton%20?%20Demande%20de%20renseignement%20sur%20le%20trajet%20de%20l%E2%80%99artiste\" target=\"_blank\" rel=\"noopener\">renseignez-vous 24 heures \u00e0 l\u2019avance pour conna\u00eetre son emplacement<\/a><\/p>\n<p><strong>Les 16, 17 et 18 octobre 2026:<\/strong> \u00c9v\u00e8nement sp\u00e9cial \u2013 Peinture devant public \u2013 Galerie du Vieux Saint-Jean (en marge de l\u2019\u00e9v\u00e8nement Mon Vieux Saint-Jean la nuit du 17 octobre), 208 rue Richelieu, Saint-Jean-sur-Richelieu (Qu\u00e9bec-Canada) \u2013 <strong>Heures de pr\u00e9sence: L\u2019artiste sera pr\u00e9sent le 16 octobre en apr\u00e8s-midi jusqu\u2019\u00e0 16h, le 17 octobre en apr\u00e8s-midi et toute la soir\u00e9e, le 18 octobre en apr\u00e8s-midi jusqu\u2019\u00e0 16h <\/strong> &#8211; <a href=\"https:\/\/www.galerievieuxstjean.com\/artistes\/lo\/\" target=\"_blank\" rel=\"noopener\">voir le site de la Galerie<\/a><\/p>\n<p><strong>Jusqu\u2019au 28 f\u00e9vrier 2027:<\/strong> exposition permanente \u2013 LO artiste peintre. Un monde de libert\u00e9 \u2013 Mus\u00e9e d\u2019art contemporain VR 3D (MACVR3D), Place Darche, 54400 Longwy <span style=\"color: #ff6600;\"><strong>(France)<\/strong><\/span> \u2013 Commissaire: HeleneCaroline Fournier<\/p>\n<p><strong>D\u2019autres expositions \u00e0 venir<\/strong><\/p>\n<h2>2027<\/h2>\n<p><strong>Du 20 f\u00e9vrier 2027 au 20 f\u00e9vrier 2028: <\/strong>ArtZoom. 30 ans d\u00e9j\u00e0 &#8211; Mus\u00e9e d&rsquo;art contemporain VR 3D (MACVR3D), Place Darche, 54400 Longwy<strong> <span style=\"color: #ff6600;\">(France)<\/span> \u2013 Commissaire: HeleneCaroline Fournier<\/strong><\/p>\n<p><strong>Jusqu\u2019au 28 f\u00e9vrier 2027:<\/strong> exposition permanente \u2013 LO artiste peintre. Un monde de libert\u00e9 \u2013 Mus\u00e9e d\u2019art contemporain VR 3D (MACVR3D), Place Darche, 54400 Longwy <span style=\"color: #ff6600;\">\u00a0<strong>(France)<\/strong><\/span> &#8211; <strong>Commissaire: HeleneCaroline Fournier<\/strong> \u2013 <a href=\"https:\/\/macvr3d.com\/\" target=\"_blank\" rel=\"noopener\">voir l\u2019expo sur Internet<\/a><\/p>\n<p><strong>Du 1er avril au 30 septembre 2027:<\/strong> Internation\u2019ART 2027 &#8211; Mus\u00e9e d&rsquo;art contemporain VR 3D (MACVR3D), Place Darche, 54400 Longwy<strong> <span style=\"color: #ff6600;\">(France)<\/span> \u2013 Commissaire: HeleneCaroline Fournier<\/strong><\/p>\n<p><strong>Du 1er mai au 31 octobre 2027:<\/strong> Salon D\u00e9couverte 2027 &#8211; Mus\u00e9e d&rsquo;art contemporain VR 3D (MACVR3D), Place Darche, 54400 Longwy <strong><span style=\"color: #ff6600;\">(France)<\/span> \u2013 Commissaire: HeleneCaroline Fournier<\/strong><\/p>\n<hr \/>\n<h4>EXPOSITIONS PASS\u00c9ES<\/h4>\n<h5>Liste non exhaustive<\/h5>\n<h5>AU CANADA<\/h5>\n<p>2026: LO de L\u00c0 \u00a0\u2013 Biblioth\u00e8que Alain-Grandbois, 160, rue Jean-Juneau, Saint-Augustin-de-Desmaures (Qu\u00e9bec-Canada) (exposition personnelle)<br \/>2026: \u00ab Et si c\u2019\u00e9tait \u00e7a la vie \u00bb \u2013 exposition de 6 artistes de la Galerie du Vieux Saint-Jean \u2013 SPEC du Haut-Richelieu, Salle Desjardins, Th\u00e9\u00e2tre des Deux-Rives, 30 boul. du S\u00e9minaire Nord, Saint-Jean-sur-Richelieu (Qu\u00e9bec-Canada)<br \/>2025: Mon Vieux Saint-Jean la nuit, Peinture devant public, Galerie du Vieux Saint-Jean, Saint-Jean-sur-Richelieu (Qu\u00e9bec)<br \/>2025: LO \u00e0 L\u2019Isle 2025, H\u00f4tel Cap-aux-Pierres, La Baleine, Isle-aux-Coudres (Qu\u00e9bec) (exposition personnelle)<br \/>2025: LO sur le motif, plusieurs endroits sur la Cabot Trail, Ile-de-Cap-Breton (Nouvelle-\u00c9cosse)<br \/>2025: LO sur la route des phares avec ses pinceaux (Ile-du-Prince-\u00c9douard)<br \/>2025: Le Quai des artistes, Carrefour de la mer, Caraquet (Nouveau-Brunswick)<br \/>2025: Symposium &#8211; Le Rendez-vous des artistes, Saint-L\u00e9onard (Nouveau-Brunswick)<br \/>2025: Coupe Femina, Quai Paquet, L\u00e9vis (Qu\u00e9bec) &#8211; (kiosque personnel)<br \/>2025: Festival D\u00e9couvr\u2019Arts, Vieux-Cap-Rouge, Qu\u00e9bec (Qu\u00e9bec)<br \/>2025: Rendez-vous artistique, Quai des Cageux \u00e0 Qu\u00e9bec et Quai Paquet \u00e0 L\u00e9vis (Qu\u00e9bec) pour peindre sur le motif<br \/>2025: Fin de semaine des arts, Ermitage Saint-Antoine, Lac-Bouchette (Qu\u00e9bec)<br \/>2024: Galerie 5, Jonqui\u00e8re (Qu\u00e9bec)<br \/>2024: Peinture devant public, West Point (Ile-du-Prince-Edouard)<br \/>2024: Peinture devant public, Summerside (Ile-du-Prince-Edouard)<br \/>2024: Peinture devant public, North Cape (Ile-du-Prince-Edouard)<br \/>2024: Peinture devant public, Cavendish (Ile-du-Prince-Edouard)<br \/>2024: Peinture devant public, North Rustico Harbour (Ile-du-Prince-Edouard)<br \/>2024: H\u00f4tel Cap-aux-Pierres, La Baleine, Isle-aux-Coudres (Qu\u00e9bec) (exposition personnelle)<br \/>2024: Grains de folie, Caraquet (Nouveau-Brunswick) \u00a0(exposition personnelle)<br \/>2024: Au coin des artistes, Caraquet (Nouveau-Brunswick)<br \/>2024: La Coureuse des gr\u00e8ves, Saint-Jean-Port-Joli (Qu\u00e9bec) (exposition personnelle)<br \/>2024: Symposium \u2013 Coupe Femina, Quai Paquet, L\u00e9vis (Qu\u00e9bec)<br \/>2023: Au coin des artistes, Caraquet (Nouveau-Brunswick)<br \/>2023: Peinture devant public, Halifax (Nouvelle-\u00c9cosse)<br \/>2023: Peinture devant public, Galerie du Vieux Saint-Jean, Saint-Jean-sur-Richelieu (Qu\u00e9bec)<br \/>2023: La Coureuse des gr\u00e8ves, Saint-Jean-Port-Joli (Qu\u00e9bec)<br \/>2023: Maison O\u2019Neill, Qu\u00e9bec (Qu\u00e9bec)<br \/>2022: Fredericton Inn, Fredericton, Nouveau-Brunswick (exposition priv\u00e9e)<br \/>2022: La Coureuse des gr\u00e8ves, Saint-Jean-Port-Joli (Qu\u00e9bec)<br \/>2022: Maison O\u2019Neill, Qu\u00e9bec (Qu\u00e9bec)<br \/>Depuis\/Since 2021: Au coin des artistes, Caraquet, Nouveau-Brunswick<br \/>2021, 2022: Grains de folie, Caraquet (Nouveau-Brunswick) \u00a0(exposition personnelle)<br \/>2021: D\u00e9fi 15 dessins 15 semaines &#8211; HEART, Au Coeur de l\u2019art, magazine des arts &#8211; <a href=\"https:\/\/magazinedesarts.com\/defi-15-dessins-15-semaines\/\" target=\"_blank\" rel=\"noopener\">galerie d\u2019images visible en ligne<\/a><br \/>2019: Mus\u00e9e Pierre-Boucher, Trois-Rivi\u00e8res (Qu\u00e9bec)<br \/>Depuis\/Since 2019: (en permanence) Harmonie Audition, Qu\u00e9bec (Qu\u00e9bec)<br \/>2018: (en permanence) Mus\u00e9e du Ballet de Qu\u00e9bec (Qu\u00e9bec)<br \/>2018-2021: (en permanence): Galerie Bloom, Montr\u00e9al (Qu\u00e9bec)<br \/>2018: Les arts au rendez-vous, Place Sainte-Foy, Qu\u00e9bec (Qu\u00e9bec) &#8211; avril et octobre<br \/>2017: Rencontre des Arts, Saint-Jean-sur-Richelieu (Qu\u00e9bec)<br \/>2017-2020 (en permanence): Galerie Taillon \u2013 Carpe Diem, 160 chemin Roy, Magog (Qu\u00e9bec)<br \/>2017: Galerie Zen \u2013 1139, rue Saint-Jean, Qu\u00e9bec (Qu\u00e9bec)<br \/>2016: Galerie d\u2019art Christine Genest, Cap-Sant\u00e9, Qu\u00e9bec (exposition personnelle)<br \/>2016, 2018\/2019: Galerie d\u2019art du Vieux-Saint-Jean, Saint-Jean-sur-Richelieu, Qu\u00e9bec (exposition personnelle)<br \/>Depuis\/Since 2015 (en permanence): Galerie d\u2019art du Vieux-Saint-Jean, Saint-Jean-sur-Richelieu, Qu\u00e9bec<br \/>2016: Artiste en vedette (\u00e9t\u00e9 2016) Galerie Zen, Lac-Beauport, Qu\u00e9bec<br \/>2015-2016: Galerie Zen, 1025 boul. du Lac, Lac-Beauport, Qu\u00e9bec<br \/>2015: Lord Elgin Hotel, Ottawa, Ontario (exposition priv\u00e9e)<br \/>2015: Biblioth\u00e8que Etienne-Parent, Salle Jean Paul-Lemieux, Beauport (exposition personnelle)<br \/>2015: Mus\u00e9e Marius-Barbeau, Saint-Joseph-de-Beauce (exposition personnelle)<br \/>2014: Biblioth\u00e8que Roger-Lemelin (duo)<br \/>2014: Bureau du d\u00e9put\u00e9 f\u00e9d\u00e9ral de Louis-H\u00e9bert, Qu\u00e9bec<br \/>2014: Presbyt\u00e8re Saint-Nicolas<br \/>2014: Galerie des Deux-Ponts, Saint-Nicolas<br \/>2013-2015: Galerie d\u2019art uNo, Qu\u00e9bec<br \/>2012: Diane Point d\u2019Exclamation, Qu\u00e9bec (exposition personnelle)<br \/>2012: Caf\u00e9 Castello, Qu\u00e9bec (en duo)<br \/>2012: Marina de Roberval (exposition personnelle)<br \/>2012, 2015: L\u2019espace contemporain galerie d\u2019art, Qu\u00e9bec (exposition personnelle)<br \/>2011-2019: Biblioth\u00e8que Georges-Henri-L\u00e9vesque, Roberval<br \/>2011-2014: Encan de la Croix-Rouge, division Qu\u00e9bec<br \/>2010: La Maison d\u2019Amandine, Qu\u00e9bec<br \/>2009-2015: Le Coureur des Bois, Qu\u00e9bec<br \/>2009-2015: Galerie d\u2019art Vigneault, Repentigny<br \/>2009, 2010, 2011: La Chapelle Saint-Joseph, Fossambault-sur-le-Lac, Qu\u00e9bec<br \/>2009, 2010: Maison des Arts et de la Culture, L\u2019Ancienne-Lorette<br \/>2009-2010: Le Bistango, Qu\u00e9bec<br \/>2008-2019: L\u2019espace contemporain galerie d\u2019art, Qu\u00e9bec (exposition collective)<br \/>2008-2010: Galerie Le Bourget, Montr\u00e9al<br \/>2008-2009: Galerie Jacques Cartier, Cap-Rouge<br \/>2008: La Maison de la culture, L\u2019Ancienne-Lorette (exposition personnelle)<br \/>2008: Galerie Horizon, Sorel-Tracy, Qu\u00e9bec (exposition personnelle)<br \/>2008: Avec L\u2019Institut Canadien de Qu\u00e9bec (deux expositions personnelles)<br \/>2008: Galerie d\u2019art du Grand-Th\u00e9\u00e2tre de Qu\u00e9bec (exposition personnelle)<br \/>2007-2014: Galerie d\u2019art S\u00e9lecte, Loretteville, Qu\u00e9bec<br \/>2007, 2014: Galerie de la Biblioth\u00e8que Roger-Lemelin, Cap-Rouge (exposition personnelle)<br \/>2007-2011: Galerie d\u2019art Kr\u00e9arto, Qu\u00e9bec<br \/>2007: Galerie des Deux-Ponts, Saint-Nicolas (exposition personnelle)<br \/>2006, 2011, 2013, 2014: Galerie Yves Lahoud, Cap-Rouge, Qu\u00e9bec<br \/>2006, 2007, 2014: Journ\u00e9es de la Culture, Cap-Rouge, Qu\u00e9bec<br \/>2006-2009: Galerie La Gwal\u2019Art, Cap-Rouge, Qu\u00e9bec (exposition personnelle et collective)<br \/>2006-2009: Jean Avard, C.A., Sillery (exposition personnelle)<br \/>2006-2009: Caisse populaire Desjardins de St-Romuald, Qu\u00e9bec<br \/>2005, 2006: Galerie Diane Lefran\u00e7ois (exposition personnelle et collective)<br \/>2005: Journ\u00e9es de la Culture, \u00c9glise de L\u2019Ancienne-Lorette, Qu\u00e9bec<br \/>2005-2022: Festival D\u00e9couvrarts, Cap-Rouge, Qu\u00e9bec<br \/>2004-2014: Village historique acadien, Caraquet, N.-B.\/New-Brunswick (exposition personnelle)<br \/>2004-2006: Galerie Sarenhes, Qu\u00e9bec<br \/>2004-2006: La Chasse-Galerie, Ile d\u2019Orl\u00e9ans, Qu\u00e9bec<br \/>2004: Journ\u00e9e des peintres, Parc des Trois-B\u00e9r\u00eats, Saint-Jean-Port-Joli, Qu\u00e9bec<br \/>2004: Journ\u00e9e de la Culture, Chasse-Galerie, Ile d\u2019Orl\u00e9ans, Qu\u00e9bec<br \/>2004: Festival Moisson d\u2019art, Tracadie-Sheila, Nouveau-Brunswick<br \/>2004: Transat Qu\u00e9bec-Saint-Malo (exposition personnelle)<br \/>2004: Galerie Entr\u2019art, Saint-Jean-Port-Joli, Qu\u00e9bec<br \/>2003-2015: H\u00f4tel Ch\u00e2teau de La Terrasse (exposition personnelle)<br \/>2001, 2002: Caisse populaire Desjardins de L\u2019Ancienne-Lorette (exposition personnelle)<br \/>2001, 2002: H\u00f4tel de Ville de l\u2019Ancienne-Lorette (exposition personnelle)<br \/>2001, 2002: Biblioth\u00e8que Marie-Victorin, L\u2019Ancienne-Lorette (exposition personnelle)<br \/>1998-2001: Galerie d\u2019art Royale, Qu\u00e9bec<br \/>1998-2001: Galerie Bel-Art, Qu\u00e9bec<br \/>1998-2001: Galerie Beauchamp &amp; Beauchamp, Qu\u00e9bec<\/p>\n<h5>EN BELGIQUE<\/h5>\n<p>Jury de s\u00e9lection<br \/>LIBR\u2019ART \u2013 Salon International d\u2019art contemporain de Libramont<br \/>LINEART \u2013 Salon International de l\u2019art ethnographique, moderne et contemporain, Gand<br \/>ART BRUSSELS, Bruxelles<br \/>Galerie La Louve, Louft\u00e9mont\/L\u00e9glise<br \/>Art en Gaume, Etalle<\/p>\n<h5>EN FRANCE<\/h5>\n<p>Jury de s\u00e9lection \/ with selection jury<\/p>\n<p>H\u00f4tel de Ville d\u2019\u00c9tain<br \/>Galerie La Belle Plume, Faulquemont<br \/>Club de bridge, Metz<br \/>Salon de Peinture, Thierville<br \/>MAC VR 3D, Mus\u00e9e\/Museum, Longwy (en permanence)<br \/>Art en Vitrine, Longwy<br \/>Galerie Art Zoom, Longwy (exposition personnelle)<br \/>Galerie Art Zoom, Longlaville<br \/>Galerie Pablo Picasso, Hom\u00e9court<br \/>Galerie Eck\u2019ART, Metz (exposition personnelle)<br \/>Les Estivales de l\u2019art de Longlaville<br \/>Salon des Arts Libres de Longwy<br \/>ART METZ, Metz<br \/>H\u00f4tel de Ville de Gorcy (exposition personnelle)<br \/>H\u00f4tel de Ville de Longwy (exposition personnelle)<br \/>SMART, Salon m\u00e9diterran\u00e9en d\u2019art contemporain et d\u2019art abstrait, Aix en Provence<br \/>SMART, Salon m\u00e9diterran\u00e9en d\u2019art contemporain et d\u2019art abstrait, Martigues<br \/>ART\u00c9NIM, Foire internationale d\u2019art contemporain du Sud, N\u00eemes<br \/>ART\u00c9NIM, Foire internationale d\u2019art contemporain Rh\u00f4ne Alpes, Grenoble<br \/>Salon international d\u2019art contemporain d\u2019Art Zoom, Les Artzoomades, Longlaville<br \/>FIAC, Foire internationale d\u2019art contemporain, Grand Palais du Louvre, Paris<br \/>SIAPPE, Salon international d\u2019arts plastiques de Perpignan<br \/>START, Foire europ\u00e9enne d\u2019art contemporain, Strasbourg<br \/>Festival Decalsc\u00e8ne, Longlaville<br \/>Le Printemps est l\u2019art zoom, Banque de France, Longwy<br \/>No\u00ebl des Artistes, Banque de France, Longwy<br \/>Le Gueulard, Nilvange (exposition personnelle)<br \/>Ch\u00e2teau de Cons la Grandville (exposition personnelle)<br \/>RegARTs contemporains \u2013 expo sur Vauban \u2013 Les Remparts, Longwy<br \/>Salon d\u2019automne de peinture de l\u2019Acad\u00e9mie Artistique Paul C\u00e9zanne, Talange<br \/>Salon des Arts et des Artistes, Errouville<br \/>Office de tourisme du Pays de Longwy, Puits de Si\u00e8ge, Longwy-Haut (en duo)<br \/>REG\u2019ART, Salle Antoine Blondin, Soetrich<br \/>Biennale internationale de peinture, Casino de Cattenom, Cattenom<br \/>Salon international de peinture et de sculpture, Audun-le-Tiche<br \/>Festiv\u2019Art (festival art &amp; culture), Ser\u00e9mange-Arzange<br \/>Concours Jules Bastien Lepage, Damvillers<br \/>Salon d\u2019automne de peinture, Talange<br \/>Concours Jules Bastien Lepage, Mairie de Damvillers<br \/>Regarts d\u2019artistes \u2013 Villers-la-Montagne<br \/>Exposition d\u2019arts plastiques \u2013 \u00c9tain<br \/>Salon de peinture, sculpture &#8211; \u00c9tain<br \/>HERSAMAT\u2019EXPO, Centre culturel de la Vieille \u00c9glise \u2013 Herserange-Village<br \/>GAT en F\u00eate, Tiercelet<\/p>\n<h5>AU LUXEMBOURG<\/h5>\n<p>Jury de s\u00e9lection<br \/>Foire d\u2019art de Luxembourg, Luxembourg-Ville<br \/>Galerie de Luxembourg, Luxembourg-Ville<br \/>Galerie Clairefontaine, Luxembourg-Ville<br \/>H\u00f4tel Victor Hugo, Luxembourg-Ville<br \/>Le Replay, Luxembourg-Ville<\/p>\n<h5>EN SUISSE<\/h5>\n<p>Jury de s\u00e9lection<br \/>ART BASEL, B\u00e2le<\/p>\n<h5>EN ESPAGNE<\/h5>\n<p>Jury de s\u00e9lection<br \/>ArTamTam, Art Bank, Palma de Mallorca, Iles Bal\u00e9ares<\/p>\n<h5>EN ALLEMAGNE<\/h5>\n<p>Jury de s\u00e9lection<br \/>RegARTs contemporains \u2013 expo sur Vauban \u2013 Sarrebourg<\/p>\n<\/div><div class=\"fusion-clearfix\"><\/div><\/div><\/div><\/div><\/div>\n","protected":false},"excerpt":{"rendered":"","protected":false},"author":1,"featured_media":0,"parent":0,"menu_order":0,"comment_status":"open","ping_status":"open","template":"","meta":{"footnotes":""},"class_list":["post-1644","page","type-page","status-publish","hentry"],"_links":{"self":[{"href":"https:\/\/artzoomconnection.com\/lo\/wp-json\/wp\/v2\/pages\/1644"}],"collection":[{"href":"https:\/\/artzoomconnection.com\/lo\/wp-json\/wp\/v2\/pages"}],"about":[{"href":"https:\/\/artzoomconnection.com\/lo\/wp-json\/wp\/v2\/types\/page"}],"author":[{"embeddable":true,"href":"https:\/\/artzoomconnection.com\/lo\/wp-json\/wp\/v2\/users\/1"}],"replies":[{"embeddable":true,"href":"https:\/\/artzoomconnection.com\/lo\/wp-json\/wp\/v2\/comments?post=1644"}],"version-history":[{"count":407,"href":"https:\/\/artzoomconnection.com\/lo\/wp-json\/wp\/v2\/pages\/1644\/revisions"}],"predecessor-version":[{"id":4137,"href":"https:\/\/artzoomconnection.com\/lo\/wp-json\/wp\/v2\/pages\/1644\/revisions\/4137"}],"wp:attachment":[{"href":"https:\/\/artzoomconnection.com\/lo\/wp-json\/wp\/v2\/media?parent=1644"}],"curies":[{"name":"wp","href":"https:\/\/api.w.org\/{rel}","templated":true}]}}