
{"id":37,"date":"2009-11-16T23:48:26","date_gmt":"2009-11-17T04:48:26","guid":{"rendered":"http:\/\/www.artzoom.org\/members\/wordpress\/?page_id=37"},"modified":"2023-11-03T13:57:27","modified_gmt":"2023-11-03T12:57:27","slug":"cote","status":"publish","type":"page","link":"https:\/\/artzoomconnection.com\/martingaudreault\/cote\/","title":{"rendered":"COTE"},"content":{"rendered":"<div class=\"fusion-fullwidth fullwidth-box fusion-builder-row-1 fusion-flex-container nonhundred-percent-fullwidth non-hundred-percent-height-scrolling\" style=\"background-color: rgba(255,255,255,0);background-position: center center;background-repeat: no-repeat;border-width: 0px 0px 0px 0px;border-color:#eae9e9;border-style:solid;\" ><div class=\"fusion-builder-row fusion-row fusion-flex-align-items-flex-start\" style=\"max-width:1064.96px;margin-left: calc(-4% \/ 2 );margin-right: calc(-4% \/ 2 );\"><div class=\"fusion-layout-column fusion_builder_column fusion-builder-column-0 fusion_builder_column_1_2 1_2 fusion-flex-column\"><div class=\"fusion-column-wrapper fusion-flex-justify-content-flex-start fusion-content-layout-column\" style=\"background-position:left top;background-repeat:no-repeat;-webkit-background-size:cover;-moz-background-size:cover;-o-background-size:cover;background-size:cover;padding: 0px 0px 0px 0px;\"><div class=\"fusion-text fusion-text-1\" style=\"transform:translate3d(0,0,0);\"><p>&nbsp;<\/p>\n<div class=\"wp-block-image\">\n<figure class=\"aligncenter\"><img decoding=\"async\" width=\"177\" height=\"177\" class=\"wp-image-2468\" src=\"https:\/\/artzoomconnection.com\/martingaudreault\/wp-content\/uploads\/artiste_expertise.png\" alt=\"\" srcset=\"https:\/\/artzoomconnection.com\/martingaudreault\/wp-content\/uploads\/artiste_expertise-60x60.png 60w, https:\/\/artzoomconnection.com\/martingaudreault\/wp-content\/uploads\/artiste_expertise-150x150.png 150w, https:\/\/artzoomconnection.com\/martingaudreault\/wp-content\/uploads\/artiste_expertise.png 177w\" sizes=\"(max-width: 177px) 100vw, 177px\" \/><\/figure>\n<\/div>\n<h4>SA VALEUR SUR LE MARCH\u00c9 DE L&rsquo;ART<\/h4>\n<h5>2020<\/h5>\n<p><strong>Photographie d&rsquo;art<br \/><\/strong><\/p>\n<p>Prix plancher 300 $ jusqu&rsquo;\u00e0 11 x 10 pouces (27,5 x 25 cm) ou l&rsquo;\u00e9quivalent en euros<br \/>16 x 20 pouces (40 x 50 cm) = 800 $ ou l&rsquo;\u00e9quivalent en euros<\/p>\n<p><strong>La cote est un indicatif du prix en galerie pour une oeuvre. Le prix peut donc varier l\u00e9g\u00e8rement d&rsquo;une galerie \u00e0 l&rsquo;autre, d&rsquo;un pays \u00e0 l&rsquo;autre et d&rsquo;un continent \u00e0 l&rsquo;autre.<br \/><\/strong><\/p>\n<p><span style=\"color: #ff6600;\"><em>Derni\u00e8re mise \u00e0 jour de la cote: le 23 avril 2019<\/em><\/span><\/p>\n<\/div><\/div><\/div><style type=\"text\/css\">.fusion-body .fusion-builder-column-0{width:50% !important;margin-top : 0px;margin-bottom : 0px;}.fusion-builder-column-0 > .fusion-column-wrapper {padding-top : 0px !important;padding-right : 0px !important;margin-right : 2.56%;padding-bottom : 0px !important;padding-left : 0px !important;margin-left : 3.84%;}@media only screen and (max-width:1024px) {.fusion-body .fusion-builder-column-0{width:50% !important;}.fusion-builder-column-0 > .fusion-column-wrapper {margin-right : 2.56%;margin-left : 3.84%;}}@media only screen and (max-width:640px) {.fusion-body .fusion-builder-column-0{width:100% !important;}.fusion-builder-column-0 > .fusion-column-wrapper {margin-right : 1.92%;margin-left : 1.92%;}}<\/style><div class=\"fusion-layout-column fusion_builder_column fusion-builder-column-1 fusion_builder_column_1_2 1_2 fusion-flex-column\"><div class=\"fusion-column-wrapper fusion-flex-justify-content-flex-start fusion-content-layout-column\" style=\"background-position:left top;background-repeat:no-repeat;-webkit-background-size:cover;-moz-background-size:cover;-o-background-size:cover;background-size:cover;padding: 0px 0px 0px 0px;\"><div class=\"fusion-text fusion-text-2\" style=\"transform:translate3d(0,0,0);\"><h4>GUIDES DE COTATION<\/h4>\n<p><i>Guid\u2019Arts<\/i>\u00a0<i>Cotation Artistes<\/i>, 2019, 2020 &#8211; <a href=\"https:\/\/gaudreault-martin.artistescotes.com\/\" target=\"_blank\" rel=\"noopener noreferrer\">voir le site<\/a>\u00a0(sera dans le dictionnaire des artistes cot\u00e9s, \u00e9dition 2020)<br \/>Expertise professionnelle par une experte en art, 2019<br \/><em>International Contemporary Artists catalogue<\/em>, par Artcertificate, vol. 1 et vol. 2 (2018 et 2019)<br \/>&#8211; etc.<\/p>\n<h4>INDEX ET R\u00c9PERTOIRES<\/h4>\n<p><strong>2019:<\/strong> Art Bank, Art Total Multim\u00e9dia expert en art (Canada)<br \/>Guid\u2019Arts\u00a0Cotation Artistes, 2019 &#8211; <a href=\"https:\/\/gaudreault-martin.artistescotes.com\/\" target=\"_blank\" rel=\"noopener noreferrer\">voir le site<\/a>\u00a0<br \/>Index\u00e9 ArtPrice, 2019 &#8211; <a href=\"https:\/\/www.artprice.com\/artist\/845466\/martin-gaudreault\" target=\"_blank\" rel=\"noopener noreferrer\">voir le site<\/a><br \/>R\u00e9pertoire des peintres canadiens Lareau, 2019 \u2013 <a href=\"http:\/\/www.lareau-law.ca\/peintres_1G.html\" target=\"_blank\" rel=\"noopener noreferrer\">voir le site<\/a><br \/>Wikipedia, 2019 &#8211; <a href=\"https:\/\/fr.m.wikipedia.org\/wiki\/Martin_Gaudreault\" target=\"_blank\" rel=\"noopener noreferrer\">voir le site<\/a><\/p>\n<h4>AFFILIATIONS PROFESSIONNELLES<\/h4>\n<p><span class=\"s2\">Ambassadeur pour le Canada pour l\u2019organisation Master Brush International, 2023<br \/>Membre honoraire<\/span><span class=\"s2\"> &#8211; <\/span><span class=\"s2\">Conseil international des Arts<\/span><span class=\"s2\"> &#8211; <\/span><span class=\"s2\">United Nation Arts and Sciences (UNESCO), 2023<\/span><br \/>Acad\u00e9mie Europ\u00e9enne des Arts-France (AEAF), 2019<br \/>Collectif International d\u2019Artistes ArtZoom (CIAAZ), 2019<br \/>Acad\u00e9mie internationale des Beaux-arts du Qu\u00e9bec (AIBAQ), 2018<br \/>Soci\u00e9t\u00e9 des Artistes Canadiens\/ Society of Canadian Artists (SAC\/SCA), membre associ\u00e9 (en 2018), membre \u00e9lu (en 2019), membre du conseil d&rsquo;administration (en 2020) en tant que directeur des expositions <br \/>Mondial Art Academia (MAA), 2017<br \/>Canadian for the Photographic Art (CAPA), 2012<\/p>\n<h4>PRIX ET DISTINCTIONS<\/h4>\n<p><strong>2023: <\/strong>Art Certificate &#8211; <span class=\"s1\">International Art 2023<br \/><\/span><strong>2023: <\/strong>Laur\u00e9at prix litt\u00e9aire Ernest Hemingway &#8211; <span class=\"s1\">Acad\u00e9mie LIK, Allemagne (<\/span><span class=\"s1\">texte portant sur les enfants et la paix en Ukraine)<br \/><\/span><strong>2023: <\/strong>Nomination Ambassadeur pour le Canada pour l\u2019organisation Master Brush International<strong> <br \/><\/strong><strong>2023: <\/strong>Mention d\u2019honneur<strong> &#8211; <\/strong><span class=\"s1\">Netherland photofest \u2013 Mus\u00e9e des Am\u00e9riques\u00a0<br \/><\/span><strong>2023: <\/strong>Gagnant de l\u2019Orchid\u00e9e d\u2019or<strong> &#8211; <\/strong><span class=\"s1\">Master brush international<br \/><\/span><strong>2023: <\/strong><span class=\"s2\">Acad\u00e9mie internationale d\u2019Art Contemporain ARTLOOKONE \u2013 3<\/span><span class=\"s5\">i\u00e8me<\/span><span class=\"s2\"> prix du jury (m\u00e9daille de bronze) \u2013 \u0152uvre\u00a0:<\/span><span class=\"s2\"> \u00abR\u00eave<\/span><span class=\"s2\"> d\u2019automne\u00bb<br \/><\/span><span class=\"s2\"><strong>2023:<\/strong> Membre honoraire<\/span><span class=\"s2\"> &#8211; <\/span><span class=\"s2\">Conseil international des Arts<\/span><span class=\"s2\"> &#8211; <\/span><span class=\"s2\">United Nation Arts and Sciences (UNESCO)<br \/><\/span><strong>2022:<\/strong> Certificat de reconnaissance, Mus\u00e9e d\u2019art contemporain VR3D (MACVR3D), Longwy (France) pour avoir particip\u00e9 \u00e0 l\u2019exposition \u00ab\u00a0Internation\u2019ART 2022\u00a0\u00bb<br \/><strong>2022:<\/strong> Certificat de reconnaissance, Mus\u00e9e d\u2019art contemporain VR3D (MACVR3D), Longwy (France) pour avoir particip\u00e9 \u00e0 l\u2019exposition \u00ab\u00a0Pays, Paysage \/ Land, Landscape\u00a0\u00bb<br \/><strong>2022:<\/strong> Certificat de reconnaissance, Mus\u00e9e d\u2019art contemporain VR3D (MACVR3D), Longwy (France) pour avoir particip\u00e9 \u00e0 l\u2019exposition \u00ab\u00a0Jardin de Joie \/ Garden of Joy\u00a0\u00bb<br \/><strong>2021:<\/strong> Certificat de reconnaissance, Mus\u00e9e d\u2019art contemporain VR3D (MACVR3D), Longwy (France) pour avoir particip\u00e9 \u00e0 l\u2019exposition \u201cInternation\u2019ART 2021\u201d<br \/><b>2021: <\/b>M\u00e9daille d\u2019argent, Mondial Art Academia (France) et son jury du Prix International des Professionnels en Art lui d\u00e9cernent une m\u00e9daille d\u2019argent pour sa photographie \u00abLes vallons\u00bb<b><br \/><\/b><b>2020: <\/b>M\u00e9daille d\u2019argent, Mondial Art Academia (France) et son jury du Prix International des Professionnels en Art lui d\u00e9cernent une m\u00e9daille d\u2019argent pour sa photographie \u00abLa B\u00eate\u00bb<b><br \/><\/b><b>2020\u00a0: <\/b>Premier prix du jury, Galerie d\u2019art ARTE GLOBALPRO \u2013 Los Angeles \u2013 pour sa photographie \u00ab Les chevaliers de l\u2019Apocalypse\u00bb<b><br \/><\/b><strong>2020:<\/strong> Certificat de reconnaissance, Mus\u00e9e d\u2019art contemporain VR3D (MACVR3D), Longwy (France) pour avoir particip\u00e9 \u00e0 l\u2019exposition \u201cColores\u201d<br \/><strong>2020:<\/strong> Certificat de reconnaissance, Mus\u00e9e d\u2019art contemporain VR3D (MACVR3D), Longwy (France) pour avoir particip\u00e9 \u00e0 l\u2019exposition \u201cAmor\u201d<br \/><strong>2020: <\/strong>Certificat de reconnaissance, Mus\u00e9e d\u2019art contemporain VR3D (MACVR3D), Longwy (France) pour avoir particip\u00e9 \u00e0 l\u2019exposition \u201cInternation\u2019ART 2020\u201d<br \/><strong>2020: <\/strong>Mention honorable comme Artiste de l\u2019ann\u00e9e 2019 pour l\u2019oeuvre \u00ab R\u00eaverie \u00bb, 3e \u00e9dition de l\u2019International CFA Artist of the year Award (Circle Fondation for the Arts) &#8211; Lyon (France)<strong><br \/>2019: <\/strong>Certificat de reconnaissance, Mus\u00e9e d&rsquo;art contemporain VR3D (MACVR3D), Longwy (France) pour avoir particip\u00e9 \u00e0 l&rsquo;exposition \u00ab\u00a0Vibration\u00a0\u00bb<strong><br \/>2019:<\/strong> Titre de \u00abMagister Artium\u00bb (Ma\u00eetre des Arts), Association italienne Artemisia Gentileschi (Italie)<br \/><strong>2019:<\/strong> Certificat de reconnaissance, Mus\u00e9e d&rsquo;art contemporain VR3D (MACVR3D), Longwy (France) pour avoir particip\u00e9 \u00e0 l&rsquo;exposition \u00ab\u00a0Instinct\u00a0\u00bb<br \/><strong>2019:<\/strong> Membre intronis\u00e9 \u00e0 l\u2019Ordre du Bleuet pour les Arts et la Culture<br \/><strong>2018:<\/strong> M\u00e9daille d&rsquo;argent, Mondial Art Academia (France) et son jury du Prix International des Professionnels en Art lui d\u00e9cernent une m\u00e9daille d\u2019argent pour sa photographie \u00abHeureux printemps\u00bb.<br \/><strong>2017:<\/strong> M\u00e9daille d&rsquo;argent, l\u2019Acad\u00e9mie des Arts, Sciences, Lettres de Paris (France)<\/p>\n<\/div><\/div><\/div><style type=\"text\/css\">.fusion-body .fusion-builder-column-1{width:50% !important;margin-top : 0px;margin-bottom : 0px;}.fusion-builder-column-1 > .fusion-column-wrapper {padding-top : 0px !important;padding-right : 0px !important;margin-right : 3.84%;padding-bottom : 0px !important;padding-left : 0px !important;margin-left : 5.12%;}@media only screen and (max-width:1024px) {.fusion-body .fusion-builder-column-1{width:50% !important;}.fusion-builder-column-1 > .fusion-column-wrapper {margin-right : 3.84%;margin-left : 5.12%;}}@media only screen and (max-width:640px) {.fusion-body .fusion-builder-column-1{width:100% !important;}.fusion-builder-column-1 > .fusion-column-wrapper {margin-right : 1.92%;margin-left : 1.92%;}}<\/style><\/div><style type=\"text\/css\">.fusion-body .fusion-flex-container.fusion-builder-row-1{ padding-top : 0px;margin-top : 0px;padding-right : 0px;padding-bottom : 0px;margin-bottom : 0px;padding-left : 0px;}<\/style><\/div>","protected":false},"excerpt":{"rendered":"","protected":false},"author":1,"featured_media":0,"parent":0,"menu_order":0,"comment_status":"open","ping_status":"open","template":"","meta":{"footnotes":""},"_links":{"self":[{"href":"https:\/\/artzoomconnection.com\/martingaudreault\/wp-json\/wp\/v2\/pages\/37"}],"collection":[{"href":"https:\/\/artzoomconnection.com\/martingaudreault\/wp-json\/wp\/v2\/pages"}],"about":[{"href":"https:\/\/artzoomconnection.com\/martingaudreault\/wp-json\/wp\/v2\/types\/page"}],"author":[{"embeddable":true,"href":"https:\/\/artzoomconnection.com\/martingaudreault\/wp-json\/wp\/v2\/users\/1"}],"replies":[{"embeddable":true,"href":"https:\/\/artzoomconnection.com\/martingaudreault\/wp-json\/wp\/v2\/comments?post=37"}],"version-history":[{"count":74,"href":"https:\/\/artzoomconnection.com\/martingaudreault\/wp-json\/wp\/v2\/pages\/37\/revisions"}],"predecessor-version":[{"id":2623,"href":"https:\/\/artzoomconnection.com\/martingaudreault\/wp-json\/wp\/v2\/pages\/37\/revisions\/2623"}],"wp:attachment":[{"href":"https:\/\/artzoomconnection.com\/martingaudreault\/wp-json\/wp\/v2\/media?parent=37"}],"curies":[{"name":"wp","href":"https:\/\/api.w.org\/{rel}","templated":true}]}}