{"id":1625,"date":"2012-11-10T15:31:33","date_gmt":"2012-11-10T14:31:33","guid":{"rendered":"http:\/\/www.artzoomconnection.com\/lo\/?page_id=1625"},"modified":"2020-08-16T18:19:59","modified_gmt":"2020-08-16T17:19:59","slug":"biographie","status":"publish","type":"page","link":"https:\/\/artzoomconnection.com\/mfsztuka\/presentation\/biographie\/","title":{"rendered":"BIOGRAPHIE"},"content":{"rendered":"<div class=\"one_third\">\n<h4>FORMATION<\/h4>\n<p>&#8211; Cours de dessin, pastel avec Franco Favaro<br \/>\n&#8211; Peinture \u00e0 l&rsquo;huile avec Brett Rhodes-Neal<br \/>\n&#8211; Stages th\u00e9matiques avec des artistes fran\u00e7ais (Rogine Dor\u00e9, Ben-Ami Koller)<br \/>\n&#8211; Cours Martenot \u00e0 Metz (France)<\/p><\/div>\n<div class=\"two_third last\">\n<h4>PR\u00c9SENTATION DE L&rsquo;ARTISTE<\/h4>\n<p>&nbsp;<\/p>\n<p style=\"text-align: justify;\"><img loading=\"lazy\" class=\"alignright size-full wp-image-2249\" src=\"http:\/\/artzoomconnection.com\/mfsztuka\/wp-content\/uploads\/logo_150x150.jpg\" alt=\"logo_150x150\" width=\"150\" height=\"150\" \/>Marie-Fran\u00e7oise Sztuka est n\u00e9e en 1943 en Meurthe-et-Moselle (France). D\u00e8s son enfance, le talent pour le dessin est tr\u00e8s pr\u00e9sent, au point de se d\u00e9marquer. En 1956, alors \u00e2g\u00e9e de 13 ans, elle obtient son tout premier prix en peinture lors d\u2019un concours dans une revue d\u2019enfant. Issue d\u2019une famille qui s\u2019int\u00e9resse \u00e0 l\u2019art et \u00e0 l\u2019histoire de l\u2019art, le terreau est favorable pour le d\u00e9veloppement artistique de l\u2019enfant qu\u2019elle est alors; sa m\u00e8re et sa grand-m\u00e8re peignent. Quant \u00e0 son arri\u00e8re-grand-p\u00e8re maternel, avocat au tribunal de Montm\u00e9dy, il a une passion pour la sculpture sur bois. Il fait les encadrements pour les femmes peintres de la famille.<\/p>\n<p style=\"text-align: justify;\">D\u00e8s ses \u00e9tudes au Lyc\u00e9e Jeanne d\u2019Arc \u00e0 Nancy, elle d\u00e9couvre les mus\u00e9es et l\u2019Art Nouveau qui est partout pr\u00e9sent dans la ville. Son professeur de peinture, qui est \u00e9galement professeur \u00e0 l\u2019\u00c9cole des beaux-arts de Nancy, va m\u00eame jusqu\u2019\u00e0 convoquer ses parents pour l\u2019orienter vers des \u00e9tudes \u00e0 l\u2019\u00c9cole des beaux-arts. Marie-Fran\u00e7oise, ayant toujours d\u00e9sir\u00e9 devenir m\u00e9decin, s\u2019oriente plut\u00f4t vers les sciences. Pendant ses \u00e9tudes de m\u00e9decine, l\u2019art est continuellement sur son chemin. L\u2019anatomie humaine est une mati\u00e8re qui peut \u00e9galement servir dans le domaine des arts. Ses recherches en embryologie lui r\u00e9v\u00e8lent au microscope des oeuvres abstraites. Apr\u00e8s avoir fait une carri\u00e8re m\u00e9dicale bien charg\u00e9e, Marie-Fran\u00e7oise retourne finalement vers cette passion de la peinture qui ne l\u2019avait jamais quitt\u00e9e. Gr\u00e2ce \u00e0 son mari, elle se remet donc \u00e0 la peinture en atelier, par pur plaisir de l\u2019art, jusqu\u2019au jour o\u00f9 des amis la persuadent d\u2019exposer ses oeuvres. Une amie la pousse \u00e0 exposer dans une \u00e9glise o\u00f9 un \u00e9v\u00e9nement artistique a lieu, d\u2019autres la pr\u00e9sente \u00e0 un directeur d\u2019une galerie en Belgique. C\u2019est ainsi qu\u2019elle d\u00e9bute sa deuxi\u00e8me carri\u00e8re professionnelle dans les ann\u00e9es 1980.<\/p>\n<p style=\"text-align: justify;\">Elle se perfectionne dans la technique du pastel avec Franco Favaro et, principalement, en peinture \u00e0 l\u2019huile, dans l\u2019atelier de l\u2019artiste anglais Brett Rhodes-Neal, \u00e0 Vence, lui-m\u00eame ancien \u00e9l\u00e8ve de David Hockney et de Francis Bacon. Elle suit plusieurs stages th\u00e9matiques organis\u00e9s par des artistes fran\u00e7ais (Rogine Dor\u00e9, Denis Rival, Ben-Ami Koller, etc.), notamment \u00e0 Durtal (Maine-et-Loire) et \u00e0 Metz (Moselle).<\/p>\n<p style=\"text-align: justify;\">Pour Marie-Fran\u00e7oise Sztuka, il y a toujours des techniques \u00e0 d\u00e9couvrir et des sujets \u00e0 explorer. Incapable de faire toujours la m\u00eame chose, elle d\u00e9veloppe plusieurs th\u00e9matiques. Passionn\u00e9e par Venise et son carnaval, elle y puise son inspiration pour ses premi\u00e8res oeuvres. Elle r\u00e9alise ensuite sur le motif au pastel et \u00e0 l\u2019huile, des paysages de la Lorraine et de la Provence, des natures mortes, etc. Son style passe tranquillement au Cubisme puis au Fauvisme. Le figuratif laisse place aussi \u00e0 l\u2019abstrait avec des effets de mati\u00e8re. L\u2019\u00e9volution se poursuit et son style s\u2019affine au fil du temps qui passe.<\/p>\n<p style=\"text-align: justify;\">A partir de 2006, elle obtient des prix et distinctions pour son travail, notamment le Prix Jules-Bastien-Lepage en 2010, le Prix France\/Europe en 2012, etc. En 2007, elle devient membre professionnelle du Collectif International d\u2019artistes Art Zoom (CIAAZ) avec qui elle expose d\u00e8s 2009 au Canada. Au cours de sa carri\u00e8re, elle expose en France, en Belgique, au Luxembourg et au Canada. L\u2019une de ses oeuvres se trouve dans la collection permanente du Mus\u00e9e international de la bi\u00e8re \u00e0 Stenay (France).<\/p>\n<p style=\"text-align: justify;\">Apr\u00e8s avoir particip\u00e9 \u00e0 maintes expositions internationales, apr\u00e8s avoir fond\u00e9 l\u2019Association r\u00e9gionale artistique m\u00e9decins, infirmiers et soignants (ARAMIS), et apr\u00e8s avoir anim\u00e9 plusieurs ateliers de peinture, Marie-Fran\u00e7oise se met en retrait des groupes d\u2019artistes pour se reconcentrer sur sa peinture. En 2017, elle quitte sa Lorraine natale pour s\u2019installer d\u00e9finitivement \u00e0 Vence dans la r\u00e9gion Provence-Alpes-C\u00f4te d\u2019Azur.<\/p>\n<p>&nbsp;<\/p><\/div>\n<div class=\"clearBoth\"><\/div>\n<div class=\"divider top\"><a href=\"#wrapper\" title=\"Back To Top\" rel=\"nofollow\">Top<\/a><\/div>\n","protected":false},"excerpt":{"rendered":"","protected":false},"author":1,"featured_media":2371,"parent":1623,"menu_order":0,"comment_status":"closed","ping_status":"closed","template":"template_fullwidth.php","meta":[],"_links":{"self":[{"href":"https:\/\/artzoomconnection.com\/mfsztuka\/wp-json\/wp\/v2\/pages\/1625"}],"collection":[{"href":"https:\/\/artzoomconnection.com\/mfsztuka\/wp-json\/wp\/v2\/pages"}],"about":[{"href":"https:\/\/artzoomconnection.com\/mfsztuka\/wp-json\/wp\/v2\/types\/page"}],"author":[{"embeddable":true,"href":"https:\/\/artzoomconnection.com\/mfsztuka\/wp-json\/wp\/v2\/users\/1"}],"replies":[{"embeddable":true,"href":"https:\/\/artzoomconnection.com\/mfsztuka\/wp-json\/wp\/v2\/comments?post=1625"}],"version-history":[{"count":21,"href":"https:\/\/artzoomconnection.com\/mfsztuka\/wp-json\/wp\/v2\/pages\/1625\/revisions"}],"predecessor-version":[{"id":2577,"href":"https:\/\/artzoomconnection.com\/mfsztuka\/wp-json\/wp\/v2\/pages\/1625\/revisions\/2577"}],"up":[{"embeddable":true,"href":"https:\/\/artzoomconnection.com\/mfsztuka\/wp-json\/wp\/v2\/pages\/1623"}],"wp:featuredmedia":[{"embeddable":true,"href":"https:\/\/artzoomconnection.com\/mfsztuka\/wp-json\/wp\/v2\/media\/2371"}],"wp:attachment":[{"href":"https:\/\/artzoomconnection.com\/mfsztuka\/wp-json\/wp\/v2\/media?parent=1625"}],"curies":[{"name":"wp","href":"https:\/\/api.w.org\/{rel}","templated":true}]}}