{"id":1644,"date":"2009-11-16T23:46:01","date_gmt":"2009-11-17T04:46:01","guid":{"rendered":"http:\/\/www.artzoom.org\/members\/wordpress\/?page_id=33"},"modified":"2026-03-24T08:40:04","modified_gmt":"2026-03-24T07:40:04","slug":"expositions","status":"publish","type":"page","link":"https:\/\/artzoomconnection.com\/mfsztuka\/expositions\/","title":{"rendered":"EXPOSITIONS"},"content":{"rendered":"<div class=\"two_fifth\">\n<h4>EN PERMANENCE<\/h4>\n<p><em>liste non exhaustive<\/em><\/p>\n<p><strong>Atelier de l&rsquo;artiste<\/strong><br \/>\n(Sur rendez-vous seulement)<br \/>\nLes Jardins d\u2019Elise<br \/>\n56, Avenue des Poilus<br \/>\n06140 Vence<br \/>\nFrance<br \/>\n<a title=\"mfsztuka@orange.fr\" href=\"mailto:mfsztuka@orange.fr\" target=\"_blank\" rel=\"noopener\">mfsztuka@orange.fr<\/a><\/p>\n<p><strong>Art Total Multim\u00e9dia<\/strong><br \/>\nC.P. 75161 Succursale Cap-Rouge<br \/>\nQu\u00e9bec (Qu\u00e9bec)<br \/>\nG1Y 3C7 Canada<br \/>\n<a title=\"info@arttotalmultimedia.com\" href=\"mailto:info@arttotalmultimedia.com\" target=\"_blank\" rel=\"noopener\">info@arttotalmultimedia.com<\/a><\/p>\n<p><strong>Artoth\u00e8que de Vence<\/strong><br \/>\n<a href=\"http:\/\/www.artothequedevence.org\" target=\"_blank\" rel=\"noopener\">www.artothequedevence.org<\/a><\/div>\n<div class=\"three_fifth last\">\n<h4>EN COURS ET \u00c0 VENIR<\/h4>\n<h5>2026<\/h5>\n<p><strong>Du 16 mars au 12 avril 2026:<\/strong> Lumi\u00e8res du monde, exposition collective avec Marie-Fran\u00e7oise Sztuka &#8211; avec ARTO, le Cercles des artistes Ven\u00e7ois &#8211; Galerie du Tilleul, 4 Place de l\u2019\u00c9v\u00each\u00e9, Vence (France) &#8211; <strong>vernissage: le jeudi 19 mars \u00e0 partir de 17h. <\/strong><\/p>\n<p><strong> Du 24 mars au 2 avril 2026 et du 3 avril au 12 avril 2026: <\/strong>  Avec Marie-Fran\u00e7oise Sztuka &#8211; \u00c9nergies de l\u2019ArtoCercle des Artistes Ven\u00e7ois, 22 artistes plasticiens, deux expositions collectives, \u00e0 la Chapelle des P\u00e9nitents blancs, 1 av. Henri Isnard \u00e0 Vence (France) &#8211; <strong> Vernissages: le samedi 28 mars et le samedi 4 avril \u00e0 12h00 &#8211; Heures: tous les jours de 10h \u00e0 18h <\/strong> <\/p>\n<div class=\"divider_line\"><\/div>\n<h4>EXPOSITIONS PASS\u00c9ES<\/h4>\n<h5>Liste non exhaustive<\/h5>\n<h5>EN FRANCE<\/h5>\n<p><strong>2026: <\/strong>\u00c9nergies de l\u2019ArtoCercle des Artistes Ven\u00e7ois, 22 artistes plasticiens, deux expositions collectives, \u00e0 la Chapelle des P\u00e9nitents blancs, 1 av. Henri Isnard \u00e0 Vence (France)<br \/>\n<strong>2026:<\/strong> Lumi\u00e8res du monde, exposition collective avec Marie-Fran\u00e7oise Sztuka &#8211; avec ARTO, le Cercles des artistes Ven\u00e7ois &#8211; Galerie du Tilleul, 4 Place de l\u2019\u00c9v\u00each\u00e9, Vence (France)<br \/>\n<strong>2025: <\/strong> Symphonie d\u2019automne &#8211; Galerie duTilleul, Cit\u00e9 historique, 4 Place de l\u2019\u00c9v\u00each\u00e9, Vence (France)<br \/>\n<strong>2025:<\/strong> Invitation aux voyages &#8211; exposition collective &#8211; Galerie du Tilleul, cit\u00e9 historique, 4 Place de l\u2019\u00c9v\u00each\u00e9 \u00e0 Vence (France)<br \/>\n<strong>2025:<\/strong> \u00c9clats de couleurs &#8211; Avec Marie-Fran\u00e7oise Sztuka et VICA &#8211; Galerie du Tilleul, cit\u00e9 historique, 4 Place de l\u2019\u00c9v\u00each\u00e9 \u00e0 Vence (France)<br \/>\n<strong>2025:<\/strong> Ombres et lumi\u00e8res, Galerie du Tilleul, cit\u00e9 historique, 4 Place de l\u2019\u00c9v\u00each\u00e9 \u00e0 Vence (France)<br \/>\n<strong>2024:<\/strong> Exposition avec Artocercle &#8211; Galerie du Tilleul, 4 place de l&rsquo;\u00c9v\u00each\u00e9 \u00e0 Vence (France)<br \/>\n<strong>2023:<\/strong> Trio de femmes &#8211; Galerie du Tilleul, 4 place de l&rsquo;\u00c9v\u00each\u00e9 \u00e0 Vence (France)<br \/>\n<strong>2022:<\/strong> Galerie Bleue, 3 Descente des Moulin, Vence (France)<br \/>\n<strong>2022:<\/strong> Jardin de Joie \/ Garden of Joy &#8211; Mus\u00e9e d\u2019art contemporain VR 3D (MACVR3D), Place Darche, 54400 Longwy (France)<br \/>\n<strong> 2021\/2022: <\/strong> Exposition 20\/20 &#8211; Vence Culture Galerie Bleue, 3 Descente des Moulins, 06140 Vence (France)<br \/>\n<strong>2021: <\/strong> Internation\u2019ART 2021 &#8211; exposition internationale annuelle &#8211; Mus\u00e9e d\u2019art contemporain VR 3D (MACVR3D), Place Darche, 54400 Longwy (France)<br \/>\n<strong>2019:<\/strong> d\u00e9monstration artistique \u00e0 l&rsquo;espace culturel LECLERC, place du Grand Jardin, Vence (France)<br \/>\n<strong>2019:<\/strong> Artoth\u00e8que de Vence, dans les locaux du Cr\u00e9dit Mutuel de Vence, 14 avenue de la R\u00e9sistance, Vence (France)<br \/>\n<strong>2018:<\/strong> R\u00eaves ou abstractions &#8211; Cercle des artistes de Saint-Paul-de-Vence \u00e0 la Vieille Forge, Place du Tilleul, Saint-Paul-de-Vence (France)<br \/>\n<strong>2018:<\/strong> Chapelle Sainte-Bernadette-de-Vence, avec le groupe Artoth\u00e8que (France)<br \/>\n<strong>2018:<\/strong> L&rsquo;Artoth\u00e8que de Vence expose au Cr\u00e9dit Mutuel de Vence, 14 avenue de la R\u00e9sistance, Vence (France)<br \/>\n<strong>2017:<\/strong> L&rsquo;Artoth\u00e8que de Vence au Festival d&rsquo;automne ART et TOLERANCE &#8211; anciens locaux du Syndicat d&rsquo;Initiative, Place du Grand Jardin \u00e0 Vence (France)<br \/>\n<strong>2017:<\/strong> Exposition Mobilier revisit\u00e9, Cercle des Artises-La Vieille Forge, Place du Tilleur, Saint-Paul-de-Vence (France)<br \/>\n<strong>2017:<\/strong> Cultiv&rsquo; ton Art \u00e0 Grand Failly (France)<br \/>\n<strong>2016:<\/strong> Exposition au profit de la Ligue contre le cancer CD54 pour financer L&rsquo;H\u00f4tel-Dieu de Mont-Saint-Martin, Salle Polyvalente, Villers-la-Montagne (France)<br \/>\n<strong>2016:<\/strong> Espace culturel LECLERC, Place du Grand Jardin \u00e0 VENCE (France)<br \/>\n<strong>2015:<\/strong> R\u00e9gence Caf\u00e9, Place du Grand Jardin, Vence (France)<br \/>\n<strong>2014:<\/strong> Exposition Les Estivales au Puits de si\u00e8ge \u00e0 Longwy (54 France)<br \/>\n<strong>2014:<\/strong> Exposition \u00e0 l\u2019espace culturel Leclerc \u00e0 Vence (06 France)<br \/>\n<strong>2014:<\/strong> Exposition \u00e0 Vence Cultures Galerie Bleue (06 France)<br \/>\n<strong>2014:<\/strong> Exposition \u00e0 Errouville (54 France)<br \/>\n<strong>2012:<\/strong> Exposition \u00e0 l\u2019espace culturel Leclerc \u00e0 Vence (06 France)<br \/>\n<strong>2012:<\/strong> Les Estivales au Puits de si\u00e8ge \u00e0 Longwy (54 France)<br \/>\n<strong>2012:<\/strong> Exposition \u00e0 Regard d\u2019Artistes \u00e0 Villers\u00ad la Montagne (54 France)<br \/>\n<strong>2011:<\/strong> Exposition \u00e0 l\u2019espace culturel Leclerc \u00e0 Vence (06 France)<br \/>\n<strong>2011:<\/strong> Exposition au lavoir municipal de Mougins (06 France)<br \/>\n<strong>2010:<\/strong> Exposition au Puits de Si\u00e8ge \u00e0 l\u2019Office du Tourisme de Longwy<br \/>\n<strong>2010:<\/strong> Exposition au Mus\u00e9e de la Bi\u00e8re \u00e0 Stenay, organis\u00e9e par l\u2019Association du Groupement Arch\u00e9ologique de Stenay, en partenariat avec la Conservation D\u00e9partementale des Mus\u00e9es de la Meuse<br \/>\n<strong>2009:<\/strong> Exposition avec l\u2019association des m\u00e9decins peintres &#8211; Exposition \u00e0 l&rsquo;Universit\u00e9 Paris Descartes, boulevard St-Germain, Paris 6\u00e8me (France)<br \/>\n<strong>2008:<\/strong> Animation atelier, Galerie Art Zoom, Place Leclerc, Longwy-Bas (France)<br \/>\n<strong>2008:<\/strong> Animation atelier \u00e0 Villers la Montagne (France)<br \/>\n<strong>2008:<\/strong> Les Estivales de l\u2019Art de Longlaville avec Bernard Hild, Chantal Brunelle et Chantal Gu\u00e9ry, Parc Duclos, Longlaville (France)<br \/>\n<strong>2008:<\/strong> Exposition au Puits de Si\u00e8ge, Longwy-Haut (France)<br \/>\n<strong>2007:<\/strong> Salon international d\u2019art contemporain d\u2019Art Zoom, les Artzoomades, Banque de France, Longwy-Bas (France)<br \/>\n<strong>2007:<\/strong> Exposition artisanat d\u2019art, Hussigny (France)<br \/>\n<strong>2007:<\/strong> Rendez-vous artistique du Puits de Si\u00e8ge, Longwy-Haut (France)<br \/>\n<strong>2007:<\/strong> Les Estivales de l\u2019art de Longlaville, Longlaville (France)<br \/>\n<strong>2007:<\/strong> SM\u2019ART, Salon m\u00e9diterran\u00e9en d\u2019art contemporain et d\u2019art abstrait, \u00e9dition Martigues (France)<br \/>\n<strong>2007:<\/strong> SM\u2019ART, Salon m\u00e9diterran\u00e9en d\u2019art contemporain et d\u2019art abstrait, \u00e9dition Aix-en-Provence (France)<br \/>\n<strong>2007:<\/strong> Le printemps est l\u2019Art Zoom, Banque de France, Longwy (France)<br \/>\n<strong>2007:<\/strong> Port de plaisance de Stenay (France)<br \/>\n<strong>2006:<\/strong> L\u2019art en vitrine, Villerupt et Longwy (France)<br \/>\n<strong>2006:<\/strong> Exposition au Puits de Si\u00e8ge, syndicat d\u2019initiative de Longwy-Haut (France)<br \/>\n<strong>2006:<\/strong> Les Estivales de l\u2019Art de Longlaville (France)<br \/>\n<strong>2006:<\/strong> Mairie de Villerupt (Carnaval v\u00e9nitien) &#8211; (France)<br \/>\n<strong>2006:<\/strong> Le salon international d\u2019art contemporain d\u2019Art Zoom, les Artzoomades, Longlaville (France)<br \/>\n<strong>2005:<\/strong> Remiremont, 10\u00e8me anniversaire du carnaval v\u00e9nitien (France)<br \/>\n<strong>2005:<\/strong> Vence, exposition au restaurant Le Pigeonnier (France)<br \/>\n<strong>2005:<\/strong> Montigny les Metz: 7\u00e8me biennale des arts plastiques (France)<br \/>\n<strong>2005:<\/strong> Galerie \u00ab\u00c9clat de verre\u00bb, Nancy (France)<br \/>\n<strong>2004:<\/strong> Journ\u00e9e des jardins, Cons-la-Grandville (France)<br \/>\n<strong>2004:<\/strong> Exposition dans les locaux de la Fa\u00efencerie et Cristal de France, Longwy (France)<br \/>\n<strong>2004:<\/strong> M\u00e9diath\u00e8que, Laxou (France)<br \/>\n<strong>2004:<\/strong> Exposition \u00e0 la Facult\u00e9 de m\u00e9decine, Nancy (France)<br \/>\n<strong>2003:<\/strong> Remiremont, 9\u00e8me anniversaire du carnaval v\u00e9nitien (France)<br \/>\n<strong>2003:<\/strong> Exposition dans les locaux de la Fa\u00efencerie et Cristal de France, Longwy (France)<br \/>\n<strong>2003:<\/strong> La Grange aux Arts, Longwy (France)<br \/>\n<strong>2003:<\/strong> Exposition au Centre Alexis Vautrin, Nancy (France)<br \/>\n<strong>2002:<\/strong> Salon des arts plastiques au Casino, Thionville (France)<br \/>\n<strong>2002:<\/strong> La Grange aux Arts, Longwy (France)<br \/>\n<strong>2002: <\/strong>Le Puits de Si\u00e8ge, syndicat d\u2019initiative de Longwy-Haut (France)<br \/>\n<strong>2002:<\/strong> Stand sur la foire d\u2019exposition sur le th\u00e8me de Venise, Metz (France)<br \/>\n<strong>2001:<\/strong> Exposition du groupe artistique vosgien, Saint-Di\u00e9 (France)<br \/>\n<strong>2001:<\/strong> Salon d\u2019automne de la peinture, Pouilly (France)<br \/>\n<strong>2001:<\/strong> Exposition \u00e0 l\u2019H\u00f4pital Maillot, Briey (France)<br \/>\n<strong>En 2000:<\/strong> Dans l\u2019\u00e9glise d\u2019un petit village de Lorraine \u00e0 Beuveille, elle pr\u00e9sente sa premi\u00e8re exposition individuelle sur le th\u00e8me de Venise et son carnaval.<\/p>\n<h5>AU CANADA<\/h5>\n<p><strong>2021:<\/strong> D\u00e9fi 15 dessins 15 semaines &#8211; HEART, Au Coeur de l\u2019art, magazine des arts &#8211; <a href=\"https:\/\/magazinedesarts.com\/defi-15-dessins-15-semaines\/\" target=\"_blank\" rel=\"noopener\">galerie d\u2019images visible en ligne<\/a><br \/>\n<strong>2012:<\/strong> Zoom sur l\u2019art, galerie d\u2019art Vigneault \u00e0 Repentigny (Canada) du 1<sup>er<\/sup> au 30 septembre<br \/>\n<strong>2011:<\/strong> Exposition \u00e0 l\u2019Internation\u2019Art \u00e0 Roberval (Canada)<br \/>\n<strong>2010: <\/strong>Participation \u00e0 la Mosa\u00efque Internationale d\u2019 Artzoom \u00e0 Qu\u00e9bec (Canada)<br \/>\n<strong>2010: <\/strong>Grande Exposition Internationale d\u2019Artzoom, L\u2019espace contemporain galerie d\u2019art, 313 rue Saint-Jean, Qu\u00e9bec (Qu\u00e9bec-Canada)<br \/>\n<strong>2009:<\/strong> La Grande Exposition Internationale d&rsquo;Art Zoom, L&rsquo;espace contemporain galerie d&rsquo;art, 313 rue Saint-Jean, Qu\u00e9bec (Qu\u00e9bec-Canada)<\/p>\n<h5>EN BELGIQUE<\/h5>\n<p><strong>2015:<\/strong> XY &amp; CO &#8211; Galerie Soleil \u00e0 Virton (Belgique)<br \/>\n<strong>2012:<\/strong> Exposition personnelle \u00e0 la Galerie Soleil de Virton (Belgique)<br \/>\n<strong>2011:<\/strong> Exposition \u00e0 Libr\u2019 Art \u00e0 Libramont (Belgique)<br \/>\n<strong>2009:<\/strong> Galerie Soleil, Virton (Belgique) \u00ab\u00a0Abstractions\u00a0\u00bb Marie-Fran\u00e7oise Sztuka expose avec Emmanuel Sztuka \u00e0 la Galerie Soleil, 2b rue des Grasses Oies, Virton (Belgique)<br \/>\n<strong>2006:<\/strong> Salon international d\u2019art contemporain de Libramont, Libramont (Belgique)<br \/>\n<strong>2007:<\/strong> Exposition personnelle \u00e0 la Galerie Soleil, syndicat d\u2019initiative, Virton (Belgique)<br \/>\n<strong>2004:<\/strong> Stabul\u2019Art, \u00c9talle (Belgique)<br \/>\n<strong>2004:<\/strong> Galerie \u00abSoleil\u00bb, syndicat d\u2019initiative, Virton (Belgique)<\/p>\n<h5>AU LUXEMBOURG<\/h5>\n<p><strong>2009:<\/strong> Exposition personnelle \u00e0 L&rsquo;Annex, 9 All\u00e9e Scheffer &#8211; Limpertsberg, Luxembourg-Ville (Grand-Duch\u00e9 du Luxembourg)<br \/>\n<strong>2007:<\/strong> Exposition personnelle au \u00abReplay\u00bb, 29 Place de Paris, Luxembourg (Grand- Duch\u00e9 du Luxembourg)<br \/>\n<strong>2004:<\/strong> Exposition au restaurant \u00abLa Villa\u00bb, (Luxembourg)<\/div>\n<div class=\"clearBoth\"><\/div>\n<div class=\"divider top\"><a href=\"#wrapper\" title=\"Back To Top\" rel=\"nofollow\">Top<\/a><\/div>\n","protected":false},"excerpt":{"rendered":"","protected":false},"author":1,"featured_media":2400,"parent":0,"menu_order":0,"comment_status":"closed","ping_status":"closed","template":"template_fullwidth.php","meta":[],"_links":{"self":[{"href":"https:\/\/artzoomconnection.com\/mfsztuka\/wp-json\/wp\/v2\/pages\/1644"}],"collection":[{"href":"https:\/\/artzoomconnection.com\/mfsztuka\/wp-json\/wp\/v2\/pages"}],"about":[{"href":"https:\/\/artzoomconnection.com\/mfsztuka\/wp-json\/wp\/v2\/types\/page"}],"author":[{"embeddable":true,"href":"https:\/\/artzoomconnection.com\/mfsztuka\/wp-json\/wp\/v2\/users\/1"}],"replies":[{"embeddable":true,"href":"https:\/\/artzoomconnection.com\/mfsztuka\/wp-json\/wp\/v2\/comments?post=1644"}],"version-history":[{"count":74,"href":"https:\/\/artzoomconnection.com\/mfsztuka\/wp-json\/wp\/v2\/pages\/1644\/revisions"}],"predecessor-version":[{"id":2674,"href":"https:\/\/artzoomconnection.com\/mfsztuka\/wp-json\/wp\/v2\/pages\/1644\/revisions\/2674"}],"wp:featuredmedia":[{"embeddable":true,"href":"https:\/\/artzoomconnection.com\/mfsztuka\/wp-json\/wp\/v2\/media\/2400"}],"wp:attachment":[{"href":"https:\/\/artzoomconnection.com\/mfsztuka\/wp-json\/wp\/v2\/media?parent=1644"}],"curies":[{"name":"wp","href":"https:\/\/api.w.org\/{rel}","templated":true}]}}