
{"id":1644,"date":"2009-11-16T23:46:01","date_gmt":"2009-11-17T04:46:01","guid":{"rendered":"http:\/\/www.artzoom.org\/members\/wordpress\/?page_id=33"},"modified":"2025-11-02T20:42:26","modified_gmt":"2025-11-02T19:42:26","slug":"expositions","status":"publish","type":"page","link":"https:\/\/artzoomconnection.com\/nathalielandry\/expositions\/","title":{"rendered":"EXPOSITIONS"},"content":{"rendered":"<div class=\"fusion-fullwidth fullwidth-box fusion-builder-row-1 fusion-flex-container nonhundred-percent-fullwidth non-hundred-percent-height-scrolling\" style=\"background-color: rgba(255,255,255,0);background-position: center center;background-repeat: no-repeat;border-width: 0px 0px 0px 0px;border-color:#eae9e9;border-style:solid;\" ><div class=\"fusion-builder-row fusion-row fusion-flex-align-items-flex-start\" style=\"max-width:1144px;margin-left: calc(-4% \/ 2 );margin-right: calc(-4% \/ 2 );\"><div class=\"fusion-layout-column fusion_builder_column fusion-builder-column-0 fusion_builder_column_1_3 1_3 fusion-flex-column\"><div class=\"fusion-column-wrapper fusion-flex-justify-content-flex-start fusion-content-layout-column\" style=\"background-position:left top;background-repeat:no-repeat;-webkit-background-size:cover;-moz-background-size:cover;-o-background-size:cover;background-size:cover;padding: 0px 0px 0px 0px;\"><div class=\"fusion-text fusion-text-1\"><h4><strong>EN PERMANENCE<\/strong><\/h4>\n<p><em>liste non exhaustive<\/em><\/p>\n<p><strong>Art Total Multim\u00e9dia<\/strong><br \/>\nC.P. 75161 Succursale Cap-Rouge<br \/>\nQu\u00e9bec (Qu\u00e9bec)<br \/>\nG1Y 3C7 Canada<br \/>\n<a title=\"info@arttotalmultimedia.com\" href=\"mailto:info@arttotalmultimedia.com\" target=\"_blank\" rel=\"noopener noreferrer\">info@arttotalmultimedia.com<\/a><\/p>\n<p><strong>Le Point Rouge<\/strong><br \/>\n171, Saint-Jean Baptiste<br \/>\nBeloeil (Qu\u00e9bec)<br \/>\nJ3G 2V5 Canada<br \/>\n1 (450) 262-0468<br \/>\n<a href=\"mailto:info@lepointrouge.ca\" target=\"_blank\" rel=\"noopener\">info@lepointrouge.ca<\/a><br \/>\n<a href=\"https:\/\/lepointrouge.ca\/artistes\/nathalie-landry\/\" target=\"_blank\" rel=\"noopener\">Voir le site<\/a><\/p>\n<p><strong>Gallea<\/strong><br \/>\n1186, rue Sherbrooke Ouest<br \/>\nMontr\u00e9al (Qu\u00e9bec)<br \/>\nH3A 1R6 Canada<br \/>\n1 (438) 771-4695<br \/>\n<a href=\"mailto:info@gallea.ca\" target=\"_blank\" rel=\"noopener\">info@gallea.ca<\/a><br \/>\n<a href=\"https:\/\/www.gallea.ca\/en\/artists\/n-landry\" target=\"_blank\" rel=\"noopener\">voir le site<\/a><\/p>\n<\/div><\/div><\/div><style type=\"text\/css\">.fusion-body .fusion-builder-column-0{width:33.333333333333% !important;margin-top : 0px;margin-bottom : 0px;}.fusion-builder-column-0 > .fusion-column-wrapper {padding-top : 0px !important;padding-right : 0px !important;margin-right : 3.84%;padding-bottom : 0px !important;padding-left : 0px !important;margin-left : 5.76%;}@media only screen and (max-width:1024px) {.fusion-body .fusion-builder-column-0{width:33.333333333333% !important;}.fusion-builder-column-0 > .fusion-column-wrapper {margin-right : 3.84%;margin-left : 5.76%;}}@media only screen and (max-width:640px) {.fusion-body .fusion-builder-column-0{width:100% !important;}.fusion-builder-column-0 > .fusion-column-wrapper {margin-right : 1.92%;margin-left : 1.92%;}}<\/style><div class=\"fusion-layout-column fusion_builder_column fusion-builder-column-1 fusion_builder_column_2_3 2_3 fusion-flex-column\"><div class=\"fusion-column-wrapper fusion-flex-justify-content-flex-start fusion-content-layout-column\" style=\"background-position:left top;background-repeat:no-repeat;-webkit-background-size:cover;-moz-background-size:cover;-o-background-size:cover;background-size:cover;padding: 0px 0px 0px 0px;\"><div class=\"fusion-text fusion-text-2\"><h4><strong>EN COURS ET \u00c0 VENIR<\/strong><\/h4>\n<h5>2026<\/h5>\n<p><strong>Du 26 janvier au 30 mars 2026:<\/strong> A l\u2019Espace nouveaut\u00e9 &#8211; Biblioth\u00e8que de Drummondville, 425 rue des Forges, Drummondville (Qu\u00e9bec-Canada)<\/p>\n<p><strong>Du 1er avril au 30 septembre 2026:<\/strong> Internation\u2019ART 2026, exposition internationale &#8211; Mus\u00e9e d\u2019art contemporain VR3D, Place Darche, 54400 Longwy <span style=\"color: #ff9900;\"><strong>(France)<\/strong><\/span><\/p>\n<p><strong>Du 1er mai au 31 octobre 2026:<\/strong> Salon D\u00e9couverte 2026 &#8211; Mus\u00e9e d\u2019art contemporain VR3D, Place Darche, 54400 Longwy <span style=\"color: #ff9900;\"><strong>(France)<\/strong><\/span> &#8211; commissaire: HeleneCaroline Fournier<\/p>\n<h5>2027<\/h5>\n<p><strong>Du 1er mai au 31 octobre 2027:<\/strong> Salon D\u00e9couverte 2027 &#8211; Mus\u00e9e d\u2019art contemporain VR3D, Place Darche, 54400 Longwy <span style=\"color: #ff9900;\"><strong>(France)<\/strong><\/span> &#8211; commissaire: HeleneCaroline Fournier<\/p>\n<hr \/>\n<h4><strong>EXPOSITIONS PASS\u00c9ES<\/strong><\/h4>\n<h5>Liste non exhaustive<\/h5>\n<h5><strong>EXPOSITIONS PERSONNELLES<\/strong><\/h5>\n<p><strong>2022: <\/strong>Performance live, peinture en direct, Galerie de Miss Rey, Chambly (Qu\u00e9bec-Canada)<strong><br \/>\n2022:<\/strong> Exposition personnelle G\u00e9n\u00e9ration Hippie, Galerie de Miss Rey, Chambly (Qu\u00e9bec-Canada)<br \/>\n<strong>2021:<\/strong> Exposition personnelle Fa\u00e7on d\u2019voir le Nord \u00e0 La Loge espace photo, Saint-Jean-sur-Richelieu (Qu\u00e9bec-Canada)<br \/>\n<strong>2021:<\/strong> Exposition personnelle Fa\u00e7on d\u2019voir, Galerie de Miss Rey, Chambly (Qu\u00e9bec-Canada)<br \/>\n<strong>2019:<\/strong> Exposition personnelle \u00e0 la Biblioth\u00e8que municipale d\u2019Acton Vale (Qu\u00e9bec-Canada)<br \/>\n<strong>2019:<\/strong> Exposition personnelle Le brun et ses humeurs, Galerie de Miss Rey, Chambly (Qu\u00e9bec-Canada)<\/p>\n<h5><strong>EXPOSITIONS COLLECTIVES<\/strong><\/h5>\n<p><strong>2025:<\/strong> Salon D\u00e9couverte 2025 &#8211; Mus\u00e9e d\u2019art contemporain VR 3D (MACVR3D), Place Darche, 54400 Longwy <span style=\"color: #ff6600;\">\u00a0<strong>(France)<\/strong><\/span><br \/>\n<strong>2024: <\/strong>Festival des arts visuels Salaberry-de-Valleyfield, 20 ieme \u00e9dition, Parc Delpha-Sauv\u00e9, 240 rue Victoria, Salaberry-de-Valleyfield (Qu\u00e9bec-Canada)<strong><br \/>\n2024: <\/strong>Audace &#8211; Lyst\u2019ART art et m\u00e9tier d\u2019art, Centre des loisirs Desjardins de Lyster, 2350 rue B\u00e9cancour, Lyster (Qu\u00e9bec-Canada)<strong><br \/>\n2024: <\/strong>Symposium Fondation H\u00e9l\u00e8ne Sentenne 9ieme \u00e9dition, Parc Andr\u00e9-J. Cot\u00e9, 112 boul. Marie-Victorin, Candiac (Qu\u00e9bec-Canada)<strong><br \/>\n2024: <\/strong>Expo comit\u00e9 des arts de Saint-Beno\u00eet, Centre culturel de Saint-Beno\u00eet, 9175 rue Dumouchel, Mirabel (Qu\u00e9bec-Canada)<strong><br \/>\n2023:<\/strong> Internation\u2019ART 2023 &#8211; Mus\u00e9e d\u2019art contemporain VR 3D (MACVR3D), Place Darche, 54400 Longwy <span style=\"color: #ff6600;\">\u00a0<strong>(France)<\/strong><\/span><br \/>\n<strong>2023:<\/strong> Symposium Lyst&rsquo;Art, Centre des loisirs Desjardins de Lyster &#8211; 2350, rue B\u00e9cancour, Lyster (Qu\u00e9bec-Canada)<br \/>\n<strong>2023:<\/strong> II\u00e8me Edition Symposium Fondation\u00a0H\u00e9l\u00e8ne-Sentenne. Parc Andr\u00e9-J-Cot\u00e9, 112 boulevard Marie Victorin, Candiac (Qu\u00e9bec-Canada)<br \/>\n<strong>2023:<\/strong> Expo comit\u00e9 des Art de Saint-Benoit &#8211; Centre culturel\u00a0Saint-Benoit, 9175 rue Dumouchel, Saint-Benoit Mirabel (Qu\u00e9bec-Canada)<br \/>\n<strong>2023:<\/strong> Exposition Arts visuels SADP Centre Jean-Guy\u00a0Cardinal 156, 3e Avenue, Sainte-Anne des Plaines (Qu\u00e9bec-Canada)<br \/>\n<strong>2022:<\/strong>\u00a0Art Battle, Galerie de Miss Rey, Chambly (Qu\u00e9bec-Canada)<br \/>\n<strong>2022:\u00a0<\/strong>Festi Sympo, au profit de la sant\u00e9 mentale, Domaine Le Pailleur, Ch\u00e2teauguay (Qu\u00e9bec-Canada)<br \/>\n<strong>2022:\u00a0<\/strong>Exposition collective Les couleurs de la libert\u00e9, Galerie MP Tresart, Durham Sud (Qu\u00e9bec-Canada)<br \/>\n<strong>2022:<\/strong> Symposium de Candiac pour la Fondation H\u00e9l\u00e8ne Senterre<br \/>\n<strong>2022:<\/strong> Croisement de vie, expos\u00e9e en ligne sur Gallea<br \/>\n<strong>2022:<\/strong> Croisement de vie, expos\u00e9e \u00e0 L\u2019Orbite, Montr\u00e9al (Qu\u00e9bec-Canada)<br \/>\n<strong>2022:<\/strong> Exposition collective Je suis, La Loge Espace photos, Saint-Jean-sur-Richelieu (Qu\u00e9bec-Canada)<br \/>\n<strong>2022:<\/strong> Exposition collective photo Ligne de vie, La Loge espace photo, Saint-Jean-sur-Richelieu (Qu\u00e9bec-Canada)<br \/>\n<strong>2022:<\/strong> Exposition collective Femm\u2019Art 2e \u00e9dition, La Loge espace photo, Saint-Jean-sur-Richelieu (Qu\u00e9bec-Canada)<br \/>\n<strong>2022:<\/strong> Oeuvres en vente \u00e0 la Boutique de La Loge espace photo, Saint-Jean-sur-Richelieu (Qu\u00e9bec-Canada)<br \/>\n<strong>2022:<\/strong> Oeuvres en vente \u00e0 la Boutique de la Galerie Le Point Rouge, Beloeil (Qu\u00e9bec-Canada)<br \/>\n<strong>2022:<\/strong> Choisie pour la collection meilleur de l\u2019abstrait en dessous de 500 $ par Gallea<br \/>\n<strong>2021:<\/strong> 3 oeuvres diptyques et triptyques choisies pour la Collection Gallea<br \/>\n<strong>2021:<\/strong> Exposition collective Galerie Art Platine, Montr\u00e9al (Qu\u00e9bec-Canada)<br \/>\n<strong>2021:<\/strong> Village de No\u00ebl de Miss Rey, Galerie de Miss Rey, Chambly (Qu\u00e9bec-Canada)<br \/>\n<strong>2021:<\/strong> Week-end Couleurs et Saveurs, Rosem\u00e8re, au profit des h\u00f4pitaux pour enfants<br \/>\n<strong>2021:<\/strong> Art Battle, Galerie de Miss Rey, Chambly (Qu\u00e9bec-Canada)<br \/>\n<strong>2021:<\/strong> Exposition collective Noir et Blanc, Galerie 1855, Saint-Hyacinthe (Qu\u00e9bec-Canada)<br \/>\n<strong>2021:<\/strong> Festi Sympo au Domaine Le Pailleur, Ch\u00e2teaugay, au profit de la Soci\u00e9t\u00e9 Alzheimer du Haut-Richelieu et du Suro\u00eet.<br \/>\n<strong>2021:<\/strong> B\u2019ART-B-QUE Prestation live, Devant FG Chocolatier, Chambly (Qu\u00e9bec-Canada)<br \/>\n<strong>2021:<\/strong> B\u2019ART-B-QUE Prestation live, Galerie de Miss Rey, Chambly (Qu\u00e9bec-Canada)<br \/>\n<strong>2021:<\/strong> Mains Libres, exposition de l\u2019AVQ en collaboration avec Gallea<br \/>\n<strong>2021:<\/strong> S\u00e9lectionn\u00e9e pour la Collection Best Abstract Under 500 $ par Gallea<br \/>\n<strong>2021:<\/strong> S\u00e9lectionn\u00e9e pour la Collection Chalet art painting par Gallea<br \/>\n<strong>2021:<\/strong> Project-exposition, Pulsart. Centre d\u2019art Diane-Dufresne, Repentigny (Qu\u00e9bec-Canada) &#8211; une oeuvre de l\u2019artiste est r\u00e9troprojet\u00e9e \u00e0 travers l\u2019imposante fenestration du Nouveau Th\u00e9\u00e2tre Alphonse-Desjardins, voisin du Centre d\u2019art Diane-Dufresne.<br \/>\n<strong>2020:<\/strong> Le village de No\u00ebl, Galerie de Miss Rey, Chambly (Qu\u00e9bec-Canada)<br \/>\n<strong>2020:<\/strong> Symposium de la c\u00e9l\u00e9bration, \u00c9rabli\u00e8re Bernard, Chambly (Qu\u00e9bec-Canada)<br \/>\n<strong>2020:<\/strong> Exposition collective \u00c7a va bien aller, Galerie de Miss Rey, Chambly (Qu\u00e9bec-Canada)<br \/>\n<strong>2020:<\/strong> Art Battle, exposition virtuelle, Galerie de Miss Rey, Chambly (Qu\u00e9bec-Canada), au profit du programme POSART de l\u2019organisme POSA Source des Monts<br \/>\n<strong>2020:<\/strong> enregistrement au registre des entreprises<br \/>\n<strong>2019:<\/strong> Exposition collective Orange, Galerie Lenoir, Montr\u00e9al (Qu\u00e9bec-Canada)<br \/>\n<strong>2019:<\/strong> Art Battle, Galerie de Miss Rey, Chambly (Qu\u00e9bec-Canada), au profit du programme POSART de l\u2019organisme POSA Source des Monts<\/p>\n<\/div><\/div><\/div><style type=\"text\/css\">.fusion-body .fusion-builder-column-1{width:66.666666666667% !important;margin-top : 0px;margin-bottom : 0px;}.fusion-builder-column-1 > .fusion-column-wrapper {padding-top : 0px !important;padding-right : 0px !important;margin-right : 2.88%;padding-bottom : 0px !important;padding-left : 0px !important;margin-left : 3.84%;}@media only screen and (max-width:1024px) {.fusion-body .fusion-builder-column-1{width:66.666666666667% !important;}.fusion-builder-column-1 > .fusion-column-wrapper {margin-right : 2.88%;margin-left : 3.84%;}}@media only screen and (max-width:640px) {.fusion-body .fusion-builder-column-1{width:100% !important;}.fusion-builder-column-1 > .fusion-column-wrapper {margin-right : 1.92%;margin-left : 1.92%;}}<\/style><\/div><style type=\"text\/css\">.fusion-body .fusion-flex-container.fusion-builder-row-1{ padding-top : 0px;margin-top : 0px;padding-right : 0px;padding-bottom : 0px;margin-bottom : 0px;padding-left : 0px;}<\/style><\/div>\n","protected":false},"excerpt":{"rendered":"","protected":false},"author":1,"featured_media":0,"parent":0,"menu_order":0,"comment_status":"open","ping_status":"open","template":"","meta":[],"_links":{"self":[{"href":"https:\/\/artzoomconnection.com\/nathalielandry\/wp-json\/wp\/v2\/pages\/1644"}],"collection":[{"href":"https:\/\/artzoomconnection.com\/nathalielandry\/wp-json\/wp\/v2\/pages"}],"about":[{"href":"https:\/\/artzoomconnection.com\/nathalielandry\/wp-json\/wp\/v2\/types\/page"}],"author":[{"embeddable":true,"href":"https:\/\/artzoomconnection.com\/nathalielandry\/wp-json\/wp\/v2\/users\/1"}],"replies":[{"embeddable":true,"href":"https:\/\/artzoomconnection.com\/nathalielandry\/wp-json\/wp\/v2\/comments?post=1644"}],"version-history":[{"count":90,"href":"https:\/\/artzoomconnection.com\/nathalielandry\/wp-json\/wp\/v2\/pages\/1644\/revisions"}],"predecessor-version":[{"id":3496,"href":"https:\/\/artzoomconnection.com\/nathalielandry\/wp-json\/wp\/v2\/pages\/1644\/revisions\/3496"}],"wp:attachment":[{"href":"https:\/\/artzoomconnection.com\/nathalielandry\/wp-json\/wp\/v2\/media?parent=1644"}],"curies":[{"name":"wp","href":"https:\/\/api.w.org\/{rel}","templated":true}]}}